{"id":2951,"date":"2021-11-19T00:51:10","date_gmt":"2021-11-18T23:51:10","guid":{"rendered":"https:\/\/www.edition-assemblage.de\/impressum\/"},"modified":"2025-08-04T10:58:03","modified_gmt":"2025-08-04T08:58:03","slug":"impressum","status":"publish","type":"page","link":"https:\/\/www.edition-assemblage.de\/en\/impressum\/","title":{"rendered":"Impressum"},"content":{"rendered":"\n<p><strong>Angaben gem\u00e4\u00df \u00a7 5 TMG<\/strong><\/p>\n\n\n\n<p>edition assemblage<br>assemblage e.V.<br>Rudolf-Diesel-Stra\u00dfe 37<br>D-48157 M\u00fcnster<\/p>\n\n\n\n<p>Steuernummer: 336\/5754\/5000<br>USt-ID-Nr.: DE273576819<br>Vereinsregister Nr. 5152, Amtsgericht M\u00fcnster<\/p>\n\n\n\n<p>Libri-Verkehrsnummer: 62617<\/p>\n\n\n\n<p>Vertreten durch:<br>Wilhelm Bischof<\/p>\n\n\n\n<p>Verantwortlich f\u00fcr den Inhalt nach \u00a7 55 Abs. 2 RstV:<\/p>\n\n\n\n<p>B\u00fcro: (0251) 39 556 221 (Mo. \u2013 Fr. 13 \u2013 16 Uhr)<br>E-Mail: info [at] edition-assemblage.de<\/p>\n\n\n\n<p>Carina B\u00fcker<br>edition assemblage<br>Postfach 27 46<br>D-48014 M\u00fcnster<\/p>\n\n\n\n<p>Hausanschrift:<br>assemblage e.V.<br>Rudolf-Diesel-Stra\u00dfe 37<br>48157 M\u00fcnster<\/p>\n\n\n\n<p><\/p>\n\n\n\n<h4 class=\"wp-block-heading\"><strong>Haftungsausschluss<\/strong><\/h4>\n\n\n\n<p><strong>Haftung f\u00fcr Inhalte<\/strong><\/p>\n\n\n\n<p>Die Inhalte unserer Seiten wurden mit gr\u00f6\u00dfter Sorgfalt erstellt. F\u00fcr die Richtigkeit, Vollst\u00e4ndigkeit und Aktualit\u00e4t der Inhalte k\u00f6nnen wir jedoch keine Gew\u00e4hr \u00fcbernehmen. Als Diensteanbieter sind wir gem\u00e4\u00df \u00a7 7 Abs.1 TMG f\u00fcr eigene Inhalte auf diesen Seiten nach den allgemeinen Gesetzen verantwortlich. Nach \u00a7\u00a7 8 bis 10 TMG sind wir als Diensteanbieter jedoch nicht verpflichtet, \u00fcbermittelte oder gespeicherte fremde Informationen zu \u00fcberwachen oder nach Umst\u00e4nden zu forschen, die auf eine rechtswidrige T\u00e4tigkeit hinweisen. Verpflichtungen zur Entfernung oder Sperrung der Nutzung von Informationen nach den allgemeinen Gesetzen bleiben hiervon unber\u00fchrt. Eine diesbez\u00fcgliche Haftung ist jedoch erst ab dem Zeitpunkt der Kenntnis einer konkreten Rechtsverletzung m\u00f6glich. Bei Bekanntwerden von entsprechenden Rechtsverletzungen werden wir diese Inhalte umgehend entfernen.<\/p>\n\n\n\n<p><strong>Haftung f\u00fcr Links<\/strong><\/p>\n\n\n\n<p>Unser Angebot enth\u00e4lt Links zu externen Webseiten Dritter, auf deren Inhalte wir keinen Einfluss haben. Deshalb k\u00f6nnen wir f\u00fcr diese fremden Inhalte auch keine Gew\u00e4hr \u00fcbernehmen. F\u00fcr die Inhalte der verlinkten Seiten ist stets der jeweilige Anbieter oder Betreiber der Seiten verantwortlich. Die verlinkten Seiten wurden zum Zeitpunkt der Verlinkung auf m\u00f6gliche Rechtsverst\u00f6\u00dfe \u00fcberpr\u00fcft. Rechtswidrige Inhalte waren zum Zeitpunkt der Verlinkung nicht erkennbar. Eine permanente inhaltliche Kontrolle der verlinkten Seiten ist jedoch ohne konkrete Anhaltspunkte einer Rechtsverletzung nicht zumutbar. Bei Bekanntwerden von Rechtsverletzungen werden wir derartige Links umgehend entfernen.<\/p>\n\n\n\n<p><strong>Urheberrecht<\/strong><\/p>\n\n\n\n<p>Die durch die Seitenbetreiber erstellten Inhalte und Werke auf diesen Seiten unterliegen dem deutschen Urheberrecht. Die Vervielf\u00e4ltigung, Bearbeitung, Verbreitung und jede Art der Verwertung au\u00dferhalb der Grenzen des Urheberrechtes bed\u00fcrfen der schriftlichen Zustimmung des jeweiligen Autors bzw. Erstellers. Downloads und Kopien dieser Seite sind nur f\u00fcr den privaten, nicht kommerziellen Gebrauch gestattet. Soweit die Inhalte auf dieser Seite nicht vom Betreiber erstellt wurden, werden die Urheberrechte Dritter beachtet. Insbesondere werden Inhalte Dritter als solche gekennzeichnet. Sollten Sie trotzdem auf eine Urheberrechtsverletzung aufmerksam werden, bitten wir um einen entsprechenden Hinweis. Bei Bekanntwerden von Rechtsverletzungen werden wir derartige Inhalte umgehend entfernen.<\/p>\n\n\n\n<p>Wir behalten uns die Nutzung s\u00e4mtlicher Inhalte dieser Webseite unter der <a href=\"https:\/\/www.edition-assemblage.de\/en\/\">https:\/\/www.edition-assemblage.de<\/a> und s\u00e4mtlicher Unterseiten und Unterverzeichnisse f\u00fcr Text- und Data Mining im Sinne von \u00a7 44b UrhG vor.<\/p>\n","protected":false},"excerpt":{"rendered":"<p>Angaben gem\u00e4\u00df \u00a7 5 TMG edition assemblageassemblage e.V.Rudolf-Diesel-Stra\u00dfe 37D-48157 M\u00fcnster Steuernummer: 336\/5754\/5000USt-ID-Nr.: DE273576819Vereinsregister Nr. 5152, Amtsgericht M\u00fcnster Libri-Verkehrsnummer: 62617 Vertreten durch:Wilhelm Bischof Verantwortlich f\u00fcr den Inhalt nach \u00a7 55 Abs. 2 RstV: B\u00fcro: (0251) 39 556 221 (Mo. \u2013 Fr. 13 \u2013 16 Uhr)E-Mail: info [at] edition-assemblage.de Carina B\u00fckeredition assemblagePostfach 27 46D-48014 M\u00fcnster Hausanschrift:assemblage e.V.Rudolf-Diesel-Stra\u00dfe&hellip; <a class=\"more-link\" href=\"https:\/\/www.edition-assemblage.de\/en\/impressum\/\">Continue reading <span class=\"screen-reader-text\">Impressum<\/span><\/a><\/p>\n","protected":false},"author":1,"featured_media":0,"parent":0,"menu_order":0,"comment_status":"closed","ping_status":"closed","template":"","meta":{"footnotes":""},"class_list":["post-2951","page","type-page","status-publish","hentry","entry"],"yoast_head":"<!-- This site is optimized with the Yoast SEO plugin v26.7 - https:\/\/yoast.com\/wordpress\/plugins\/seo\/ -->\n<title>Impressum &#8211; edition assemblage<\/title>\n<meta name=\"robots\" content=\"index, follow, max-snippet:-1, max-image-preview:large, max-video-preview:-1\" \/>\n<link rel=\"canonical\" href=\"https:\/\/www.edition-assemblage.de\/en\/impressum\/\" \/>\n<meta property=\"og:locale\" content=\"en_US\" \/>\n<meta property=\"og:type\" content=\"article\" \/>\n<meta property=\"og:title\" content=\"Impressum &#8211; edition assemblage\" \/>\n<meta property=\"og:description\" content=\"Angaben gem\u00e4\u00df \u00a7 5 TMG edition assemblageassemblage e.V.Rudolf-Diesel-Stra\u00dfe 37D-48157 M\u00fcnster Steuernummer: 336\/5754\/5000USt-ID-Nr.: DE273576819Vereinsregister Nr. 5152, Amtsgericht M\u00fcnster Libri-Verkehrsnummer: 62617 Vertreten durch:Wilhelm Bischof Verantwortlich f\u00fcr den Inhalt nach \u00a7 55 Abs. 2 RstV: B\u00fcro: (0251) 39 556 221 (Mo. \u2013 Fr. 13 \u2013 16 Uhr)E-Mail: info [at] edition-assemblage.de Carina B\u00fckeredition assemblagePostfach 27 46D-48014 M\u00fcnster Hausanschrift:assemblage e.V.Rudolf-Diesel-Stra\u00dfe&hellip; Continue reading Impressum\" \/>\n<meta property=\"og:url\" content=\"https:\/\/www.edition-assemblage.de\/en\/impressum\/\" \/>\n<meta property=\"og:site_name\" content=\"edition assemblage\" \/>\n<meta property=\"article:publisher\" content=\"https:\/\/www.facebook.com\/editionassemblage\" \/>\n<meta property=\"article:modified_time\" content=\"2025-08-04T08:58:03+00:00\" \/>\n<meta name=\"twitter:card\" content=\"summary_large_image\" \/>\n<meta name=\"twitter:site\" content=\"@assemblage_news\" \/>\n<script type=\"application\/ld+json\" class=\"yoast-schema-graph\">{\"@context\":\"https:\/\/schema.org\",\"@graph\":[{\"@type\":\"WebPage\",\"@id\":\"https:\/\/www.edition-assemblage.de\/en\/impressum\/\",\"url\":\"https:\/\/www.edition-assemblage.de\/en\/impressum\/\",\"name\":\"Impressum &#8211; edition assemblage\",\"isPartOf\":{\"@id\":\"https:\/\/www.edition-assemblage.de\/en\/#website\"},\"datePublished\":\"2021-11-18T23:51:10+00:00\",\"dateModified\":\"2025-08-04T08:58:03+00:00\",\"breadcrumb\":{\"@id\":\"https:\/\/www.edition-assemblage.de\/en\/impressum\/#breadcrumb\"},\"inLanguage\":\"en-US\",\"potentialAction\":[{\"@type\":\"ReadAction\",\"target\":[\"https:\/\/www.edition-assemblage.de\/en\/impressum\/\"]}]},{\"@type\":\"BreadcrumbList\",\"@id\":\"https:\/\/www.edition-assemblage.de\/en\/impressum\/#breadcrumb\",\"itemListElement\":[{\"@type\":\"ListItem\",\"position\":1,\"name\":\"Startseite\",\"item\":\"https:\/\/www.edition-assemblage.de\/en\/\"},{\"@type\":\"ListItem\",\"position\":2,\"name\":\"Impressum\"}]},{\"@type\":\"WebSite\",\"@id\":\"https:\/\/www.edition-assemblage.de\/en\/#website\",\"url\":\"https:\/\/www.edition-assemblage.de\/en\/\",\"name\":\"edition assemblage\",\"description\":\"Verlagskollektiv und gesellschaftskritisches, linkes, politisches und publizistisches Netzwerk.\",\"publisher\":{\"@id\":\"https:\/\/www.edition-assemblage.de\/en\/#organization\"},\"potentialAction\":[{\"@type\":\"SearchAction\",\"target\":{\"@type\":\"EntryPoint\",\"urlTemplate\":\"https:\/\/www.edition-assemblage.de\/en\/?s={search_term_string}\"},\"query-input\":{\"@type\":\"PropertyValueSpecification\",\"valueRequired\":true,\"valueName\":\"search_term_string\"}}],\"inLanguage\":\"en-US\"},{\"@type\":\"Organization\",\"@id\":\"https:\/\/www.edition-assemblage.de\/en\/#organization\",\"name\":\"edition assemblage\",\"url\":\"https:\/\/www.edition-assemblage.de\/en\/\",\"logo\":{\"@type\":\"ImageObject\",\"inLanguage\":\"en-US\",\"@id\":\"https:\/\/www.edition-assemblage.de\/en\/#\/schema\/logo\/image\/\",\"url\":\"https:\/\/www.edition-assemblage.de\/wp-content\/uploads\/Logo_2022_3.png\",\"contentUrl\":\"https:\/\/www.edition-assemblage.de\/wp-content\/uploads\/Logo_2022_3.png\",\"width\":1161,\"height\":618,\"caption\":\"edition assemblage\"},\"image\":{\"@id\":\"https:\/\/www.edition-assemblage.de\/en\/#\/schema\/logo\/image\/\"},\"sameAs\":[\"https:\/\/www.facebook.com\/editionassemblage\",\"https:\/\/x.com\/assemblage_news\",\"https:\/\/www.instagram.com\/edition_assemblage\"]}]}<\/script>\n<!-- \/ Yoast SEO plugin. -->","yoast_head_json":{"title":"Impressum &#8211; edition assemblage","robots":{"index":"index","follow":"follow","max-snippet":"max-snippet:-1","max-image-preview":"max-image-preview:large","max-video-preview":"max-video-preview:-1"},"canonical":"https:\/\/www.edition-assemblage.de\/en\/impressum\/","og_locale":"en_US","og_type":"article","og_title":"Impressum &#8211; edition assemblage","og_description":"Angaben gem\u00e4\u00df \u00a7 5 TMG edition assemblageassemblage e.V.Rudolf-Diesel-Stra\u00dfe 37D-48157 M\u00fcnster Steuernummer: 336\/5754\/5000USt-ID-Nr.: DE273576819Vereinsregister Nr. 5152, Amtsgericht M\u00fcnster Libri-Verkehrsnummer: 62617 Vertreten durch:Wilhelm Bischof Verantwortlich f\u00fcr den Inhalt nach \u00a7 55 Abs. 2 RstV: B\u00fcro: (0251) 39 556 221 (Mo. \u2013 Fr. 13 \u2013 16 Uhr)E-Mail: info [at] edition-assemblage.de Carina B\u00fckeredition assemblagePostfach 27 46D-48014 M\u00fcnster Hausanschrift:assemblage e.V.Rudolf-Diesel-Stra\u00dfe&hellip; Continue reading Impressum","og_url":"https:\/\/www.edition-assemblage.de\/en\/impressum\/","og_site_name":"edition assemblage","article_publisher":"https:\/\/www.facebook.com\/editionassemblage","article_modified_time":"2025-08-04T08:58:03+00:00","twitter_card":"summary_large_image","twitter_site":"@assemblage_news","schema":{"@context":"https:\/\/schema.org","@graph":[{"@type":"WebPage","@id":"https:\/\/www.edition-assemblage.de\/en\/impressum\/","url":"https:\/\/www.edition-assemblage.de\/en\/impressum\/","name":"Impressum &#8211; edition assemblage","isPartOf":{"@id":"https:\/\/www.edition-assemblage.de\/en\/#website"},"datePublished":"2021-11-18T23:51:10+00:00","dateModified":"2025-08-04T08:58:03+00:00","breadcrumb":{"@id":"https:\/\/www.edition-assemblage.de\/en\/impressum\/#breadcrumb"},"inLanguage":"en-US","potentialAction":[{"@type":"ReadAction","target":["https:\/\/www.edition-assemblage.de\/en\/impressum\/"]}]},{"@type":"BreadcrumbList","@id":"https:\/\/www.edition-assemblage.de\/en\/impressum\/#breadcrumb","itemListElement":[{"@type":"ListItem","position":1,"name":"Startseite","item":"https:\/\/www.edition-assemblage.de\/en\/"},{"@type":"ListItem","position":2,"name":"Impressum"}]},{"@type":"WebSite","@id":"https:\/\/www.edition-assemblage.de\/en\/#website","url":"https:\/\/www.edition-assemblage.de\/en\/","name":"edition assemblage","description":"Verlagskollektiv und gesellschaftskritisches, linkes, politisches und publizistisches Netzwerk.","publisher":{"@id":"https:\/\/www.edition-assemblage.de\/en\/#organization"},"potentialAction":[{"@type":"SearchAction","target":{"@type":"EntryPoint","urlTemplate":"https:\/\/www.edition-assemblage.de\/en\/?s={search_term_string}"},"query-input":{"@type":"PropertyValueSpecification","valueRequired":true,"valueName":"search_term_string"}}],"inLanguage":"en-US"},{"@type":"Organization","@id":"https:\/\/www.edition-assemblage.de\/en\/#organization","name":"edition assemblage","url":"https:\/\/www.edition-assemblage.de\/en\/","logo":{"@type":"ImageObject","inLanguage":"en-US","@id":"https:\/\/www.edition-assemblage.de\/en\/#\/schema\/logo\/image\/","url":"https:\/\/www.edition-assemblage.de\/wp-content\/uploads\/Logo_2022_3.png","contentUrl":"https:\/\/www.edition-assemblage.de\/wp-content\/uploads\/Logo_2022_3.png","width":1161,"height":618,"caption":"edition assemblage"},"image":{"@id":"https:\/\/www.edition-assemblage.de\/en\/#\/schema\/logo\/image\/"},"sameAs":["https:\/\/www.facebook.com\/editionassemblage","https:\/\/x.com\/assemblage_news","https:\/\/www.instagram.com\/edition_assemblage"]}]}},"_links":{"self":[{"href":"https:\/\/www.edition-assemblage.de\/en\/wp-json\/wp\/v2\/pages\/2951","targetHints":{"allow":["GET"]}}],"collection":[{"href":"https:\/\/www.edition-assemblage.de\/en\/wp-json\/wp\/v2\/pages"}],"about":[{"href":"https:\/\/www.edition-assemblage.de\/en\/wp-json\/wp\/v2\/types\/page"}],"author":[{"embeddable":true,"href":"https:\/\/www.edition-assemblage.de\/en\/wp-json\/wp\/v2\/users\/1"}],"replies":[{"embeddable":true,"href":"https:\/\/www.edition-assemblage.de\/en\/wp-json\/wp\/v2\/comments?post=2951"}],"version-history":[{"count":3,"href":"https:\/\/www.edition-assemblage.de\/en\/wp-json\/wp\/v2\/pages\/2951\/revisions"}],"predecessor-version":[{"id":5728,"href":"https:\/\/www.edition-assemblage.de\/en\/wp-json\/wp\/v2\/pages\/2951\/revisions\/5728"}],"wp:attachment":[{"href":"https:\/\/www.edition-assemblage.de\/en\/wp-json\/wp\/v2\/media?parent=2951"}],"curies":[{"name":"wp","href":"https:\/\/api.w.org\/{rel}","templated":true}]}}