{"id":5796,"date":"2025-12-03T15:26:44","date_gmt":"2025-12-03T14:26:44","guid":{"rendered":"https:\/\/www.edition-assemblage.de\/?post_type=buch&#038;p=5796"},"modified":"2026-04-08T15:44:07","modified_gmt":"2026-04-08T13:44:07","slug":"mosaik-der-resilienzen","status":"publish","type":"buch","link":"https:\/\/www.edition-assemblage.de\/en\/buecher\/mosaik-der-resilienzen\/","title":{"rendered":"Mosaik der Resilienzen"},"template":"","schlagwort":[321,141,142,145,148,149,153,158,176,189,199,249,277,280,289],"class_list":["post-5796","buch","type-buch","status-publish","hentry","buchkategorie-neu","schlagwort-krisen","schlagwort-rassismus","schlagwort-empowerment","schlagwort-antirassismus","schlagwort-antiableismus","schlagwort-be_hinderung","schlagwort-trauma","schlagwort-betroffenenperspektive","schlagwort-gesundheit-und-krankheit","schlagwort-antisemitismus","schlagwort-therapie","schlagwort-ablelismus","schlagwort-resilienz","schlagwort-diskriminierung","schlagwort-diaspora","entry"],"yoast_head":"<!-- This site is optimized with the Yoast SEO plugin v26.7 - https:\/\/yoast.com\/wordpress\/plugins\/seo\/ -->\n<title>Mosaik der Resilienzen &#8211; edition assemblage<\/title>\n<meta name=\"description\" content=\"Kiana Ghaffarizad, Leyla Sehar-Madau\u00df (Ed.) - Zehn Menschen aus Berlin \u2013 zehn Lebensentw\u00fcrfe der Diaspora \u2013 zehn Gespr\u00e4che: \u00fcber psychische Krisen und Diagnosen; \u00fcber gesellschaftliche Diskriminierung und kapitalistische Zumutungen; \u00fcber das Ringen in einem Gesundheitssystem, das gepr\u00e4gt ist von kulturellen Normen und strukturellen Ausschl\u00fcssen \u2013 und \u00fcber Kraftquellen, Aktivismus und Widerstand. In Mosaik der Resilienzen verbinden sich pers\u00f6nliche Geschichten mit gesellschaftspolitischen Reflexionen \u00fcber psychische Belastungen, Lebensbr\u00fcche und Traumata. Was daraus erw\u00e4chst, sind Visionen einer Gesellschaft, in der mentales und k\u00f6rperliches Wohlbefinden nicht im Privaten bleibt, sondern kollektive Sorge wird. Zu Gespr\u00e4chsmontagen arrangiert, von Illustrationen begleitet und erg\u00e4nzt mit poetischen und aktivistischen Textfragmenten, entfalten sich die Stimmen der Erz\u00e4hler*innen zu einem mehrstimmigen, ver_r\u00fcckendem Nachdenken \u00fcber Mental Health, Resilienz, und \u00fcber M\u00f6glichkeiten von Selbstsorge jenseits neoliberaler Selbstoptimierung.\" \/>\n<meta name=\"robots\" content=\"index, follow, max-snippet:-1, max-image-preview:large, max-video-preview:-1\" \/>\n<link rel=\"canonical\" href=\"https:\/\/www.edition-assemblage.de\/en\/buecher\/mosaik-der-resilienzen\/\" \/>\n<meta property=\"og:locale\" content=\"en_US\" \/>\n<meta property=\"og:type\" content=\"article\" \/>\n<meta property=\"og:title\" content=\"Mosaik der Resilienzen &#8211; edition assemblage\" \/>\n<meta property=\"og:description\" content=\"Kiana Ghaffarizad, Leyla Sehar-Madau\u00df (Ed.) - Zehn Menschen aus Berlin \u2013 zehn Lebensentw\u00fcrfe der Diaspora \u2013 zehn Gespr\u00e4che: \u00fcber psychische Krisen und Diagnosen; \u00fcber gesellschaftliche Diskriminierung und kapitalistische Zumutungen; \u00fcber das Ringen in einem Gesundheitssystem, das gepr\u00e4gt ist von kulturellen Normen und strukturellen Ausschl\u00fcssen \u2013 und \u00fcber Kraftquellen, Aktivismus und Widerstand. In Mosaik der Resilienzen verbinden sich pers\u00f6nliche Geschichten mit gesellschaftspolitischen Reflexionen \u00fcber psychische Belastungen, Lebensbr\u00fcche und Traumata. Was daraus erw\u00e4chst, sind Visionen einer Gesellschaft, in der mentales und k\u00f6rperliches Wohlbefinden nicht im Privaten bleibt, sondern kollektive Sorge wird. Zu Gespr\u00e4chsmontagen arrangiert, von Illustrationen begleitet und erg\u00e4nzt mit poetischen und aktivistischen Textfragmenten, entfalten sich die Stimmen der Erz\u00e4hler*innen zu einem mehrstimmigen, ver_r\u00fcckendem Nachdenken \u00fcber Mental Health, Resilienz, und \u00fcber M\u00f6glichkeiten von Selbstsorge jenseits neoliberaler Selbstoptimierung.\" \/>\n<meta property=\"og:url\" content=\"https:\/\/www.edition-assemblage.de\/en\/buecher\/mosaik-der-resilienzen\/\" \/>\n<meta property=\"og:site_name\" content=\"edition assemblage\" \/>\n<meta property=\"article:publisher\" content=\"https:\/\/www.facebook.com\/editionassemblage\" \/>\n<meta property=\"article:modified_time\" content=\"2026-04-08T13:44:07+00:00\" \/>\n<meta name=\"twitter:card\" content=\"summary_large_image\" \/>\n<meta name=\"twitter:site\" content=\"@assemblage_news\" \/>\n<script type=\"application\/ld+json\" class=\"yoast-schema-graph\">{\"@context\":\"https:\/\/schema.org\",\"@graph\":[{\"@type\":\"WebPage\",\"@id\":\"https:\/\/www.edition-assemblage.de\/en\/buecher\/mosaik-der-resilienzen\/\",\"url\":\"https:\/\/www.edition-assemblage.de\/en\/buecher\/mosaik-der-resilienzen\/\",\"name\":\"Mosaik der Resilienzen &#8211; edition assemblage\",\"isPartOf\":{\"@id\":\"https:\/\/www.edition-assemblage.de\/en\/#website\"},\"datePublished\":\"2025-12-03T14:26:44+00:00\",\"dateModified\":\"2026-04-08T13:44:07+00:00\",\"description\":\"Kiana Ghaffarizad, Leyla Sehar-Madau\u00df (Ed.) - Zehn Menschen aus Berlin \u2013 zehn Lebensentw\u00fcrfe der Diaspora \u2013 zehn Gespr\u00e4che: \u00fcber psychische Krisen und Diagnosen; \u00fcber gesellschaftliche Diskriminierung und kapitalistische Zumutungen; \u00fcber das Ringen in einem Gesundheitssystem, das gepr\u00e4gt ist von kulturellen Normen und strukturellen Ausschl\u00fcssen \u2013 und \u00fcber Kraftquellen, Aktivismus und Widerstand. In Mosaik der Resilienzen verbinden sich pers\u00f6nliche Geschichten mit gesellschaftspolitischen Reflexionen \u00fcber psychische Belastungen, Lebensbr\u00fcche und Traumata. Was daraus erw\u00e4chst, sind Visionen einer Gesellschaft, in der mentales und k\u00f6rperliches Wohlbefinden nicht im Privaten bleibt, sondern kollektive Sorge wird. Zu Gespr\u00e4chsmontagen arrangiert, von Illustrationen begleitet und erg\u00e4nzt mit poetischen und aktivistischen Textfragmenten, entfalten sich die Stimmen der Erz\u00e4hler*innen zu einem mehrstimmigen, ver_r\u00fcckendem Nachdenken \u00fcber Mental Health, Resilienz, und \u00fcber M\u00f6glichkeiten von Selbstsorge jenseits neoliberaler Selbstoptimierung.\",\"breadcrumb\":{\"@id\":\"https:\/\/www.edition-assemblage.de\/en\/buecher\/mosaik-der-resilienzen\/#breadcrumb\"},\"inLanguage\":\"en-US\",\"potentialAction\":[{\"@type\":\"ReadAction\",\"target\":[\"https:\/\/www.edition-assemblage.de\/en\/buecher\/mosaik-der-resilienzen\/\"]}]},{\"@type\":\"BreadcrumbList\",\"@id\":\"https:\/\/www.edition-assemblage.de\/en\/buecher\/mosaik-der-resilienzen\/#breadcrumb\",\"itemListElement\":[{\"@type\":\"ListItem\",\"position\":1,\"name\":\"Startseite\",\"item\":\"https:\/\/www.edition-assemblage.de\/en\/\"},{\"@type\":\"ListItem\",\"position\":2,\"name\":\"B\u00fccher\",\"item\":\"https:\/\/www.edition-assemblage.de\/en\/books\/\"},{\"@type\":\"ListItem\",\"position\":3,\"name\":\"Mosaik der Resilienzen\"}]},{\"@type\":\"WebSite\",\"@id\":\"https:\/\/www.edition-assemblage.de\/en\/#website\",\"url\":\"https:\/\/www.edition-assemblage.de\/en\/\",\"name\":\"edition assemblage\",\"description\":\"Verlagskollektiv und gesellschaftskritisches, linkes, politisches und publizistisches Netzwerk.\",\"publisher\":{\"@id\":\"https:\/\/www.edition-assemblage.de\/en\/#organization\"},\"potentialAction\":[{\"@type\":\"SearchAction\",\"target\":{\"@type\":\"EntryPoint\",\"urlTemplate\":\"https:\/\/www.edition-assemblage.de\/en\/?s={search_term_string}\"},\"query-input\":{\"@type\":\"PropertyValueSpecification\",\"valueRequired\":true,\"valueName\":\"search_term_string\"}}],\"inLanguage\":\"en-US\"},{\"@type\":\"Organization\",\"@id\":\"https:\/\/www.edition-assemblage.de\/en\/#organization\",\"name\":\"edition assemblage\",\"url\":\"https:\/\/www.edition-assemblage.de\/en\/\",\"logo\":{\"@type\":\"ImageObject\",\"inLanguage\":\"en-US\",\"@id\":\"https:\/\/www.edition-assemblage.de\/en\/#\/schema\/logo\/image\/\",\"url\":\"https:\/\/www.edition-assemblage.de\/wp-content\/uploads\/Logo_2022_3.png\",\"contentUrl\":\"https:\/\/www.edition-assemblage.de\/wp-content\/uploads\/Logo_2022_3.png\",\"width\":1161,\"height\":618,\"caption\":\"edition assemblage\"},\"image\":{\"@id\":\"https:\/\/www.edition-assemblage.de\/en\/#\/schema\/logo\/image\/\"},\"sameAs\":[\"https:\/\/www.facebook.com\/editionassemblage\",\"https:\/\/x.com\/assemblage_news\",\"https:\/\/www.instagram.com\/edition_assemblage\"]}]}<\/script>\n<!-- \/ Yoast SEO plugin. -->","yoast_head_json":{"title":"Mosaik der Resilienzen &#8211; edition assemblage","description":"Kiana Ghaffarizad, Leyla Sehar-Madau\u00df (Ed.) - Zehn Menschen aus Berlin \u2013 zehn Lebensentw\u00fcrfe der Diaspora \u2013 zehn Gespr\u00e4che: \u00fcber psychische Krisen und Diagnosen; \u00fcber gesellschaftliche Diskriminierung und kapitalistische Zumutungen; \u00fcber das Ringen in einem Gesundheitssystem, das gepr\u00e4gt ist von kulturellen Normen und strukturellen Ausschl\u00fcssen \u2013 und \u00fcber Kraftquellen, Aktivismus und Widerstand. In Mosaik der Resilienzen verbinden sich pers\u00f6nliche Geschichten mit gesellschaftspolitischen Reflexionen \u00fcber psychische Belastungen, Lebensbr\u00fcche und Traumata. Was daraus erw\u00e4chst, sind Visionen einer Gesellschaft, in der mentales und k\u00f6rperliches Wohlbefinden nicht im Privaten bleibt, sondern kollektive Sorge wird. Zu Gespr\u00e4chsmontagen arrangiert, von Illustrationen begleitet und erg\u00e4nzt mit poetischen und aktivistischen Textfragmenten, entfalten sich die Stimmen der Erz\u00e4hler*innen zu einem mehrstimmigen, ver_r\u00fcckendem Nachdenken \u00fcber Mental Health, Resilienz, und \u00fcber M\u00f6glichkeiten von Selbstsorge jenseits neoliberaler Selbstoptimierung.","robots":{"index":"index","follow":"follow","max-snippet":"max-snippet:-1","max-image-preview":"max-image-preview:large","max-video-preview":"max-video-preview:-1"},"canonical":"https:\/\/www.edition-assemblage.de\/en\/buecher\/mosaik-der-resilienzen\/","og_locale":"en_US","og_type":"article","og_title":"Mosaik der Resilienzen &#8211; edition assemblage","og_description":"Kiana Ghaffarizad, Leyla Sehar-Madau\u00df (Ed.) - Zehn Menschen aus Berlin \u2013 zehn Lebensentw\u00fcrfe der Diaspora \u2013 zehn Gespr\u00e4che: \u00fcber psychische Krisen und Diagnosen; \u00fcber gesellschaftliche Diskriminierung und kapitalistische Zumutungen; \u00fcber das Ringen in einem Gesundheitssystem, das gepr\u00e4gt ist von kulturellen Normen und strukturellen Ausschl\u00fcssen \u2013 und \u00fcber Kraftquellen, Aktivismus und Widerstand. In Mosaik der Resilienzen verbinden sich pers\u00f6nliche Geschichten mit gesellschaftspolitischen Reflexionen \u00fcber psychische Belastungen, Lebensbr\u00fcche und Traumata. Was daraus erw\u00e4chst, sind Visionen einer Gesellschaft, in der mentales und k\u00f6rperliches Wohlbefinden nicht im Privaten bleibt, sondern kollektive Sorge wird. Zu Gespr\u00e4chsmontagen arrangiert, von Illustrationen begleitet und erg\u00e4nzt mit poetischen und aktivistischen Textfragmenten, entfalten sich die Stimmen der Erz\u00e4hler*innen zu einem mehrstimmigen, ver_r\u00fcckendem Nachdenken \u00fcber Mental Health, Resilienz, und \u00fcber M\u00f6glichkeiten von Selbstsorge jenseits neoliberaler Selbstoptimierung.","og_url":"https:\/\/www.edition-assemblage.de\/en\/buecher\/mosaik-der-resilienzen\/","og_site_name":"edition assemblage","article_publisher":"https:\/\/www.facebook.com\/editionassemblage","article_modified_time":"2026-04-08T13:44:07+00:00","twitter_card":"summary_large_image","twitter_site":"@assemblage_news","schema":{"@context":"https:\/\/schema.org","@graph":[{"@type":"WebPage","@id":"https:\/\/www.edition-assemblage.de\/en\/buecher\/mosaik-der-resilienzen\/","url":"https:\/\/www.edition-assemblage.de\/en\/buecher\/mosaik-der-resilienzen\/","name":"Mosaik der Resilienzen &#8211; edition assemblage","isPartOf":{"@id":"https:\/\/www.edition-assemblage.de\/en\/#website"},"datePublished":"2025-12-03T14:26:44+00:00","dateModified":"2026-04-08T13:44:07+00:00","description":"Kiana Ghaffarizad, Leyla Sehar-Madau\u00df (Ed.) - Zehn Menschen aus Berlin \u2013 zehn Lebensentw\u00fcrfe der Diaspora \u2013 zehn Gespr\u00e4che: \u00fcber psychische Krisen und Diagnosen; \u00fcber gesellschaftliche Diskriminierung und kapitalistische Zumutungen; \u00fcber das Ringen in einem Gesundheitssystem, das gepr\u00e4gt ist von kulturellen Normen und strukturellen Ausschl\u00fcssen \u2013 und \u00fcber Kraftquellen, Aktivismus und Widerstand. In Mosaik der Resilienzen verbinden sich pers\u00f6nliche Geschichten mit gesellschaftspolitischen Reflexionen \u00fcber psychische Belastungen, Lebensbr\u00fcche und Traumata. Was daraus erw\u00e4chst, sind Visionen einer Gesellschaft, in der mentales und k\u00f6rperliches Wohlbefinden nicht im Privaten bleibt, sondern kollektive Sorge wird. Zu Gespr\u00e4chsmontagen arrangiert, von Illustrationen begleitet und erg\u00e4nzt mit poetischen und aktivistischen Textfragmenten, entfalten sich die Stimmen der Erz\u00e4hler*innen zu einem mehrstimmigen, ver_r\u00fcckendem Nachdenken \u00fcber Mental Health, Resilienz, und \u00fcber M\u00f6glichkeiten von Selbstsorge jenseits neoliberaler Selbstoptimierung.","breadcrumb":{"@id":"https:\/\/www.edition-assemblage.de\/en\/buecher\/mosaik-der-resilienzen\/#breadcrumb"},"inLanguage":"en-US","potentialAction":[{"@type":"ReadAction","target":["https:\/\/www.edition-assemblage.de\/en\/buecher\/mosaik-der-resilienzen\/"]}]},{"@type":"BreadcrumbList","@id":"https:\/\/www.edition-assemblage.de\/en\/buecher\/mosaik-der-resilienzen\/#breadcrumb","itemListElement":[{"@type":"ListItem","position":1,"name":"Startseite","item":"https:\/\/www.edition-assemblage.de\/en\/"},{"@type":"ListItem","position":2,"name":"B\u00fccher","item":"https:\/\/www.edition-assemblage.de\/en\/books\/"},{"@type":"ListItem","position":3,"name":"Mosaik der Resilienzen"}]},{"@type":"WebSite","@id":"https:\/\/www.edition-assemblage.de\/en\/#website","url":"https:\/\/www.edition-assemblage.de\/en\/","name":"edition assemblage","description":"Verlagskollektiv und gesellschaftskritisches, linkes, politisches und publizistisches Netzwerk.","publisher":{"@id":"https:\/\/www.edition-assemblage.de\/en\/#organization"},"potentialAction":[{"@type":"SearchAction","target":{"@type":"EntryPoint","urlTemplate":"https:\/\/www.edition-assemblage.de\/en\/?s={search_term_string}"},"query-input":{"@type":"PropertyValueSpecification","valueRequired":true,"valueName":"search_term_string"}}],"inLanguage":"en-US"},{"@type":"Organization","@id":"https:\/\/www.edition-assemblage.de\/en\/#organization","name":"edition assemblage","url":"https:\/\/www.edition-assemblage.de\/en\/","logo":{"@type":"ImageObject","inLanguage":"en-US","@id":"https:\/\/www.edition-assemblage.de\/en\/#\/schema\/logo\/image\/","url":"https:\/\/www.edition-assemblage.de\/wp-content\/uploads\/Logo_2022_3.png","contentUrl":"https:\/\/www.edition-assemblage.de\/wp-content\/uploads\/Logo_2022_3.png","width":1161,"height":618,"caption":"edition assemblage"},"image":{"@id":"https:\/\/www.edition-assemblage.de\/en\/#\/schema\/logo\/image\/"},"sameAs":["https:\/\/www.facebook.com\/editionassemblage","https:\/\/x.com\/assemblage_news","https:\/\/www.instagram.com\/edition_assemblage"]}]}},"_links":{"self":[{"href":"https:\/\/www.edition-assemblage.de\/en\/wp-json\/wp\/v2\/buch\/5796","targetHints":{"allow":["GET"]}}],"collection":[{"href":"https:\/\/www.edition-assemblage.de\/en\/wp-json\/wp\/v2\/buch"}],"about":[{"href":"https:\/\/www.edition-assemblage.de\/en\/wp-json\/wp\/v2\/types\/buch"}],"wp:attachment":[{"href":"https:\/\/www.edition-assemblage.de\/en\/wp-json\/wp\/v2\/media?parent=5796"}],"wp:term":[{"taxonomy":"schlagwort","embeddable":true,"href":"https:\/\/www.edition-assemblage.de\/en\/wp-json\/wp\/v2\/schlagwort?post=5796"}],"curies":[{"name":"wp","href":"https:\/\/api.w.org\/{rel}","templated":true}]}}