{"id":4767,"date":"2023-05-04T12:15:18","date_gmt":"2023-05-04T10:15:18","guid":{"rendered":"https:\/\/www.edition-assemblage.de\/?post_type=buch&#038;p=4767"},"modified":"2025-10-06T08:56:01","modified_gmt":"2025-10-06T06:56:01","slug":"es-hat-sich-auserklaert","status":"publish","type":"buch","link":"https:\/\/www.edition-assemblage.de\/en\/buecher\/es-hat-sich-auserklaert\/","title":{"rendered":"Es hat sich auserkl\u00e4rt"},"template":"","schlagwort":[137,142,157,171,204],"class_list":["post-4767","buch","type-buch","status-publish","hentry","buchkategorie-belletristik","schlagwort-feminismus","schlagwort-empowerment","schlagwort-lyrik","schlagwort-post-migrantische-perspektive","schlagwort-postkolonial","entry"],"yoast_head":"<!-- This site is optimized with the Yoast SEO plugin v26.7 - https:\/\/yoast.com\/wordpress\/plugins\/seo\/ -->\n<title>Es hat sich auserkl\u00e4rt &#8211; edition assemblage<\/title>\n<meta name=\"description\" content=\"SchwarzRund - SchwarzRund verl\u00e4sst das Terrain der blumigen marginalisierten Rechtfertigungstexte. Poesie ist kein Luxus, dieser poetisch-erz\u00e4hlerische Dreiklang ist Widerstand. I. Einatmen \u2013 verhandelt Leben unter st\u00e4ndigem Erwartungsdruck, geschuldet der Hoffnung nur so etwas zu ver\u00e4ndern. II. Den Atem halten \u2013 spricht schonungslos davon wie sich Alltag zwischen Bottrop, NSU und Marginalisierung anf\u00fchlen. III. Ausatmen \u2013 Vom Mut trotzdem zu tanzen, zu lieben und zu k\u00e4mpfen. Worte, die queere, Schwarze Existenz exzessiv feiern, den Atem wieder flie\u00dfen lassen.\" \/>\n<meta name=\"robots\" content=\"index, follow, max-snippet:-1, max-image-preview:large, max-video-preview:-1\" \/>\n<link rel=\"canonical\" href=\"https:\/\/www.edition-assemblage.de\/en\/buecher\/es-hat-sich-auserklaert\/\" \/>\n<meta property=\"og:locale\" content=\"en_US\" \/>\n<meta property=\"og:type\" content=\"article\" \/>\n<meta property=\"og:title\" content=\"Es hat sich auserkl\u00e4rt &#8211; edition assemblage\" \/>\n<meta property=\"og:description\" content=\"SchwarzRund - SchwarzRund verl\u00e4sst das Terrain der blumigen marginalisierten Rechtfertigungstexte. Poesie ist kein Luxus, dieser poetisch-erz\u00e4hlerische Dreiklang ist Widerstand. I. Einatmen \u2013 verhandelt Leben unter st\u00e4ndigem Erwartungsdruck, geschuldet der Hoffnung nur so etwas zu ver\u00e4ndern. II. Den Atem halten \u2013 spricht schonungslos davon wie sich Alltag zwischen Bottrop, NSU und Marginalisierung anf\u00fchlen. III. Ausatmen \u2013 Vom Mut trotzdem zu tanzen, zu lieben und zu k\u00e4mpfen. Worte, die queere, Schwarze Existenz exzessiv feiern, den Atem wieder flie\u00dfen lassen.\" \/>\n<meta property=\"og:url\" content=\"https:\/\/www.edition-assemblage.de\/en\/buecher\/es-hat-sich-auserklaert\/\" \/>\n<meta property=\"og:site_name\" content=\"edition assemblage\" \/>\n<meta property=\"article:publisher\" content=\"https:\/\/www.facebook.com\/editionassemblage\" \/>\n<meta property=\"article:modified_time\" content=\"2025-10-06T06:56:01+00:00\" \/>\n<meta name=\"twitter:card\" content=\"summary_large_image\" \/>\n<meta name=\"twitter:site\" content=\"@assemblage_news\" \/>\n<script type=\"application\/ld+json\" class=\"yoast-schema-graph\">{\"@context\":\"https:\/\/schema.org\",\"@graph\":[{\"@type\":\"WebPage\",\"@id\":\"https:\/\/www.edition-assemblage.de\/en\/buecher\/es-hat-sich-auserklaert\/\",\"url\":\"https:\/\/www.edition-assemblage.de\/en\/buecher\/es-hat-sich-auserklaert\/\",\"name\":\"Es hat sich auserkl\u00e4rt &#8211; edition assemblage\",\"isPartOf\":{\"@id\":\"https:\/\/www.edition-assemblage.de\/en\/#website\"},\"datePublished\":\"2023-05-04T10:15:18+00:00\",\"dateModified\":\"2025-10-06T06:56:01+00:00\",\"description\":\"SchwarzRund - SchwarzRund verl\u00e4sst das Terrain der blumigen marginalisierten Rechtfertigungstexte. Poesie ist kein Luxus, dieser poetisch-erz\u00e4hlerische Dreiklang ist Widerstand. I. Einatmen \u2013 verhandelt Leben unter st\u00e4ndigem Erwartungsdruck, geschuldet der Hoffnung nur so etwas zu ver\u00e4ndern. II. Den Atem halten \u2013 spricht schonungslos davon wie sich Alltag zwischen Bottrop, NSU und Marginalisierung anf\u00fchlen. III. Ausatmen \u2013 Vom Mut trotzdem zu tanzen, zu lieben und zu k\u00e4mpfen. Worte, die queere, Schwarze Existenz exzessiv feiern, den Atem wieder flie\u00dfen lassen.\",\"breadcrumb\":{\"@id\":\"https:\/\/www.edition-assemblage.de\/en\/buecher\/es-hat-sich-auserklaert\/#breadcrumb\"},\"inLanguage\":\"en-US\",\"potentialAction\":[{\"@type\":\"ReadAction\",\"target\":[\"https:\/\/www.edition-assemblage.de\/en\/buecher\/es-hat-sich-auserklaert\/\"]}]},{\"@type\":\"BreadcrumbList\",\"@id\":\"https:\/\/www.edition-assemblage.de\/en\/buecher\/es-hat-sich-auserklaert\/#breadcrumb\",\"itemListElement\":[{\"@type\":\"ListItem\",\"position\":1,\"name\":\"Startseite\",\"item\":\"https:\/\/www.edition-assemblage.de\/en\/\"},{\"@type\":\"ListItem\",\"position\":2,\"name\":\"B\u00fccher\",\"item\":\"https:\/\/www.edition-assemblage.de\/en\/books\/\"},{\"@type\":\"ListItem\",\"position\":3,\"name\":\"Es hat sich auserkl\u00e4rt\"}]},{\"@type\":\"WebSite\",\"@id\":\"https:\/\/www.edition-assemblage.de\/en\/#website\",\"url\":\"https:\/\/www.edition-assemblage.de\/en\/\",\"name\":\"edition assemblage\",\"description\":\"Verlagskollektiv und gesellschaftskritisches, linkes, politisches und publizistisches Netzwerk.\",\"publisher\":{\"@id\":\"https:\/\/www.edition-assemblage.de\/en\/#organization\"},\"potentialAction\":[{\"@type\":\"SearchAction\",\"target\":{\"@type\":\"EntryPoint\",\"urlTemplate\":\"https:\/\/www.edition-assemblage.de\/en\/?s={search_term_string}\"},\"query-input\":{\"@type\":\"PropertyValueSpecification\",\"valueRequired\":true,\"valueName\":\"search_term_string\"}}],\"inLanguage\":\"en-US\"},{\"@type\":\"Organization\",\"@id\":\"https:\/\/www.edition-assemblage.de\/en\/#organization\",\"name\":\"edition assemblage\",\"url\":\"https:\/\/www.edition-assemblage.de\/en\/\",\"logo\":{\"@type\":\"ImageObject\",\"inLanguage\":\"en-US\",\"@id\":\"https:\/\/www.edition-assemblage.de\/en\/#\/schema\/logo\/image\/\",\"url\":\"https:\/\/www.edition-assemblage.de\/wp-content\/uploads\/Logo_2022_3.png\",\"contentUrl\":\"https:\/\/www.edition-assemblage.de\/wp-content\/uploads\/Logo_2022_3.png\",\"width\":1161,\"height\":618,\"caption\":\"edition assemblage\"},\"image\":{\"@id\":\"https:\/\/www.edition-assemblage.de\/en\/#\/schema\/logo\/image\/\"},\"sameAs\":[\"https:\/\/www.facebook.com\/editionassemblage\",\"https:\/\/x.com\/assemblage_news\",\"https:\/\/www.instagram.com\/edition_assemblage\"]}]}<\/script>\n<!-- \/ Yoast SEO plugin. -->","yoast_head_json":{"title":"Es hat sich auserkl\u00e4rt &#8211; edition assemblage","description":"SchwarzRund - SchwarzRund verl\u00e4sst das Terrain der blumigen marginalisierten Rechtfertigungstexte. Poesie ist kein Luxus, dieser poetisch-erz\u00e4hlerische Dreiklang ist Widerstand. I. Einatmen \u2013 verhandelt Leben unter st\u00e4ndigem Erwartungsdruck, geschuldet der Hoffnung nur so etwas zu ver\u00e4ndern. II. Den Atem halten \u2013 spricht schonungslos davon wie sich Alltag zwischen Bottrop, NSU und Marginalisierung anf\u00fchlen. III. Ausatmen \u2013 Vom Mut trotzdem zu tanzen, zu lieben und zu k\u00e4mpfen. Worte, die queere, Schwarze Existenz exzessiv feiern, den Atem wieder flie\u00dfen lassen.","robots":{"index":"index","follow":"follow","max-snippet":"max-snippet:-1","max-image-preview":"max-image-preview:large","max-video-preview":"max-video-preview:-1"},"canonical":"https:\/\/www.edition-assemblage.de\/en\/buecher\/es-hat-sich-auserklaert\/","og_locale":"en_US","og_type":"article","og_title":"Es hat sich auserkl\u00e4rt &#8211; edition assemblage","og_description":"SchwarzRund - SchwarzRund verl\u00e4sst das Terrain der blumigen marginalisierten Rechtfertigungstexte. Poesie ist kein Luxus, dieser poetisch-erz\u00e4hlerische Dreiklang ist Widerstand. I. Einatmen \u2013 verhandelt Leben unter st\u00e4ndigem Erwartungsdruck, geschuldet der Hoffnung nur so etwas zu ver\u00e4ndern. II. Den Atem halten \u2013 spricht schonungslos davon wie sich Alltag zwischen Bottrop, NSU und Marginalisierung anf\u00fchlen. III. Ausatmen \u2013 Vom Mut trotzdem zu tanzen, zu lieben und zu k\u00e4mpfen. Worte, die queere, Schwarze Existenz exzessiv feiern, den Atem wieder flie\u00dfen lassen.","og_url":"https:\/\/www.edition-assemblage.de\/en\/buecher\/es-hat-sich-auserklaert\/","og_site_name":"edition assemblage","article_publisher":"https:\/\/www.facebook.com\/editionassemblage","article_modified_time":"2025-10-06T06:56:01+00:00","twitter_card":"summary_large_image","twitter_site":"@assemblage_news","schema":{"@context":"https:\/\/schema.org","@graph":[{"@type":"WebPage","@id":"https:\/\/www.edition-assemblage.de\/en\/buecher\/es-hat-sich-auserklaert\/","url":"https:\/\/www.edition-assemblage.de\/en\/buecher\/es-hat-sich-auserklaert\/","name":"Es hat sich auserkl\u00e4rt &#8211; edition assemblage","isPartOf":{"@id":"https:\/\/www.edition-assemblage.de\/en\/#website"},"datePublished":"2023-05-04T10:15:18+00:00","dateModified":"2025-10-06T06:56:01+00:00","description":"SchwarzRund - SchwarzRund verl\u00e4sst das Terrain der blumigen marginalisierten Rechtfertigungstexte. Poesie ist kein Luxus, dieser poetisch-erz\u00e4hlerische Dreiklang ist Widerstand. I. Einatmen \u2013 verhandelt Leben unter st\u00e4ndigem Erwartungsdruck, geschuldet der Hoffnung nur so etwas zu ver\u00e4ndern. II. Den Atem halten \u2013 spricht schonungslos davon wie sich Alltag zwischen Bottrop, NSU und Marginalisierung anf\u00fchlen. III. Ausatmen \u2013 Vom Mut trotzdem zu tanzen, zu lieben und zu k\u00e4mpfen. Worte, die queere, Schwarze Existenz exzessiv feiern, den Atem wieder flie\u00dfen lassen.","breadcrumb":{"@id":"https:\/\/www.edition-assemblage.de\/en\/buecher\/es-hat-sich-auserklaert\/#breadcrumb"},"inLanguage":"en-US","potentialAction":[{"@type":"ReadAction","target":["https:\/\/www.edition-assemblage.de\/en\/buecher\/es-hat-sich-auserklaert\/"]}]},{"@type":"BreadcrumbList","@id":"https:\/\/www.edition-assemblage.de\/en\/buecher\/es-hat-sich-auserklaert\/#breadcrumb","itemListElement":[{"@type":"ListItem","position":1,"name":"Startseite","item":"https:\/\/www.edition-assemblage.de\/en\/"},{"@type":"ListItem","position":2,"name":"B\u00fccher","item":"https:\/\/www.edition-assemblage.de\/en\/books\/"},{"@type":"ListItem","position":3,"name":"Es hat sich auserkl\u00e4rt"}]},{"@type":"WebSite","@id":"https:\/\/www.edition-assemblage.de\/en\/#website","url":"https:\/\/www.edition-assemblage.de\/en\/","name":"edition assemblage","description":"Verlagskollektiv und gesellschaftskritisches, linkes, politisches und publizistisches Netzwerk.","publisher":{"@id":"https:\/\/www.edition-assemblage.de\/en\/#organization"},"potentialAction":[{"@type":"SearchAction","target":{"@type":"EntryPoint","urlTemplate":"https:\/\/www.edition-assemblage.de\/en\/?s={search_term_string}"},"query-input":{"@type":"PropertyValueSpecification","valueRequired":true,"valueName":"search_term_string"}}],"inLanguage":"en-US"},{"@type":"Organization","@id":"https:\/\/www.edition-assemblage.de\/en\/#organization","name":"edition assemblage","url":"https:\/\/www.edition-assemblage.de\/en\/","logo":{"@type":"ImageObject","inLanguage":"en-US","@id":"https:\/\/www.edition-assemblage.de\/en\/#\/schema\/logo\/image\/","url":"https:\/\/www.edition-assemblage.de\/wp-content\/uploads\/Logo_2022_3.png","contentUrl":"https:\/\/www.edition-assemblage.de\/wp-content\/uploads\/Logo_2022_3.png","width":1161,"height":618,"caption":"edition assemblage"},"image":{"@id":"https:\/\/www.edition-assemblage.de\/en\/#\/schema\/logo\/image\/"},"sameAs":["https:\/\/www.facebook.com\/editionassemblage","https:\/\/x.com\/assemblage_news","https:\/\/www.instagram.com\/edition_assemblage"]}]}},"_links":{"self":[{"href":"https:\/\/www.edition-assemblage.de\/en\/wp-json\/wp\/v2\/buch\/4767","targetHints":{"allow":["GET"]}}],"collection":[{"href":"https:\/\/www.edition-assemblage.de\/en\/wp-json\/wp\/v2\/buch"}],"about":[{"href":"https:\/\/www.edition-assemblage.de\/en\/wp-json\/wp\/v2\/types\/buch"}],"wp:attachment":[{"href":"https:\/\/www.edition-assemblage.de\/en\/wp-json\/wp\/v2\/media?parent=4767"}],"wp:term":[{"taxonomy":"schlagwort","embeddable":true,"href":"https:\/\/www.edition-assemblage.de\/en\/wp-json\/wp\/v2\/schlagwort?post=4767"}],"curies":[{"name":"wp","href":"https:\/\/api.w.org\/{rel}","templated":true}]}}