{"id":3400,"date":"2022-05-10T13:29:54","date_gmt":"2022-05-10T11:29:54","guid":{"rendered":"https:\/\/www.edition-assemblage.de\/?post_type=buch&#038;p=3400"},"modified":"2022-05-12T09:09:52","modified_gmt":"2022-05-12T07:09:52","slug":"rassismus-in-der-leistungsgesellschaft","status":"publish","type":"buch","link":"https:\/\/www.edition-assemblage.de\/en\/buecher\/rassismus-in-der-leistungsgesellschaft\/","title":{"rendered":"Rassismus in der Leistungsgesellschaft"},"template":"","schlagwort":[141,145,181,189],"class_list":["post-3400","buch","type-buch","status-publish","hentry","buchkategorie-sachbuch","schlagwort-rassismus","schlagwort-antirassismus","schlagwort-kritik","schlagwort-antisemitismus","entry"],"yoast_head":"<!-- This site is optimized with the Yoast SEO plugin v26.7 - https:\/\/yoast.com\/wordpress\/plugins\/seo\/ -->\n<title>Rassismus in der Leistungsgesellschaft &#8211; edition assemblage<\/title>\n<meta name=\"description\" content=\"Sebastian Friedrich - Das mediale Ereignis der \u00bbSarrazindebatte\u00ab f\u00fchrte zu einer breiten gesellschaftlichen Verschiebung nach rechts, enttabuisierte rassistisches Denken und verband in besonderer Weise Rassismus mit Elite- und N\u00fctzlichkeitsdenken. Dieses komplexe Ereignis wird in 15 Beitr\u00e4gen mit unterschiedlichen theoretischen Perspektiven kritisch analysiert. Der Sammelband gibt Anst\u00f6\u00dfe f\u00fcr den Alltag, die politische Praxis und die kritische wissenschaftliche Auseinandersetzung.\" \/>\n<meta name=\"robots\" content=\"index, follow, max-snippet:-1, max-image-preview:large, max-video-preview:-1\" \/>\n<link rel=\"canonical\" href=\"https:\/\/www.edition-assemblage.de\/en\/buecher\/rassismus-in-der-leistungsgesellschaft\/\" \/>\n<meta property=\"og:locale\" content=\"en_US\" \/>\n<meta property=\"og:type\" content=\"article\" \/>\n<meta property=\"og:title\" content=\"Rassismus in der Leistungsgesellschaft &#8211; edition assemblage\" \/>\n<meta property=\"og:description\" content=\"Sebastian Friedrich - Das mediale Ereignis der \u00bbSarrazindebatte\u00ab f\u00fchrte zu einer breiten gesellschaftlichen Verschiebung nach rechts, enttabuisierte rassistisches Denken und verband in besonderer Weise Rassismus mit Elite- und N\u00fctzlichkeitsdenken. Dieses komplexe Ereignis wird in 15 Beitr\u00e4gen mit unterschiedlichen theoretischen Perspektiven kritisch analysiert. Der Sammelband gibt Anst\u00f6\u00dfe f\u00fcr den Alltag, die politische Praxis und die kritische wissenschaftliche Auseinandersetzung.\" \/>\n<meta property=\"og:url\" content=\"https:\/\/www.edition-assemblage.de\/en\/buecher\/rassismus-in-der-leistungsgesellschaft\/\" \/>\n<meta property=\"og:site_name\" content=\"edition assemblage\" \/>\n<meta property=\"article:publisher\" content=\"https:\/\/www.facebook.com\/editionassemblage\" \/>\n<meta property=\"article:modified_time\" content=\"2022-05-12T07:09:52+00:00\" \/>\n<meta name=\"twitter:card\" content=\"summary_large_image\" \/>\n<meta name=\"twitter:site\" content=\"@assemblage_news\" \/>\n<script type=\"application\/ld+json\" class=\"yoast-schema-graph\">{\"@context\":\"https:\/\/schema.org\",\"@graph\":[{\"@type\":\"WebPage\",\"@id\":\"https:\/\/www.edition-assemblage.de\/en\/buecher\/rassismus-in-der-leistungsgesellschaft\/\",\"url\":\"https:\/\/www.edition-assemblage.de\/en\/buecher\/rassismus-in-der-leistungsgesellschaft\/\",\"name\":\"Rassismus in der Leistungsgesellschaft &#8211; edition assemblage\",\"isPartOf\":{\"@id\":\"https:\/\/www.edition-assemblage.de\/en\/#website\"},\"datePublished\":\"2022-05-10T11:29:54+00:00\",\"dateModified\":\"2022-05-12T07:09:52+00:00\",\"description\":\"Sebastian Friedrich - Das mediale Ereignis der \u00bbSarrazindebatte\u00ab f\u00fchrte zu einer breiten gesellschaftlichen Verschiebung nach rechts, enttabuisierte rassistisches Denken und verband in besonderer Weise Rassismus mit Elite- und N\u00fctzlichkeitsdenken. Dieses komplexe Ereignis wird in 15 Beitr\u00e4gen mit unterschiedlichen theoretischen Perspektiven kritisch analysiert. Der Sammelband gibt Anst\u00f6\u00dfe f\u00fcr den Alltag, die politische Praxis und die kritische wissenschaftliche Auseinandersetzung.\",\"breadcrumb\":{\"@id\":\"https:\/\/www.edition-assemblage.de\/en\/buecher\/rassismus-in-der-leistungsgesellschaft\/#breadcrumb\"},\"inLanguage\":\"en-US\",\"potentialAction\":[{\"@type\":\"ReadAction\",\"target\":[\"https:\/\/www.edition-assemblage.de\/en\/buecher\/rassismus-in-der-leistungsgesellschaft\/\"]}]},{\"@type\":\"BreadcrumbList\",\"@id\":\"https:\/\/www.edition-assemblage.de\/en\/buecher\/rassismus-in-der-leistungsgesellschaft\/#breadcrumb\",\"itemListElement\":[{\"@type\":\"ListItem\",\"position\":1,\"name\":\"Startseite\",\"item\":\"https:\/\/www.edition-assemblage.de\/en\/\"},{\"@type\":\"ListItem\",\"position\":2,\"name\":\"B\u00fccher\",\"item\":\"https:\/\/www.edition-assemblage.de\/en\/books\/\"},{\"@type\":\"ListItem\",\"position\":3,\"name\":\"Rassismus in der Leistungsgesellschaft\"}]},{\"@type\":\"WebSite\",\"@id\":\"https:\/\/www.edition-assemblage.de\/en\/#website\",\"url\":\"https:\/\/www.edition-assemblage.de\/en\/\",\"name\":\"edition assemblage\",\"description\":\"Verlagskollektiv und gesellschaftskritisches, linkes, politisches und publizistisches Netzwerk.\",\"publisher\":{\"@id\":\"https:\/\/www.edition-assemblage.de\/en\/#organization\"},\"potentialAction\":[{\"@type\":\"SearchAction\",\"target\":{\"@type\":\"EntryPoint\",\"urlTemplate\":\"https:\/\/www.edition-assemblage.de\/en\/?s={search_term_string}\"},\"query-input\":{\"@type\":\"PropertyValueSpecification\",\"valueRequired\":true,\"valueName\":\"search_term_string\"}}],\"inLanguage\":\"en-US\"},{\"@type\":\"Organization\",\"@id\":\"https:\/\/www.edition-assemblage.de\/en\/#organization\",\"name\":\"edition assemblage\",\"url\":\"https:\/\/www.edition-assemblage.de\/en\/\",\"logo\":{\"@type\":\"ImageObject\",\"inLanguage\":\"en-US\",\"@id\":\"https:\/\/www.edition-assemblage.de\/en\/#\/schema\/logo\/image\/\",\"url\":\"https:\/\/www.edition-assemblage.de\/wp-content\/uploads\/Logo_2022_3.png\",\"contentUrl\":\"https:\/\/www.edition-assemblage.de\/wp-content\/uploads\/Logo_2022_3.png\",\"width\":1161,\"height\":618,\"caption\":\"edition assemblage\"},\"image\":{\"@id\":\"https:\/\/www.edition-assemblage.de\/en\/#\/schema\/logo\/image\/\"},\"sameAs\":[\"https:\/\/www.facebook.com\/editionassemblage\",\"https:\/\/x.com\/assemblage_news\",\"https:\/\/www.instagram.com\/edition_assemblage\"]}]}<\/script>\n<!-- \/ Yoast SEO plugin. -->","yoast_head_json":{"title":"Rassismus in der Leistungsgesellschaft &#8211; edition assemblage","description":"Sebastian Friedrich - Das mediale Ereignis der \u00bbSarrazindebatte\u00ab f\u00fchrte zu einer breiten gesellschaftlichen Verschiebung nach rechts, enttabuisierte rassistisches Denken und verband in besonderer Weise Rassismus mit Elite- und N\u00fctzlichkeitsdenken. Dieses komplexe Ereignis wird in 15 Beitr\u00e4gen mit unterschiedlichen theoretischen Perspektiven kritisch analysiert. Der Sammelband gibt Anst\u00f6\u00dfe f\u00fcr den Alltag, die politische Praxis und die kritische wissenschaftliche Auseinandersetzung.","robots":{"index":"index","follow":"follow","max-snippet":"max-snippet:-1","max-image-preview":"max-image-preview:large","max-video-preview":"max-video-preview:-1"},"canonical":"https:\/\/www.edition-assemblage.de\/en\/buecher\/rassismus-in-der-leistungsgesellschaft\/","og_locale":"en_US","og_type":"article","og_title":"Rassismus in der Leistungsgesellschaft &#8211; edition assemblage","og_description":"Sebastian Friedrich - Das mediale Ereignis der \u00bbSarrazindebatte\u00ab f\u00fchrte zu einer breiten gesellschaftlichen Verschiebung nach rechts, enttabuisierte rassistisches Denken und verband in besonderer Weise Rassismus mit Elite- und N\u00fctzlichkeitsdenken. Dieses komplexe Ereignis wird in 15 Beitr\u00e4gen mit unterschiedlichen theoretischen Perspektiven kritisch analysiert. Der Sammelband gibt Anst\u00f6\u00dfe f\u00fcr den Alltag, die politische Praxis und die kritische wissenschaftliche Auseinandersetzung.","og_url":"https:\/\/www.edition-assemblage.de\/en\/buecher\/rassismus-in-der-leistungsgesellschaft\/","og_site_name":"edition assemblage","article_publisher":"https:\/\/www.facebook.com\/editionassemblage","article_modified_time":"2022-05-12T07:09:52+00:00","twitter_card":"summary_large_image","twitter_site":"@assemblage_news","schema":{"@context":"https:\/\/schema.org","@graph":[{"@type":"WebPage","@id":"https:\/\/www.edition-assemblage.de\/en\/buecher\/rassismus-in-der-leistungsgesellschaft\/","url":"https:\/\/www.edition-assemblage.de\/en\/buecher\/rassismus-in-der-leistungsgesellschaft\/","name":"Rassismus in der Leistungsgesellschaft &#8211; edition assemblage","isPartOf":{"@id":"https:\/\/www.edition-assemblage.de\/en\/#website"},"datePublished":"2022-05-10T11:29:54+00:00","dateModified":"2022-05-12T07:09:52+00:00","description":"Sebastian Friedrich - Das mediale Ereignis der \u00bbSarrazindebatte\u00ab f\u00fchrte zu einer breiten gesellschaftlichen Verschiebung nach rechts, enttabuisierte rassistisches Denken und verband in besonderer Weise Rassismus mit Elite- und N\u00fctzlichkeitsdenken. Dieses komplexe Ereignis wird in 15 Beitr\u00e4gen mit unterschiedlichen theoretischen Perspektiven kritisch analysiert. Der Sammelband gibt Anst\u00f6\u00dfe f\u00fcr den Alltag, die politische Praxis und die kritische wissenschaftliche Auseinandersetzung.","breadcrumb":{"@id":"https:\/\/www.edition-assemblage.de\/en\/buecher\/rassismus-in-der-leistungsgesellschaft\/#breadcrumb"},"inLanguage":"en-US","potentialAction":[{"@type":"ReadAction","target":["https:\/\/www.edition-assemblage.de\/en\/buecher\/rassismus-in-der-leistungsgesellschaft\/"]}]},{"@type":"BreadcrumbList","@id":"https:\/\/www.edition-assemblage.de\/en\/buecher\/rassismus-in-der-leistungsgesellschaft\/#breadcrumb","itemListElement":[{"@type":"ListItem","position":1,"name":"Startseite","item":"https:\/\/www.edition-assemblage.de\/en\/"},{"@type":"ListItem","position":2,"name":"B\u00fccher","item":"https:\/\/www.edition-assemblage.de\/en\/books\/"},{"@type":"ListItem","position":3,"name":"Rassismus in der Leistungsgesellschaft"}]},{"@type":"WebSite","@id":"https:\/\/www.edition-assemblage.de\/en\/#website","url":"https:\/\/www.edition-assemblage.de\/en\/","name":"edition assemblage","description":"Verlagskollektiv und gesellschaftskritisches, linkes, politisches und publizistisches Netzwerk.","publisher":{"@id":"https:\/\/www.edition-assemblage.de\/en\/#organization"},"potentialAction":[{"@type":"SearchAction","target":{"@type":"EntryPoint","urlTemplate":"https:\/\/www.edition-assemblage.de\/en\/?s={search_term_string}"},"query-input":{"@type":"PropertyValueSpecification","valueRequired":true,"valueName":"search_term_string"}}],"inLanguage":"en-US"},{"@type":"Organization","@id":"https:\/\/www.edition-assemblage.de\/en\/#organization","name":"edition assemblage","url":"https:\/\/www.edition-assemblage.de\/en\/","logo":{"@type":"ImageObject","inLanguage":"en-US","@id":"https:\/\/www.edition-assemblage.de\/en\/#\/schema\/logo\/image\/","url":"https:\/\/www.edition-assemblage.de\/wp-content\/uploads\/Logo_2022_3.png","contentUrl":"https:\/\/www.edition-assemblage.de\/wp-content\/uploads\/Logo_2022_3.png","width":1161,"height":618,"caption":"edition assemblage"},"image":{"@id":"https:\/\/www.edition-assemblage.de\/en\/#\/schema\/logo\/image\/"},"sameAs":["https:\/\/www.facebook.com\/editionassemblage","https:\/\/x.com\/assemblage_news","https:\/\/www.instagram.com\/edition_assemblage"]}]}},"_links":{"self":[{"href":"https:\/\/www.edition-assemblage.de\/en\/wp-json\/wp\/v2\/buch\/3400","targetHints":{"allow":["GET"]}}],"collection":[{"href":"https:\/\/www.edition-assemblage.de\/en\/wp-json\/wp\/v2\/buch"}],"about":[{"href":"https:\/\/www.edition-assemblage.de\/en\/wp-json\/wp\/v2\/types\/buch"}],"wp:attachment":[{"href":"https:\/\/www.edition-assemblage.de\/en\/wp-json\/wp\/v2\/media?parent=3400"}],"wp:term":[{"taxonomy":"schlagwort","embeddable":true,"href":"https:\/\/www.edition-assemblage.de\/en\/wp-json\/wp\/v2\/schlagwort?post=3400"}],"curies":[{"name":"wp","href":"https:\/\/api.w.org\/{rel}","templated":true}]}}