{"id":3037,"date":"2022-05-05T15:41:57","date_gmt":"2022-05-05T13:41:57","guid":{"rendered":"https:\/\/www.edition-assemblage.de\/?post_type=buch&#038;p=3037"},"modified":"2022-05-05T15:41:57","modified_gmt":"2022-05-05T13:41:57","slug":"wege-durch-die-wueste","status":"publish","type":"buch","link":"https:\/\/www.edition-assemblage.de\/en\/buecher\/wege-durch-die-wueste\/","title":{"rendered":"Wege durch die W\u00fcste"},"template":"","schlagwort":[147,165,206],"class_list":["post-3037","buch","type-buch","status-publish","hentry","buchkategorie-sachbuch","schlagwort-gefaengnis","schlagwort-aktivismus","schlagwort-repression","entry"],"yoast_head":"<!-- This site is optimized with the Yoast SEO plugin v26.7 - https:\/\/yoast.com\/wordpress\/plugins\/seo\/ -->\n<title>Wege durch die W\u00fcste &#8211; edition assemblage<\/title>\n<meta name=\"description\" content=\"Autor*innenkollektiv (Ed.) - Was tun, wenn die Repression uns in Form von Ermittlungen, Platzverweisen, Festnahmen, \u00dcberwachung, Durchsuchungen, Vorladungen \u2026 trifft? Grundlegend \u00fcberarbeitet bietet der Ratgeber nicht nur einen schnellen \u00dcberblick. Er vermittelt zu allen Themen auch die weitergehenden Zusammenh\u00e4nge, verweist auf Erfahrungen aus der politischen Praxis und Diskussionen, die f\u00fcr einen Umgang mit Repression unverzichtbar sind.\" \/>\n<meta name=\"robots\" content=\"index, follow, max-snippet:-1, max-image-preview:large, max-video-preview:-1\" \/>\n<link rel=\"canonical\" href=\"https:\/\/www.edition-assemblage.de\/en\/buecher\/wege-durch-die-wueste\/\" \/>\n<meta property=\"og:locale\" content=\"en_US\" \/>\n<meta property=\"og:type\" content=\"article\" \/>\n<meta property=\"og:title\" content=\"Wege durch die W\u00fcste &#8211; edition assemblage\" \/>\n<meta property=\"og:description\" content=\"Autor*innenkollektiv (Ed.) - Was tun, wenn die Repression uns in Form von Ermittlungen, Platzverweisen, Festnahmen, \u00dcberwachung, Durchsuchungen, Vorladungen \u2026 trifft? Grundlegend \u00fcberarbeitet bietet der Ratgeber nicht nur einen schnellen \u00dcberblick. Er vermittelt zu allen Themen auch die weitergehenden Zusammenh\u00e4nge, verweist auf Erfahrungen aus der politischen Praxis und Diskussionen, die f\u00fcr einen Umgang mit Repression unverzichtbar sind.\" \/>\n<meta property=\"og:url\" content=\"https:\/\/www.edition-assemblage.de\/en\/buecher\/wege-durch-die-wueste\/\" \/>\n<meta property=\"og:site_name\" content=\"edition assemblage\" \/>\n<meta property=\"article:publisher\" content=\"https:\/\/www.facebook.com\/editionassemblage\" \/>\n<meta name=\"twitter:card\" content=\"summary_large_image\" \/>\n<meta name=\"twitter:site\" content=\"@assemblage_news\" \/>\n<script type=\"application\/ld+json\" class=\"yoast-schema-graph\">{\"@context\":\"https:\/\/schema.org\",\"@graph\":[{\"@type\":\"WebPage\",\"@id\":\"https:\/\/www.edition-assemblage.de\/en\/buecher\/wege-durch-die-wueste\/\",\"url\":\"https:\/\/www.edition-assemblage.de\/en\/buecher\/wege-durch-die-wueste\/\",\"name\":\"Wege durch die W\u00fcste &#8211; edition assemblage\",\"isPartOf\":{\"@id\":\"https:\/\/www.edition-assemblage.de\/en\/#website\"},\"datePublished\":\"2022-05-05T13:41:57+00:00\",\"description\":\"Autor*innenkollektiv (Ed.) - Was tun, wenn die Repression uns in Form von Ermittlungen, Platzverweisen, Festnahmen, \u00dcberwachung, Durchsuchungen, Vorladungen \u2026 trifft? Grundlegend \u00fcberarbeitet bietet der Ratgeber nicht nur einen schnellen \u00dcberblick. Er vermittelt zu allen Themen auch die weitergehenden Zusammenh\u00e4nge, verweist auf Erfahrungen aus der politischen Praxis und Diskussionen, die f\u00fcr einen Umgang mit Repression unverzichtbar sind.\",\"breadcrumb\":{\"@id\":\"https:\/\/www.edition-assemblage.de\/en\/buecher\/wege-durch-die-wueste\/#breadcrumb\"},\"inLanguage\":\"en-US\",\"potentialAction\":[{\"@type\":\"ReadAction\",\"target\":[\"https:\/\/www.edition-assemblage.de\/en\/buecher\/wege-durch-die-wueste\/\"]}]},{\"@type\":\"BreadcrumbList\",\"@id\":\"https:\/\/www.edition-assemblage.de\/en\/buecher\/wege-durch-die-wueste\/#breadcrumb\",\"itemListElement\":[{\"@type\":\"ListItem\",\"position\":1,\"name\":\"Startseite\",\"item\":\"https:\/\/www.edition-assemblage.de\/en\/\"},{\"@type\":\"ListItem\",\"position\":2,\"name\":\"B\u00fccher\",\"item\":\"https:\/\/www.edition-assemblage.de\/en\/books\/\"},{\"@type\":\"ListItem\",\"position\":3,\"name\":\"Wege durch die W\u00fcste\"}]},{\"@type\":\"WebSite\",\"@id\":\"https:\/\/www.edition-assemblage.de\/en\/#website\",\"url\":\"https:\/\/www.edition-assemblage.de\/en\/\",\"name\":\"edition assemblage\",\"description\":\"Verlagskollektiv und gesellschaftskritisches, linkes, politisches und publizistisches Netzwerk.\",\"publisher\":{\"@id\":\"https:\/\/www.edition-assemblage.de\/en\/#organization\"},\"potentialAction\":[{\"@type\":\"SearchAction\",\"target\":{\"@type\":\"EntryPoint\",\"urlTemplate\":\"https:\/\/www.edition-assemblage.de\/en\/?s={search_term_string}\"},\"query-input\":{\"@type\":\"PropertyValueSpecification\",\"valueRequired\":true,\"valueName\":\"search_term_string\"}}],\"inLanguage\":\"en-US\"},{\"@type\":\"Organization\",\"@id\":\"https:\/\/www.edition-assemblage.de\/en\/#organization\",\"name\":\"edition assemblage\",\"url\":\"https:\/\/www.edition-assemblage.de\/en\/\",\"logo\":{\"@type\":\"ImageObject\",\"inLanguage\":\"en-US\",\"@id\":\"https:\/\/www.edition-assemblage.de\/en\/#\/schema\/logo\/image\/\",\"url\":\"https:\/\/www.edition-assemblage.de\/wp-content\/uploads\/Logo_2022_3.png\",\"contentUrl\":\"https:\/\/www.edition-assemblage.de\/wp-content\/uploads\/Logo_2022_3.png\",\"width\":1161,\"height\":618,\"caption\":\"edition assemblage\"},\"image\":{\"@id\":\"https:\/\/www.edition-assemblage.de\/en\/#\/schema\/logo\/image\/\"},\"sameAs\":[\"https:\/\/www.facebook.com\/editionassemblage\",\"https:\/\/x.com\/assemblage_news\",\"https:\/\/www.instagram.com\/edition_assemblage\"]}]}<\/script>\n<!-- \/ Yoast SEO plugin. -->","yoast_head_json":{"title":"Wege durch die W\u00fcste &#8211; edition assemblage","description":"Autor*innenkollektiv (Ed.) - Was tun, wenn die Repression uns in Form von Ermittlungen, Platzverweisen, Festnahmen, \u00dcberwachung, Durchsuchungen, Vorladungen \u2026 trifft? Grundlegend \u00fcberarbeitet bietet der Ratgeber nicht nur einen schnellen \u00dcberblick. Er vermittelt zu allen Themen auch die weitergehenden Zusammenh\u00e4nge, verweist auf Erfahrungen aus der politischen Praxis und Diskussionen, die f\u00fcr einen Umgang mit Repression unverzichtbar sind.","robots":{"index":"index","follow":"follow","max-snippet":"max-snippet:-1","max-image-preview":"max-image-preview:large","max-video-preview":"max-video-preview:-1"},"canonical":"https:\/\/www.edition-assemblage.de\/en\/buecher\/wege-durch-die-wueste\/","og_locale":"en_US","og_type":"article","og_title":"Wege durch die W\u00fcste &#8211; edition assemblage","og_description":"Autor*innenkollektiv (Ed.) - Was tun, wenn die Repression uns in Form von Ermittlungen, Platzverweisen, Festnahmen, \u00dcberwachung, Durchsuchungen, Vorladungen \u2026 trifft? Grundlegend \u00fcberarbeitet bietet der Ratgeber nicht nur einen schnellen \u00dcberblick. Er vermittelt zu allen Themen auch die weitergehenden Zusammenh\u00e4nge, verweist auf Erfahrungen aus der politischen Praxis und Diskussionen, die f\u00fcr einen Umgang mit Repression unverzichtbar sind.","og_url":"https:\/\/www.edition-assemblage.de\/en\/buecher\/wege-durch-die-wueste\/","og_site_name":"edition assemblage","article_publisher":"https:\/\/www.facebook.com\/editionassemblage","twitter_card":"summary_large_image","twitter_site":"@assemblage_news","schema":{"@context":"https:\/\/schema.org","@graph":[{"@type":"WebPage","@id":"https:\/\/www.edition-assemblage.de\/en\/buecher\/wege-durch-die-wueste\/","url":"https:\/\/www.edition-assemblage.de\/en\/buecher\/wege-durch-die-wueste\/","name":"Wege durch die W\u00fcste &#8211; edition assemblage","isPartOf":{"@id":"https:\/\/www.edition-assemblage.de\/en\/#website"},"datePublished":"2022-05-05T13:41:57+00:00","description":"Autor*innenkollektiv (Ed.) - Was tun, wenn die Repression uns in Form von Ermittlungen, Platzverweisen, Festnahmen, \u00dcberwachung, Durchsuchungen, Vorladungen \u2026 trifft? Grundlegend \u00fcberarbeitet bietet der Ratgeber nicht nur einen schnellen \u00dcberblick. Er vermittelt zu allen Themen auch die weitergehenden Zusammenh\u00e4nge, verweist auf Erfahrungen aus der politischen Praxis und Diskussionen, die f\u00fcr einen Umgang mit Repression unverzichtbar sind.","breadcrumb":{"@id":"https:\/\/www.edition-assemblage.de\/en\/buecher\/wege-durch-die-wueste\/#breadcrumb"},"inLanguage":"en-US","potentialAction":[{"@type":"ReadAction","target":["https:\/\/www.edition-assemblage.de\/en\/buecher\/wege-durch-die-wueste\/"]}]},{"@type":"BreadcrumbList","@id":"https:\/\/www.edition-assemblage.de\/en\/buecher\/wege-durch-die-wueste\/#breadcrumb","itemListElement":[{"@type":"ListItem","position":1,"name":"Startseite","item":"https:\/\/www.edition-assemblage.de\/en\/"},{"@type":"ListItem","position":2,"name":"B\u00fccher","item":"https:\/\/www.edition-assemblage.de\/en\/books\/"},{"@type":"ListItem","position":3,"name":"Wege durch die W\u00fcste"}]},{"@type":"WebSite","@id":"https:\/\/www.edition-assemblage.de\/en\/#website","url":"https:\/\/www.edition-assemblage.de\/en\/","name":"edition assemblage","description":"Verlagskollektiv und gesellschaftskritisches, linkes, politisches und publizistisches Netzwerk.","publisher":{"@id":"https:\/\/www.edition-assemblage.de\/en\/#organization"},"potentialAction":[{"@type":"SearchAction","target":{"@type":"EntryPoint","urlTemplate":"https:\/\/www.edition-assemblage.de\/en\/?s={search_term_string}"},"query-input":{"@type":"PropertyValueSpecification","valueRequired":true,"valueName":"search_term_string"}}],"inLanguage":"en-US"},{"@type":"Organization","@id":"https:\/\/www.edition-assemblage.de\/en\/#organization","name":"edition assemblage","url":"https:\/\/www.edition-assemblage.de\/en\/","logo":{"@type":"ImageObject","inLanguage":"en-US","@id":"https:\/\/www.edition-assemblage.de\/en\/#\/schema\/logo\/image\/","url":"https:\/\/www.edition-assemblage.de\/wp-content\/uploads\/Logo_2022_3.png","contentUrl":"https:\/\/www.edition-assemblage.de\/wp-content\/uploads\/Logo_2022_3.png","width":1161,"height":618,"caption":"edition assemblage"},"image":{"@id":"https:\/\/www.edition-assemblage.de\/en\/#\/schema\/logo\/image\/"},"sameAs":["https:\/\/www.facebook.com\/editionassemblage","https:\/\/x.com\/assemblage_news","https:\/\/www.instagram.com\/edition_assemblage"]}]}},"_links":{"self":[{"href":"https:\/\/www.edition-assemblage.de\/en\/wp-json\/wp\/v2\/buch\/3037","targetHints":{"allow":["GET"]}}],"collection":[{"href":"https:\/\/www.edition-assemblage.de\/en\/wp-json\/wp\/v2\/buch"}],"about":[{"href":"https:\/\/www.edition-assemblage.de\/en\/wp-json\/wp\/v2\/types\/buch"}],"wp:attachment":[{"href":"https:\/\/www.edition-assemblage.de\/en\/wp-json\/wp\/v2\/media?parent=3037"}],"wp:term":[{"taxonomy":"schlagwort","embeddable":true,"href":"https:\/\/www.edition-assemblage.de\/en\/wp-json\/wp\/v2\/schlagwort?post=3037"}],"curies":[{"name":"wp","href":"https:\/\/api.w.org\/{rel}","templated":true}]}}