{"id":2700,"date":"2022-04-28T19:35:28","date_gmt":"2022-04-28T17:35:28","guid":{"rendered":"https:\/\/www.edition-assemblage.de\/?post_type=buch&#038;p=2700"},"modified":"2024-01-23T13:08:18","modified_gmt":"2024-01-23T12:08:18","slug":"mit-geballter-faust-in-der-tasche","status":"publish","type":"buch","link":"https:\/\/www.edition-assemblage.de\/en\/buecher\/mit-geballter-faust-in-der-tasche\/","title":{"rendered":"Mit geballter Faust in der Tasche"},"template":"","schlagwort":[142,143,150,158],"class_list":["post-2700","buch","type-buch","status-publish","hentry","buchkategorie-sachbuch","schlagwort-empowerment","schlagwort-kulturwissenschaften","schlagwort-klassismus","schlagwort-betroffenenperspektive","entry"],"yoast_head":"<!-- This site is optimized with the Yoast SEO plugin v26.7 - https:\/\/yoast.com\/wordpress\/plugins\/seo\/ -->\n<title>Mit geballter Faust in der Tasche &#8211; edition assemblage<\/title>\n<meta name=\"description\" content=\"Kollektiv Stein und Wort (Ed.) - Dieser Sammelband vereint autobiografische Zug\u00e4nge linker Aktivist*innen aus Schweden zum Thema Klasse. Neben Ausschl\u00fcssen und Barrieren wird die Frage der Deutungshoheit thematisiert. So schreibt beispielsweise Frederic Carlsson-Andersson dar\u00fcber, dass Klasse nur aus einer privilegierten Perspektive ein schwer greifbares Konzept sei, \u201evon unten\u201c dagegen eine direkt erfahrbare, oft schmerzliche Realit\u00e4t. Die Beschreibung der Herkunftswelten der Autor*innen folgt keinem defizit\u00e4ren Blick, sondern betont Solidarit\u00e4t und Verbundenheit, ohne zu romantisieren. Klasse ist dabei einverleibte Erfahrung, Erlebnis von Scham und Ansto\u00df von Wut. Aus den Erfahrungen der Autor*innen wird deutlich, dass Klasse kein singul\u00e4res Ungleichheitsverh\u00e4ltnis ist, sondern mit Rassismus und Sexismus zusammen gedacht werden muss. Nicht im Sinne eines blo\u00dfen Aufaddierens, sondern als spezifische Erfahrungen, deren Beschreibungen sich immer wieder herrschenden Logiken entziehen. Dieses Suchen nach W\u00f6rtern und Bildern f\u00fcr das eigene Erleben findet beispielsweise im Gedicht Mit gespreizten Fingern \u00fcber die Tasten von Asimina Diamanti einen lyrischen Ausdruck. Mit Begleittexten von Francis Seeck, ClaraRosa u.a.\" \/>\n<meta name=\"robots\" content=\"index, follow, max-snippet:-1, max-image-preview:large, max-video-preview:-1\" \/>\n<link rel=\"canonical\" href=\"https:\/\/www.edition-assemblage.de\/en\/buecher\/mit-geballter-faust-in-der-tasche\/\" \/>\n<meta property=\"og:locale\" content=\"en_US\" \/>\n<meta property=\"og:type\" content=\"article\" \/>\n<meta property=\"og:title\" content=\"Mit geballter Faust in der Tasche &#8211; edition assemblage\" \/>\n<meta property=\"og:description\" content=\"Kollektiv Stein und Wort (Ed.) - Dieser Sammelband vereint autobiografische Zug\u00e4nge linker Aktivist*innen aus Schweden zum Thema Klasse. Neben Ausschl\u00fcssen und Barrieren wird die Frage der Deutungshoheit thematisiert. So schreibt beispielsweise Frederic Carlsson-Andersson dar\u00fcber, dass Klasse nur aus einer privilegierten Perspektive ein schwer greifbares Konzept sei, \u201evon unten\u201c dagegen eine direkt erfahrbare, oft schmerzliche Realit\u00e4t. Die Beschreibung der Herkunftswelten der Autor*innen folgt keinem defizit\u00e4ren Blick, sondern betont Solidarit\u00e4t und Verbundenheit, ohne zu romantisieren. Klasse ist dabei einverleibte Erfahrung, Erlebnis von Scham und Ansto\u00df von Wut. Aus den Erfahrungen der Autor*innen wird deutlich, dass Klasse kein singul\u00e4res Ungleichheitsverh\u00e4ltnis ist, sondern mit Rassismus und Sexismus zusammen gedacht werden muss. Nicht im Sinne eines blo\u00dfen Aufaddierens, sondern als spezifische Erfahrungen, deren Beschreibungen sich immer wieder herrschenden Logiken entziehen. Dieses Suchen nach W\u00f6rtern und Bildern f\u00fcr das eigene Erleben findet beispielsweise im Gedicht Mit gespreizten Fingern \u00fcber die Tasten von Asimina Diamanti einen lyrischen Ausdruck. Mit Begleittexten von Francis Seeck, ClaraRosa u.a.\" \/>\n<meta property=\"og:url\" content=\"https:\/\/www.edition-assemblage.de\/en\/buecher\/mit-geballter-faust-in-der-tasche\/\" \/>\n<meta property=\"og:site_name\" content=\"edition assemblage\" \/>\n<meta property=\"article:publisher\" content=\"https:\/\/www.facebook.com\/editionassemblage\" \/>\n<meta property=\"article:modified_time\" content=\"2024-01-23T12:08:18+00:00\" \/>\n<meta name=\"twitter:card\" content=\"summary_large_image\" \/>\n<meta name=\"twitter:site\" content=\"@assemblage_news\" \/>\n<script type=\"application\/ld+json\" class=\"yoast-schema-graph\">{\"@context\":\"https:\/\/schema.org\",\"@graph\":[{\"@type\":\"WebPage\",\"@id\":\"https:\/\/www.edition-assemblage.de\/en\/buecher\/mit-geballter-faust-in-der-tasche\/\",\"url\":\"https:\/\/www.edition-assemblage.de\/en\/buecher\/mit-geballter-faust-in-der-tasche\/\",\"name\":\"Mit geballter Faust in der Tasche &#8211; edition assemblage\",\"isPartOf\":{\"@id\":\"https:\/\/www.edition-assemblage.de\/en\/#website\"},\"datePublished\":\"2022-04-28T17:35:28+00:00\",\"dateModified\":\"2024-01-23T12:08:18+00:00\",\"description\":\"Kollektiv Stein und Wort (Ed.) - Dieser Sammelband vereint autobiografische Zug\u00e4nge linker Aktivist*innen aus Schweden zum Thema Klasse. Neben Ausschl\u00fcssen und Barrieren wird die Frage der Deutungshoheit thematisiert. So schreibt beispielsweise Frederic Carlsson-Andersson dar\u00fcber, dass Klasse nur aus einer privilegierten Perspektive ein schwer greifbares Konzept sei, \u201evon unten\u201c dagegen eine direkt erfahrbare, oft schmerzliche Realit\u00e4t. Die Beschreibung der Herkunftswelten der Autor*innen folgt keinem defizit\u00e4ren Blick, sondern betont Solidarit\u00e4t und Verbundenheit, ohne zu romantisieren. Klasse ist dabei einverleibte Erfahrung, Erlebnis von Scham und Ansto\u00df von Wut. Aus den Erfahrungen der Autor*innen wird deutlich, dass Klasse kein singul\u00e4res Ungleichheitsverh\u00e4ltnis ist, sondern mit Rassismus und Sexismus zusammen gedacht werden muss. Nicht im Sinne eines blo\u00dfen Aufaddierens, sondern als spezifische Erfahrungen, deren Beschreibungen sich immer wieder herrschenden Logiken entziehen. Dieses Suchen nach W\u00f6rtern und Bildern f\u00fcr das eigene Erleben findet beispielsweise im Gedicht Mit gespreizten Fingern \u00fcber die Tasten von Asimina Diamanti einen lyrischen Ausdruck. Mit Begleittexten von Francis Seeck, ClaraRosa u.a.\",\"breadcrumb\":{\"@id\":\"https:\/\/www.edition-assemblage.de\/en\/buecher\/mit-geballter-faust-in-der-tasche\/#breadcrumb\"},\"inLanguage\":\"en-US\",\"potentialAction\":[{\"@type\":\"ReadAction\",\"target\":[\"https:\/\/www.edition-assemblage.de\/en\/buecher\/mit-geballter-faust-in-der-tasche\/\"]}]},{\"@type\":\"BreadcrumbList\",\"@id\":\"https:\/\/www.edition-assemblage.de\/en\/buecher\/mit-geballter-faust-in-der-tasche\/#breadcrumb\",\"itemListElement\":[{\"@type\":\"ListItem\",\"position\":1,\"name\":\"Startseite\",\"item\":\"https:\/\/www.edition-assemblage.de\/en\/\"},{\"@type\":\"ListItem\",\"position\":2,\"name\":\"B\u00fccher\",\"item\":\"https:\/\/www.edition-assemblage.de\/en\/books\/\"},{\"@type\":\"ListItem\",\"position\":3,\"name\":\"Mit geballter Faust in der Tasche\"}]},{\"@type\":\"WebSite\",\"@id\":\"https:\/\/www.edition-assemblage.de\/en\/#website\",\"url\":\"https:\/\/www.edition-assemblage.de\/en\/\",\"name\":\"edition assemblage\",\"description\":\"Verlagskollektiv und gesellschaftskritisches, linkes, politisches und publizistisches Netzwerk.\",\"publisher\":{\"@id\":\"https:\/\/www.edition-assemblage.de\/en\/#organization\"},\"potentialAction\":[{\"@type\":\"SearchAction\",\"target\":{\"@type\":\"EntryPoint\",\"urlTemplate\":\"https:\/\/www.edition-assemblage.de\/en\/?s={search_term_string}\"},\"query-input\":{\"@type\":\"PropertyValueSpecification\",\"valueRequired\":true,\"valueName\":\"search_term_string\"}}],\"inLanguage\":\"en-US\"},{\"@type\":\"Organization\",\"@id\":\"https:\/\/www.edition-assemblage.de\/en\/#organization\",\"name\":\"edition assemblage\",\"url\":\"https:\/\/www.edition-assemblage.de\/en\/\",\"logo\":{\"@type\":\"ImageObject\",\"inLanguage\":\"en-US\",\"@id\":\"https:\/\/www.edition-assemblage.de\/en\/#\/schema\/logo\/image\/\",\"url\":\"https:\/\/www.edition-assemblage.de\/wp-content\/uploads\/Logo_2022_3.png\",\"contentUrl\":\"https:\/\/www.edition-assemblage.de\/wp-content\/uploads\/Logo_2022_3.png\",\"width\":1161,\"height\":618,\"caption\":\"edition assemblage\"},\"image\":{\"@id\":\"https:\/\/www.edition-assemblage.de\/en\/#\/schema\/logo\/image\/\"},\"sameAs\":[\"https:\/\/www.facebook.com\/editionassemblage\",\"https:\/\/x.com\/assemblage_news\",\"https:\/\/www.instagram.com\/edition_assemblage\"]}]}<\/script>\n<!-- \/ Yoast SEO plugin. -->","yoast_head_json":{"title":"Mit geballter Faust in der Tasche &#8211; edition assemblage","description":"Kollektiv Stein und Wort (Ed.) - Dieser Sammelband vereint autobiografische Zug\u00e4nge linker Aktivist*innen aus Schweden zum Thema Klasse. Neben Ausschl\u00fcssen und Barrieren wird die Frage der Deutungshoheit thematisiert. So schreibt beispielsweise Frederic Carlsson-Andersson dar\u00fcber, dass Klasse nur aus einer privilegierten Perspektive ein schwer greifbares Konzept sei, \u201evon unten\u201c dagegen eine direkt erfahrbare, oft schmerzliche Realit\u00e4t. Die Beschreibung der Herkunftswelten der Autor*innen folgt keinem defizit\u00e4ren Blick, sondern betont Solidarit\u00e4t und Verbundenheit, ohne zu romantisieren. Klasse ist dabei einverleibte Erfahrung, Erlebnis von Scham und Ansto\u00df von Wut. Aus den Erfahrungen der Autor*innen wird deutlich, dass Klasse kein singul\u00e4res Ungleichheitsverh\u00e4ltnis ist, sondern mit Rassismus und Sexismus zusammen gedacht werden muss. Nicht im Sinne eines blo\u00dfen Aufaddierens, sondern als spezifische Erfahrungen, deren Beschreibungen sich immer wieder herrschenden Logiken entziehen. Dieses Suchen nach W\u00f6rtern und Bildern f\u00fcr das eigene Erleben findet beispielsweise im Gedicht Mit gespreizten Fingern \u00fcber die Tasten von Asimina Diamanti einen lyrischen Ausdruck. Mit Begleittexten von Francis Seeck, ClaraRosa u.a.","robots":{"index":"index","follow":"follow","max-snippet":"max-snippet:-1","max-image-preview":"max-image-preview:large","max-video-preview":"max-video-preview:-1"},"canonical":"https:\/\/www.edition-assemblage.de\/en\/buecher\/mit-geballter-faust-in-der-tasche\/","og_locale":"en_US","og_type":"article","og_title":"Mit geballter Faust in der Tasche &#8211; edition assemblage","og_description":"Kollektiv Stein und Wort (Ed.) - Dieser Sammelband vereint autobiografische Zug\u00e4nge linker Aktivist*innen aus Schweden zum Thema Klasse. Neben Ausschl\u00fcssen und Barrieren wird die Frage der Deutungshoheit thematisiert. So schreibt beispielsweise Frederic Carlsson-Andersson dar\u00fcber, dass Klasse nur aus einer privilegierten Perspektive ein schwer greifbares Konzept sei, \u201evon unten\u201c dagegen eine direkt erfahrbare, oft schmerzliche Realit\u00e4t. Die Beschreibung der Herkunftswelten der Autor*innen folgt keinem defizit\u00e4ren Blick, sondern betont Solidarit\u00e4t und Verbundenheit, ohne zu romantisieren. Klasse ist dabei einverleibte Erfahrung, Erlebnis von Scham und Ansto\u00df von Wut. Aus den Erfahrungen der Autor*innen wird deutlich, dass Klasse kein singul\u00e4res Ungleichheitsverh\u00e4ltnis ist, sondern mit Rassismus und Sexismus zusammen gedacht werden muss. Nicht im Sinne eines blo\u00dfen Aufaddierens, sondern als spezifische Erfahrungen, deren Beschreibungen sich immer wieder herrschenden Logiken entziehen. Dieses Suchen nach W\u00f6rtern und Bildern f\u00fcr das eigene Erleben findet beispielsweise im Gedicht Mit gespreizten Fingern \u00fcber die Tasten von Asimina Diamanti einen lyrischen Ausdruck. Mit Begleittexten von Francis Seeck, ClaraRosa u.a.","og_url":"https:\/\/www.edition-assemblage.de\/en\/buecher\/mit-geballter-faust-in-der-tasche\/","og_site_name":"edition assemblage","article_publisher":"https:\/\/www.facebook.com\/editionassemblage","article_modified_time":"2024-01-23T12:08:18+00:00","twitter_card":"summary_large_image","twitter_site":"@assemblage_news","schema":{"@context":"https:\/\/schema.org","@graph":[{"@type":"WebPage","@id":"https:\/\/www.edition-assemblage.de\/en\/buecher\/mit-geballter-faust-in-der-tasche\/","url":"https:\/\/www.edition-assemblage.de\/en\/buecher\/mit-geballter-faust-in-der-tasche\/","name":"Mit geballter Faust in der Tasche &#8211; edition assemblage","isPartOf":{"@id":"https:\/\/www.edition-assemblage.de\/en\/#website"},"datePublished":"2022-04-28T17:35:28+00:00","dateModified":"2024-01-23T12:08:18+00:00","description":"Kollektiv Stein und Wort (Ed.) - Dieser Sammelband vereint autobiografische Zug\u00e4nge linker Aktivist*innen aus Schweden zum Thema Klasse. Neben Ausschl\u00fcssen und Barrieren wird die Frage der Deutungshoheit thematisiert. So schreibt beispielsweise Frederic Carlsson-Andersson dar\u00fcber, dass Klasse nur aus einer privilegierten Perspektive ein schwer greifbares Konzept sei, \u201evon unten\u201c dagegen eine direkt erfahrbare, oft schmerzliche Realit\u00e4t. Die Beschreibung der Herkunftswelten der Autor*innen folgt keinem defizit\u00e4ren Blick, sondern betont Solidarit\u00e4t und Verbundenheit, ohne zu romantisieren. Klasse ist dabei einverleibte Erfahrung, Erlebnis von Scham und Ansto\u00df von Wut. Aus den Erfahrungen der Autor*innen wird deutlich, dass Klasse kein singul\u00e4res Ungleichheitsverh\u00e4ltnis ist, sondern mit Rassismus und Sexismus zusammen gedacht werden muss. Nicht im Sinne eines blo\u00dfen Aufaddierens, sondern als spezifische Erfahrungen, deren Beschreibungen sich immer wieder herrschenden Logiken entziehen. Dieses Suchen nach W\u00f6rtern und Bildern f\u00fcr das eigene Erleben findet beispielsweise im Gedicht Mit gespreizten Fingern \u00fcber die Tasten von Asimina Diamanti einen lyrischen Ausdruck. Mit Begleittexten von Francis Seeck, ClaraRosa u.a.","breadcrumb":{"@id":"https:\/\/www.edition-assemblage.de\/en\/buecher\/mit-geballter-faust-in-der-tasche\/#breadcrumb"},"inLanguage":"en-US","potentialAction":[{"@type":"ReadAction","target":["https:\/\/www.edition-assemblage.de\/en\/buecher\/mit-geballter-faust-in-der-tasche\/"]}]},{"@type":"BreadcrumbList","@id":"https:\/\/www.edition-assemblage.de\/en\/buecher\/mit-geballter-faust-in-der-tasche\/#breadcrumb","itemListElement":[{"@type":"ListItem","position":1,"name":"Startseite","item":"https:\/\/www.edition-assemblage.de\/en\/"},{"@type":"ListItem","position":2,"name":"B\u00fccher","item":"https:\/\/www.edition-assemblage.de\/en\/books\/"},{"@type":"ListItem","position":3,"name":"Mit geballter Faust in der Tasche"}]},{"@type":"WebSite","@id":"https:\/\/www.edition-assemblage.de\/en\/#website","url":"https:\/\/www.edition-assemblage.de\/en\/","name":"edition assemblage","description":"Verlagskollektiv und gesellschaftskritisches, linkes, politisches und publizistisches Netzwerk.","publisher":{"@id":"https:\/\/www.edition-assemblage.de\/en\/#organization"},"potentialAction":[{"@type":"SearchAction","target":{"@type":"EntryPoint","urlTemplate":"https:\/\/www.edition-assemblage.de\/en\/?s={search_term_string}"},"query-input":{"@type":"PropertyValueSpecification","valueRequired":true,"valueName":"search_term_string"}}],"inLanguage":"en-US"},{"@type":"Organization","@id":"https:\/\/www.edition-assemblage.de\/en\/#organization","name":"edition assemblage","url":"https:\/\/www.edition-assemblage.de\/en\/","logo":{"@type":"ImageObject","inLanguage":"en-US","@id":"https:\/\/www.edition-assemblage.de\/en\/#\/schema\/logo\/image\/","url":"https:\/\/www.edition-assemblage.de\/wp-content\/uploads\/Logo_2022_3.png","contentUrl":"https:\/\/www.edition-assemblage.de\/wp-content\/uploads\/Logo_2022_3.png","width":1161,"height":618,"caption":"edition assemblage"},"image":{"@id":"https:\/\/www.edition-assemblage.de\/en\/#\/schema\/logo\/image\/"},"sameAs":["https:\/\/www.facebook.com\/editionassemblage","https:\/\/x.com\/assemblage_news","https:\/\/www.instagram.com\/edition_assemblage"]}]}},"_links":{"self":[{"href":"https:\/\/www.edition-assemblage.de\/en\/wp-json\/wp\/v2\/buch\/2700","targetHints":{"allow":["GET"]}}],"collection":[{"href":"https:\/\/www.edition-assemblage.de\/en\/wp-json\/wp\/v2\/buch"}],"about":[{"href":"https:\/\/www.edition-assemblage.de\/en\/wp-json\/wp\/v2\/types\/buch"}],"wp:attachment":[{"href":"https:\/\/www.edition-assemblage.de\/en\/wp-json\/wp\/v2\/media?parent=2700"}],"wp:term":[{"taxonomy":"schlagwort","embeddable":true,"href":"https:\/\/www.edition-assemblage.de\/en\/wp-json\/wp\/v2\/schlagwort?post=2700"}],"curies":[{"name":"wp","href":"https:\/\/api.w.org\/{rel}","templated":true}]}}