{"id":2693,"date":"2022-04-28T20:02:38","date_gmt":"2022-04-28T18:02:38","guid":{"rendered":"https:\/\/www.edition-assemblage.de\/?post_type=buch&#038;p=2693"},"modified":"2024-01-23T13:17:24","modified_gmt":"2024-01-23T12:17:24","slug":"die-zukunft-des-fortschritts","status":"publish","type":"buch","link":"https:\/\/www.edition-assemblage.de\/en\/buecher\/die-zukunft-des-fortschritts\/","title":{"rendered":"Die Zukunft des Fortschritts"},"template":"","schlagwort":[],"class_list":["post-2693","buch","type-buch","status-publish","hentry","buchkategorie-sachbuch","entry"],"yoast_head":"<!-- This site is optimized with the Yoast SEO plugin v26.7 - https:\/\/yoast.com\/wordpress\/plugins\/seo\/ -->\n<title>Die Zukunft des Fortschritts &#8211; edition assemblage<\/title>\n<meta name=\"description\" content=\"jour fixe initiative frankfurt (Ed.) - Fortschritt ist im gesellschaftlichen Diskurs oftmals nur als \u201eInnovation\u201c oder \u201eWachstum\u201c vorstellbar. Auch Musik, Kunst und Literatur sind in weiten Bereichen gekennzeichnet durch die Wiederholung des Immergleichen, durch Nostalgie und \u201eRetromania\u201c (Simon Reynolds). Werden wir von verpassten Zuk\u00fcnften heimgesucht, wie Mark Fisher argumentiert? Ideologisch und real werden der Zukunft durch Verknappung zeitlicher und finanzieller Ressourcen sowie fehlender Gestaltungsr\u00e4ume die Grundlagen entzogen. Im europ\u00e4ischen Begriff des Fortschritts stecken nicht zuletzt Mechanismen kolonialer und postkolonialer Herrschaft, die einen alternativlosen Weg in die \u201eModerne\u201c postulieren. Ein einfaches Ankn\u00fcpfen an das Fortschrittsdenken des 19. und 20. Jahrhunderts ist also nicht m\u00f6glich. Wie l\u00e4sst sich die Idee einer emanzipatorischen gesellschaftlichen, kulturellen und technischen Entwicklung heute denken und leben? Kann es einen Begriff von Fortschritt geben, der Ungleichzeitigkeiten zwischen Gesellschaften, kulturellen Sph\u00e4ren oder Wissensformen ber\u00fccksichtigt?\" \/>\n<meta name=\"robots\" content=\"index, follow, max-snippet:-1, max-image-preview:large, max-video-preview:-1\" \/>\n<link rel=\"canonical\" href=\"https:\/\/www.edition-assemblage.de\/en\/buecher\/die-zukunft-des-fortschritts\/\" \/>\n<meta property=\"og:locale\" content=\"en_US\" \/>\n<meta property=\"og:type\" content=\"article\" \/>\n<meta property=\"og:title\" content=\"Die Zukunft des Fortschritts &#8211; edition assemblage\" \/>\n<meta property=\"og:description\" content=\"jour fixe initiative frankfurt (Ed.) - Fortschritt ist im gesellschaftlichen Diskurs oftmals nur als \u201eInnovation\u201c oder \u201eWachstum\u201c vorstellbar. Auch Musik, Kunst und Literatur sind in weiten Bereichen gekennzeichnet durch die Wiederholung des Immergleichen, durch Nostalgie und \u201eRetromania\u201c (Simon Reynolds). Werden wir von verpassten Zuk\u00fcnften heimgesucht, wie Mark Fisher argumentiert? Ideologisch und real werden der Zukunft durch Verknappung zeitlicher und finanzieller Ressourcen sowie fehlender Gestaltungsr\u00e4ume die Grundlagen entzogen. Im europ\u00e4ischen Begriff des Fortschritts stecken nicht zuletzt Mechanismen kolonialer und postkolonialer Herrschaft, die einen alternativlosen Weg in die \u201eModerne\u201c postulieren. Ein einfaches Ankn\u00fcpfen an das Fortschrittsdenken des 19. und 20. Jahrhunderts ist also nicht m\u00f6glich. Wie l\u00e4sst sich die Idee einer emanzipatorischen gesellschaftlichen, kulturellen und technischen Entwicklung heute denken und leben? Kann es einen Begriff von Fortschritt geben, der Ungleichzeitigkeiten zwischen Gesellschaften, kulturellen Sph\u00e4ren oder Wissensformen ber\u00fccksichtigt?\" \/>\n<meta property=\"og:url\" content=\"https:\/\/www.edition-assemblage.de\/en\/buecher\/die-zukunft-des-fortschritts\/\" \/>\n<meta property=\"og:site_name\" content=\"edition assemblage\" \/>\n<meta property=\"article:publisher\" content=\"https:\/\/www.facebook.com\/editionassemblage\" \/>\n<meta property=\"article:modified_time\" content=\"2024-01-23T12:17:24+00:00\" \/>\n<meta name=\"twitter:card\" content=\"summary_large_image\" \/>\n<meta name=\"twitter:site\" content=\"@assemblage_news\" \/>\n<script type=\"application\/ld+json\" class=\"yoast-schema-graph\">{\"@context\":\"https:\/\/schema.org\",\"@graph\":[{\"@type\":\"WebPage\",\"@id\":\"https:\/\/www.edition-assemblage.de\/en\/buecher\/die-zukunft-des-fortschritts\/\",\"url\":\"https:\/\/www.edition-assemblage.de\/en\/buecher\/die-zukunft-des-fortschritts\/\",\"name\":\"Die Zukunft des Fortschritts &#8211; edition assemblage\",\"isPartOf\":{\"@id\":\"https:\/\/www.edition-assemblage.de\/en\/#website\"},\"datePublished\":\"2022-04-28T18:02:38+00:00\",\"dateModified\":\"2024-01-23T12:17:24+00:00\",\"description\":\"jour fixe initiative frankfurt (Ed.) - Fortschritt ist im gesellschaftlichen Diskurs oftmals nur als \u201eInnovation\u201c oder \u201eWachstum\u201c vorstellbar. Auch Musik, Kunst und Literatur sind in weiten Bereichen gekennzeichnet durch die Wiederholung des Immergleichen, durch Nostalgie und \u201eRetromania\u201c (Simon Reynolds). Werden wir von verpassten Zuk\u00fcnften heimgesucht, wie Mark Fisher argumentiert? Ideologisch und real werden der Zukunft durch Verknappung zeitlicher und finanzieller Ressourcen sowie fehlender Gestaltungsr\u00e4ume die Grundlagen entzogen. Im europ\u00e4ischen Begriff des Fortschritts stecken nicht zuletzt Mechanismen kolonialer und postkolonialer Herrschaft, die einen alternativlosen Weg in die \u201eModerne\u201c postulieren. Ein einfaches Ankn\u00fcpfen an das Fortschrittsdenken des 19. und 20. Jahrhunderts ist also nicht m\u00f6glich. Wie l\u00e4sst sich die Idee einer emanzipatorischen gesellschaftlichen, kulturellen und technischen Entwicklung heute denken und leben? Kann es einen Begriff von Fortschritt geben, der Ungleichzeitigkeiten zwischen Gesellschaften, kulturellen Sph\u00e4ren oder Wissensformen ber\u00fccksichtigt?\",\"breadcrumb\":{\"@id\":\"https:\/\/www.edition-assemblage.de\/en\/buecher\/die-zukunft-des-fortschritts\/#breadcrumb\"},\"inLanguage\":\"en-US\",\"potentialAction\":[{\"@type\":\"ReadAction\",\"target\":[\"https:\/\/www.edition-assemblage.de\/en\/buecher\/die-zukunft-des-fortschritts\/\"]}]},{\"@type\":\"BreadcrumbList\",\"@id\":\"https:\/\/www.edition-assemblage.de\/en\/buecher\/die-zukunft-des-fortschritts\/#breadcrumb\",\"itemListElement\":[{\"@type\":\"ListItem\",\"position\":1,\"name\":\"Startseite\",\"item\":\"https:\/\/www.edition-assemblage.de\/en\/\"},{\"@type\":\"ListItem\",\"position\":2,\"name\":\"B\u00fccher\",\"item\":\"https:\/\/www.edition-assemblage.de\/en\/books\/\"},{\"@type\":\"ListItem\",\"position\":3,\"name\":\"Die Zukunft des Fortschritts\"}]},{\"@type\":\"WebSite\",\"@id\":\"https:\/\/www.edition-assemblage.de\/en\/#website\",\"url\":\"https:\/\/www.edition-assemblage.de\/en\/\",\"name\":\"edition assemblage\",\"description\":\"Verlagskollektiv und gesellschaftskritisches, linkes, politisches und publizistisches Netzwerk.\",\"publisher\":{\"@id\":\"https:\/\/www.edition-assemblage.de\/en\/#organization\"},\"potentialAction\":[{\"@type\":\"SearchAction\",\"target\":{\"@type\":\"EntryPoint\",\"urlTemplate\":\"https:\/\/www.edition-assemblage.de\/en\/?s={search_term_string}\"},\"query-input\":{\"@type\":\"PropertyValueSpecification\",\"valueRequired\":true,\"valueName\":\"search_term_string\"}}],\"inLanguage\":\"en-US\"},{\"@type\":\"Organization\",\"@id\":\"https:\/\/www.edition-assemblage.de\/en\/#organization\",\"name\":\"edition assemblage\",\"url\":\"https:\/\/www.edition-assemblage.de\/en\/\",\"logo\":{\"@type\":\"ImageObject\",\"inLanguage\":\"en-US\",\"@id\":\"https:\/\/www.edition-assemblage.de\/en\/#\/schema\/logo\/image\/\",\"url\":\"https:\/\/www.edition-assemblage.de\/wp-content\/uploads\/Logo_2022_3.png\",\"contentUrl\":\"https:\/\/www.edition-assemblage.de\/wp-content\/uploads\/Logo_2022_3.png\",\"width\":1161,\"height\":618,\"caption\":\"edition assemblage\"},\"image\":{\"@id\":\"https:\/\/www.edition-assemblage.de\/en\/#\/schema\/logo\/image\/\"},\"sameAs\":[\"https:\/\/www.facebook.com\/editionassemblage\",\"https:\/\/x.com\/assemblage_news\",\"https:\/\/www.instagram.com\/edition_assemblage\"]}]}<\/script>\n<!-- \/ Yoast SEO plugin. -->","yoast_head_json":{"title":"Die Zukunft des Fortschritts &#8211; edition assemblage","description":"jour fixe initiative frankfurt (Ed.) - Fortschritt ist im gesellschaftlichen Diskurs oftmals nur als \u201eInnovation\u201c oder \u201eWachstum\u201c vorstellbar. Auch Musik, Kunst und Literatur sind in weiten Bereichen gekennzeichnet durch die Wiederholung des Immergleichen, durch Nostalgie und \u201eRetromania\u201c (Simon Reynolds). Werden wir von verpassten Zuk\u00fcnften heimgesucht, wie Mark Fisher argumentiert? Ideologisch und real werden der Zukunft durch Verknappung zeitlicher und finanzieller Ressourcen sowie fehlender Gestaltungsr\u00e4ume die Grundlagen entzogen. Im europ\u00e4ischen Begriff des Fortschritts stecken nicht zuletzt Mechanismen kolonialer und postkolonialer Herrschaft, die einen alternativlosen Weg in die \u201eModerne\u201c postulieren. Ein einfaches Ankn\u00fcpfen an das Fortschrittsdenken des 19. und 20. Jahrhunderts ist also nicht m\u00f6glich. Wie l\u00e4sst sich die Idee einer emanzipatorischen gesellschaftlichen, kulturellen und technischen Entwicklung heute denken und leben? Kann es einen Begriff von Fortschritt geben, der Ungleichzeitigkeiten zwischen Gesellschaften, kulturellen Sph\u00e4ren oder Wissensformen ber\u00fccksichtigt?","robots":{"index":"index","follow":"follow","max-snippet":"max-snippet:-1","max-image-preview":"max-image-preview:large","max-video-preview":"max-video-preview:-1"},"canonical":"https:\/\/www.edition-assemblage.de\/en\/buecher\/die-zukunft-des-fortschritts\/","og_locale":"en_US","og_type":"article","og_title":"Die Zukunft des Fortschritts &#8211; edition assemblage","og_description":"jour fixe initiative frankfurt (Ed.) - Fortschritt ist im gesellschaftlichen Diskurs oftmals nur als \u201eInnovation\u201c oder \u201eWachstum\u201c vorstellbar. Auch Musik, Kunst und Literatur sind in weiten Bereichen gekennzeichnet durch die Wiederholung des Immergleichen, durch Nostalgie und \u201eRetromania\u201c (Simon Reynolds). Werden wir von verpassten Zuk\u00fcnften heimgesucht, wie Mark Fisher argumentiert? Ideologisch und real werden der Zukunft durch Verknappung zeitlicher und finanzieller Ressourcen sowie fehlender Gestaltungsr\u00e4ume die Grundlagen entzogen. Im europ\u00e4ischen Begriff des Fortschritts stecken nicht zuletzt Mechanismen kolonialer und postkolonialer Herrschaft, die einen alternativlosen Weg in die \u201eModerne\u201c postulieren. Ein einfaches Ankn\u00fcpfen an das Fortschrittsdenken des 19. und 20. Jahrhunderts ist also nicht m\u00f6glich. Wie l\u00e4sst sich die Idee einer emanzipatorischen gesellschaftlichen, kulturellen und technischen Entwicklung heute denken und leben? Kann es einen Begriff von Fortschritt geben, der Ungleichzeitigkeiten zwischen Gesellschaften, kulturellen Sph\u00e4ren oder Wissensformen ber\u00fccksichtigt?","og_url":"https:\/\/www.edition-assemblage.de\/en\/buecher\/die-zukunft-des-fortschritts\/","og_site_name":"edition assemblage","article_publisher":"https:\/\/www.facebook.com\/editionassemblage","article_modified_time":"2024-01-23T12:17:24+00:00","twitter_card":"summary_large_image","twitter_site":"@assemblage_news","schema":{"@context":"https:\/\/schema.org","@graph":[{"@type":"WebPage","@id":"https:\/\/www.edition-assemblage.de\/en\/buecher\/die-zukunft-des-fortschritts\/","url":"https:\/\/www.edition-assemblage.de\/en\/buecher\/die-zukunft-des-fortschritts\/","name":"Die Zukunft des Fortschritts &#8211; edition assemblage","isPartOf":{"@id":"https:\/\/www.edition-assemblage.de\/en\/#website"},"datePublished":"2022-04-28T18:02:38+00:00","dateModified":"2024-01-23T12:17:24+00:00","description":"jour fixe initiative frankfurt (Ed.) - Fortschritt ist im gesellschaftlichen Diskurs oftmals nur als \u201eInnovation\u201c oder \u201eWachstum\u201c vorstellbar. Auch Musik, Kunst und Literatur sind in weiten Bereichen gekennzeichnet durch die Wiederholung des Immergleichen, durch Nostalgie und \u201eRetromania\u201c (Simon Reynolds). Werden wir von verpassten Zuk\u00fcnften heimgesucht, wie Mark Fisher argumentiert? Ideologisch und real werden der Zukunft durch Verknappung zeitlicher und finanzieller Ressourcen sowie fehlender Gestaltungsr\u00e4ume die Grundlagen entzogen. Im europ\u00e4ischen Begriff des Fortschritts stecken nicht zuletzt Mechanismen kolonialer und postkolonialer Herrschaft, die einen alternativlosen Weg in die \u201eModerne\u201c postulieren. Ein einfaches Ankn\u00fcpfen an das Fortschrittsdenken des 19. und 20. Jahrhunderts ist also nicht m\u00f6glich. Wie l\u00e4sst sich die Idee einer emanzipatorischen gesellschaftlichen, kulturellen und technischen Entwicklung heute denken und leben? Kann es einen Begriff von Fortschritt geben, der Ungleichzeitigkeiten zwischen Gesellschaften, kulturellen Sph\u00e4ren oder Wissensformen ber\u00fccksichtigt?","breadcrumb":{"@id":"https:\/\/www.edition-assemblage.de\/en\/buecher\/die-zukunft-des-fortschritts\/#breadcrumb"},"inLanguage":"en-US","potentialAction":[{"@type":"ReadAction","target":["https:\/\/www.edition-assemblage.de\/en\/buecher\/die-zukunft-des-fortschritts\/"]}]},{"@type":"BreadcrumbList","@id":"https:\/\/www.edition-assemblage.de\/en\/buecher\/die-zukunft-des-fortschritts\/#breadcrumb","itemListElement":[{"@type":"ListItem","position":1,"name":"Startseite","item":"https:\/\/www.edition-assemblage.de\/en\/"},{"@type":"ListItem","position":2,"name":"B\u00fccher","item":"https:\/\/www.edition-assemblage.de\/en\/books\/"},{"@type":"ListItem","position":3,"name":"Die Zukunft des Fortschritts"}]},{"@type":"WebSite","@id":"https:\/\/www.edition-assemblage.de\/en\/#website","url":"https:\/\/www.edition-assemblage.de\/en\/","name":"edition assemblage","description":"Verlagskollektiv und gesellschaftskritisches, linkes, politisches und publizistisches Netzwerk.","publisher":{"@id":"https:\/\/www.edition-assemblage.de\/en\/#organization"},"potentialAction":[{"@type":"SearchAction","target":{"@type":"EntryPoint","urlTemplate":"https:\/\/www.edition-assemblage.de\/en\/?s={search_term_string}"},"query-input":{"@type":"PropertyValueSpecification","valueRequired":true,"valueName":"search_term_string"}}],"inLanguage":"en-US"},{"@type":"Organization","@id":"https:\/\/www.edition-assemblage.de\/en\/#organization","name":"edition assemblage","url":"https:\/\/www.edition-assemblage.de\/en\/","logo":{"@type":"ImageObject","inLanguage":"en-US","@id":"https:\/\/www.edition-assemblage.de\/en\/#\/schema\/logo\/image\/","url":"https:\/\/www.edition-assemblage.de\/wp-content\/uploads\/Logo_2022_3.png","contentUrl":"https:\/\/www.edition-assemblage.de\/wp-content\/uploads\/Logo_2022_3.png","width":1161,"height":618,"caption":"edition assemblage"},"image":{"@id":"https:\/\/www.edition-assemblage.de\/en\/#\/schema\/logo\/image\/"},"sameAs":["https:\/\/www.facebook.com\/editionassemblage","https:\/\/x.com\/assemblage_news","https:\/\/www.instagram.com\/edition_assemblage"]}]}},"_links":{"self":[{"href":"https:\/\/www.edition-assemblage.de\/en\/wp-json\/wp\/v2\/buch\/2693","targetHints":{"allow":["GET"]}}],"collection":[{"href":"https:\/\/www.edition-assemblage.de\/en\/wp-json\/wp\/v2\/buch"}],"about":[{"href":"https:\/\/www.edition-assemblage.de\/en\/wp-json\/wp\/v2\/types\/buch"}],"wp:attachment":[{"href":"https:\/\/www.edition-assemblage.de\/en\/wp-json\/wp\/v2\/media?parent=2693"}],"wp:term":[{"taxonomy":"schlagwort","embeddable":true,"href":"https:\/\/www.edition-assemblage.de\/en\/wp-json\/wp\/v2\/schlagwort?post=2693"}],"curies":[{"name":"wp","href":"https:\/\/api.w.org\/{rel}","templated":true}]}}