{"id":2669,"date":"2022-04-28T16:41:11","date_gmt":"2022-04-28T14:41:11","guid":{"rendered":"https:\/\/www.edition-assemblage.de\/?post_type=buch&#038;p=2669"},"modified":"2024-01-23T13:04:35","modified_gmt":"2024-01-23T12:04:35","slug":"wo-wir-sprechen","status":"publish","type":"buch","link":"https:\/\/www.edition-assemblage.de\/en\/buecher\/wo-wir-sprechen\/","title":{"rendered":"Wo wir sprechen"},"template":"","schlagwort":[140,141,144,145,164],"class_list":["post-2669","buch","type-buch","status-publish","hentry","buchkategorie-sachbuch","buchkategorie-e-books","schlagwort-sprache","schlagwort-rassismus","schlagwort-schwarze-diaspora","schlagwort-antirassismus","schlagwort-intersektionalitaet","entry"],"yoast_head":"<!-- This site is optimized with the Yoast SEO plugin v26.7 - https:\/\/yoast.com\/wordpress\/plugins\/seo\/ -->\n<title>Wo wir sprechen &#8211; edition assemblage<\/title>\n<meta name=\"description\" content=\"Djamila Ribeiro - Mit einem Vorwort von Grada Kilomba In Wo wir sprechen zeigt Djamila Ribeiro neue Perspektiven auf die Intersektionalit\u00e4t von Rassismus, Klassismus und Sexismus auf. Aus der Perspektive des Schwarzen Feminismus behandelt sie Problematiken und kritisiert Dynamiken, die mit westlich-wissenschaftlich orientierten und dominierten Formen von Wissen und Wissenschaft einhergehen. Ribeiro hebt die Bedeutung von Wissensformen und -best\u00e4nden hervor, die in innovativer Weise in Schwarzen\/afrodiasporischen\/afrolateinamerikanischen soziopolitischen Widerstandsbewegungen entstehen und von mehrfach Marginalisierten ausgehen und weitergetragen werden. Herausgegeben von Inaj\u00e1 Correia Wittkowski, Jamila Adamou und Ana Gra\u00e7a Correia Wittkowski. Kontaktm\u00f6glichkeit f\u00fcr Veranstaltungsanfragen etc.: wowirsprechen@edition-assemblage.de Djamila Ribeiro spricht auf der Frankfurter Buchmesse mit ttt &#8211; titel, thesen, temperamente \u00fcber &#8220;Identit\u00e4t und Identit\u00e4tspolitik auf der Buchmesse&#8221; (23.10.2022 | Das Erste). Am 19.10.2022 fand im Antagon Theater in Frankfurt eine Lesung mit der Autorin Djamila Ribeiro und den Herausgeberinnen statt. Die Lesung ist zum Nachschauen und -h\u00f6ren auf Vimeo verf\u00fcgbar. Kurze Buchvorstellung bei der Leseinsel der Kurt Wolff Stiftung am 20.10.2022. Auf youtube (ab ca. Minute 36:00) hier verf\u00fcgbar.\" \/>\n<meta name=\"robots\" content=\"index, follow, max-snippet:-1, max-image-preview:large, max-video-preview:-1\" \/>\n<link rel=\"canonical\" href=\"https:\/\/www.edition-assemblage.de\/en\/buecher\/wo-wir-sprechen\/\" \/>\n<meta property=\"og:locale\" content=\"en_US\" \/>\n<meta property=\"og:type\" content=\"article\" \/>\n<meta property=\"og:title\" content=\"Wo wir sprechen &#8211; edition assemblage\" \/>\n<meta property=\"og:description\" content=\"Djamila Ribeiro - Mit einem Vorwort von Grada Kilomba In Wo wir sprechen zeigt Djamila Ribeiro neue Perspektiven auf die Intersektionalit\u00e4t von Rassismus, Klassismus und Sexismus auf. Aus der Perspektive des Schwarzen Feminismus behandelt sie Problematiken und kritisiert Dynamiken, die mit westlich-wissenschaftlich orientierten und dominierten Formen von Wissen und Wissenschaft einhergehen. Ribeiro hebt die Bedeutung von Wissensformen und -best\u00e4nden hervor, die in innovativer Weise in Schwarzen\/afrodiasporischen\/afrolateinamerikanischen soziopolitischen Widerstandsbewegungen entstehen und von mehrfach Marginalisierten ausgehen und weitergetragen werden. Herausgegeben von Inaj\u00e1 Correia Wittkowski, Jamila Adamou und Ana Gra\u00e7a Correia Wittkowski. Kontaktm\u00f6glichkeit f\u00fcr Veranstaltungsanfragen etc.: wowirsprechen@edition-assemblage.de Djamila Ribeiro spricht auf der Frankfurter Buchmesse mit ttt &#8211; titel, thesen, temperamente \u00fcber &#8220;Identit\u00e4t und Identit\u00e4tspolitik auf der Buchmesse&#8221; (23.10.2022 | Das Erste). Am 19.10.2022 fand im Antagon Theater in Frankfurt eine Lesung mit der Autorin Djamila Ribeiro und den Herausgeberinnen statt. Die Lesung ist zum Nachschauen und -h\u00f6ren auf Vimeo verf\u00fcgbar. Kurze Buchvorstellung bei der Leseinsel der Kurt Wolff Stiftung am 20.10.2022. Auf youtube (ab ca. Minute 36:00) hier verf\u00fcgbar.\" \/>\n<meta property=\"og:url\" content=\"https:\/\/www.edition-assemblage.de\/en\/buecher\/wo-wir-sprechen\/\" \/>\n<meta property=\"og:site_name\" content=\"edition assemblage\" \/>\n<meta property=\"article:publisher\" content=\"https:\/\/www.facebook.com\/editionassemblage\" \/>\n<meta property=\"article:modified_time\" content=\"2024-01-23T12:04:35+00:00\" \/>\n<meta name=\"twitter:card\" content=\"summary_large_image\" \/>\n<meta name=\"twitter:site\" content=\"@assemblage_news\" \/>\n<script type=\"application\/ld+json\" class=\"yoast-schema-graph\">{\"@context\":\"https:\/\/schema.org\",\"@graph\":[{\"@type\":\"WebPage\",\"@id\":\"https:\/\/www.edition-assemblage.de\/en\/buecher\/wo-wir-sprechen\/\",\"url\":\"https:\/\/www.edition-assemblage.de\/en\/buecher\/wo-wir-sprechen\/\",\"name\":\"Wo wir sprechen &#8211; edition assemblage\",\"isPartOf\":{\"@id\":\"https:\/\/www.edition-assemblage.de\/en\/#website\"},\"datePublished\":\"2022-04-28T14:41:11+00:00\",\"dateModified\":\"2024-01-23T12:04:35+00:00\",\"description\":\"Djamila Ribeiro - Mit einem Vorwort von Grada Kilomba In Wo wir sprechen zeigt Djamila Ribeiro neue Perspektiven auf die Intersektionalit\u00e4t von Rassismus, Klassismus und Sexismus auf. Aus der Perspektive des Schwarzen Feminismus behandelt sie Problematiken und kritisiert Dynamiken, die mit westlich-wissenschaftlich orientierten und dominierten Formen von Wissen und Wissenschaft einhergehen. Ribeiro hebt die Bedeutung von Wissensformen und -best\u00e4nden hervor, die in innovativer Weise in Schwarzen\/afrodiasporischen\/afrolateinamerikanischen soziopolitischen Widerstandsbewegungen entstehen und von mehrfach Marginalisierten ausgehen und weitergetragen werden. Herausgegeben von Inaj\u00e1 Correia Wittkowski, Jamila Adamou und Ana Gra\u00e7a Correia Wittkowski. Kontaktm\u00f6glichkeit f\u00fcr Veranstaltungsanfragen etc.: wowirsprechen@edition-assemblage.de Djamila Ribeiro spricht auf der Frankfurter Buchmesse mit ttt &#8211; titel, thesen, temperamente \u00fcber &#8220;Identit\u00e4t und Identit\u00e4tspolitik auf der Buchmesse&#8221; (23.10.2022 | Das Erste). Am 19.10.2022 fand im Antagon Theater in Frankfurt eine Lesung mit der Autorin Djamila Ribeiro und den Herausgeberinnen statt. Die Lesung ist zum Nachschauen und -h\u00f6ren auf Vimeo verf\u00fcgbar. Kurze Buchvorstellung bei der Leseinsel der Kurt Wolff Stiftung am 20.10.2022. Auf youtube (ab ca. Minute 36:00) hier verf\u00fcgbar.\",\"breadcrumb\":{\"@id\":\"https:\/\/www.edition-assemblage.de\/en\/buecher\/wo-wir-sprechen\/#breadcrumb\"},\"inLanguage\":\"en-US\",\"potentialAction\":[{\"@type\":\"ReadAction\",\"target\":[\"https:\/\/www.edition-assemblage.de\/en\/buecher\/wo-wir-sprechen\/\"]}]},{\"@type\":\"BreadcrumbList\",\"@id\":\"https:\/\/www.edition-assemblage.de\/en\/buecher\/wo-wir-sprechen\/#breadcrumb\",\"itemListElement\":[{\"@type\":\"ListItem\",\"position\":1,\"name\":\"Startseite\",\"item\":\"https:\/\/www.edition-assemblage.de\/en\/\"},{\"@type\":\"ListItem\",\"position\":2,\"name\":\"B\u00fccher\",\"item\":\"https:\/\/www.edition-assemblage.de\/en\/books\/\"},{\"@type\":\"ListItem\",\"position\":3,\"name\":\"Wo wir sprechen\"}]},{\"@type\":\"WebSite\",\"@id\":\"https:\/\/www.edition-assemblage.de\/en\/#website\",\"url\":\"https:\/\/www.edition-assemblage.de\/en\/\",\"name\":\"edition assemblage\",\"description\":\"Verlagskollektiv und gesellschaftskritisches, linkes, politisches und publizistisches Netzwerk.\",\"publisher\":{\"@id\":\"https:\/\/www.edition-assemblage.de\/en\/#organization\"},\"potentialAction\":[{\"@type\":\"SearchAction\",\"target\":{\"@type\":\"EntryPoint\",\"urlTemplate\":\"https:\/\/www.edition-assemblage.de\/en\/?s={search_term_string}\"},\"query-input\":{\"@type\":\"PropertyValueSpecification\",\"valueRequired\":true,\"valueName\":\"search_term_string\"}}],\"inLanguage\":\"en-US\"},{\"@type\":\"Organization\",\"@id\":\"https:\/\/www.edition-assemblage.de\/en\/#organization\",\"name\":\"edition assemblage\",\"url\":\"https:\/\/www.edition-assemblage.de\/en\/\",\"logo\":{\"@type\":\"ImageObject\",\"inLanguage\":\"en-US\",\"@id\":\"https:\/\/www.edition-assemblage.de\/en\/#\/schema\/logo\/image\/\",\"url\":\"https:\/\/www.edition-assemblage.de\/wp-content\/uploads\/Logo_2022_3.png\",\"contentUrl\":\"https:\/\/www.edition-assemblage.de\/wp-content\/uploads\/Logo_2022_3.png\",\"width\":1161,\"height\":618,\"caption\":\"edition assemblage\"},\"image\":{\"@id\":\"https:\/\/www.edition-assemblage.de\/en\/#\/schema\/logo\/image\/\"},\"sameAs\":[\"https:\/\/www.facebook.com\/editionassemblage\",\"https:\/\/x.com\/assemblage_news\",\"https:\/\/www.instagram.com\/edition_assemblage\"]}]}<\/script>\n<!-- \/ Yoast SEO plugin. -->","yoast_head_json":{"title":"Wo wir sprechen &#8211; edition assemblage","description":"Djamila Ribeiro - Mit einem Vorwort von Grada Kilomba In Wo wir sprechen zeigt Djamila Ribeiro neue Perspektiven auf die Intersektionalit\u00e4t von Rassismus, Klassismus und Sexismus auf. Aus der Perspektive des Schwarzen Feminismus behandelt sie Problematiken und kritisiert Dynamiken, die mit westlich-wissenschaftlich orientierten und dominierten Formen von Wissen und Wissenschaft einhergehen. Ribeiro hebt die Bedeutung von Wissensformen und -best\u00e4nden hervor, die in innovativer Weise in Schwarzen\/afrodiasporischen\/afrolateinamerikanischen soziopolitischen Widerstandsbewegungen entstehen und von mehrfach Marginalisierten ausgehen und weitergetragen werden. Herausgegeben von Inaj\u00e1 Correia Wittkowski, Jamila Adamou und Ana Gra\u00e7a Correia Wittkowski. Kontaktm\u00f6glichkeit f\u00fcr Veranstaltungsanfragen etc.: wowirsprechen@edition-assemblage.de Djamila Ribeiro spricht auf der Frankfurter Buchmesse mit ttt &#8211; titel, thesen, temperamente \u00fcber &#8220;Identit\u00e4t und Identit\u00e4tspolitik auf der Buchmesse&#8221; (23.10.2022 | Das Erste). Am 19.10.2022 fand im Antagon Theater in Frankfurt eine Lesung mit der Autorin Djamila Ribeiro und den Herausgeberinnen statt. Die Lesung ist zum Nachschauen und -h\u00f6ren auf Vimeo verf\u00fcgbar. Kurze Buchvorstellung bei der Leseinsel der Kurt Wolff Stiftung am 20.10.2022. Auf youtube (ab ca. Minute 36:00) hier verf\u00fcgbar.","robots":{"index":"index","follow":"follow","max-snippet":"max-snippet:-1","max-image-preview":"max-image-preview:large","max-video-preview":"max-video-preview:-1"},"canonical":"https:\/\/www.edition-assemblage.de\/en\/buecher\/wo-wir-sprechen\/","og_locale":"en_US","og_type":"article","og_title":"Wo wir sprechen &#8211; edition assemblage","og_description":"Djamila Ribeiro - Mit einem Vorwort von Grada Kilomba In Wo wir sprechen zeigt Djamila Ribeiro neue Perspektiven auf die Intersektionalit\u00e4t von Rassismus, Klassismus und Sexismus auf. Aus der Perspektive des Schwarzen Feminismus behandelt sie Problematiken und kritisiert Dynamiken, die mit westlich-wissenschaftlich orientierten und dominierten Formen von Wissen und Wissenschaft einhergehen. Ribeiro hebt die Bedeutung von Wissensformen und -best\u00e4nden hervor, die in innovativer Weise in Schwarzen\/afrodiasporischen\/afrolateinamerikanischen soziopolitischen Widerstandsbewegungen entstehen und von mehrfach Marginalisierten ausgehen und weitergetragen werden. Herausgegeben von Inaj\u00e1 Correia Wittkowski, Jamila Adamou und Ana Gra\u00e7a Correia Wittkowski. Kontaktm\u00f6glichkeit f\u00fcr Veranstaltungsanfragen etc.: wowirsprechen@edition-assemblage.de Djamila Ribeiro spricht auf der Frankfurter Buchmesse mit ttt &#8211; titel, thesen, temperamente \u00fcber &#8220;Identit\u00e4t und Identit\u00e4tspolitik auf der Buchmesse&#8221; (23.10.2022 | Das Erste). Am 19.10.2022 fand im Antagon Theater in Frankfurt eine Lesung mit der Autorin Djamila Ribeiro und den Herausgeberinnen statt. Die Lesung ist zum Nachschauen und -h\u00f6ren auf Vimeo verf\u00fcgbar. Kurze Buchvorstellung bei der Leseinsel der Kurt Wolff Stiftung am 20.10.2022. Auf youtube (ab ca. Minute 36:00) hier verf\u00fcgbar.","og_url":"https:\/\/www.edition-assemblage.de\/en\/buecher\/wo-wir-sprechen\/","og_site_name":"edition assemblage","article_publisher":"https:\/\/www.facebook.com\/editionassemblage","article_modified_time":"2024-01-23T12:04:35+00:00","twitter_card":"summary_large_image","twitter_site":"@assemblage_news","schema":{"@context":"https:\/\/schema.org","@graph":[{"@type":"WebPage","@id":"https:\/\/www.edition-assemblage.de\/en\/buecher\/wo-wir-sprechen\/","url":"https:\/\/www.edition-assemblage.de\/en\/buecher\/wo-wir-sprechen\/","name":"Wo wir sprechen &#8211; edition assemblage","isPartOf":{"@id":"https:\/\/www.edition-assemblage.de\/en\/#website"},"datePublished":"2022-04-28T14:41:11+00:00","dateModified":"2024-01-23T12:04:35+00:00","description":"Djamila Ribeiro - Mit einem Vorwort von Grada Kilomba In Wo wir sprechen zeigt Djamila Ribeiro neue Perspektiven auf die Intersektionalit\u00e4t von Rassismus, Klassismus und Sexismus auf. Aus der Perspektive des Schwarzen Feminismus behandelt sie Problematiken und kritisiert Dynamiken, die mit westlich-wissenschaftlich orientierten und dominierten Formen von Wissen und Wissenschaft einhergehen. Ribeiro hebt die Bedeutung von Wissensformen und -best\u00e4nden hervor, die in innovativer Weise in Schwarzen\/afrodiasporischen\/afrolateinamerikanischen soziopolitischen Widerstandsbewegungen entstehen und von mehrfach Marginalisierten ausgehen und weitergetragen werden. Herausgegeben von Inaj\u00e1 Correia Wittkowski, Jamila Adamou und Ana Gra\u00e7a Correia Wittkowski. Kontaktm\u00f6glichkeit f\u00fcr Veranstaltungsanfragen etc.: wowirsprechen@edition-assemblage.de Djamila Ribeiro spricht auf der Frankfurter Buchmesse mit ttt &#8211; titel, thesen, temperamente \u00fcber &#8220;Identit\u00e4t und Identit\u00e4tspolitik auf der Buchmesse&#8221; (23.10.2022 | Das Erste). Am 19.10.2022 fand im Antagon Theater in Frankfurt eine Lesung mit der Autorin Djamila Ribeiro und den Herausgeberinnen statt. Die Lesung ist zum Nachschauen und -h\u00f6ren auf Vimeo verf\u00fcgbar. Kurze Buchvorstellung bei der Leseinsel der Kurt Wolff Stiftung am 20.10.2022. Auf youtube (ab ca. Minute 36:00) hier verf\u00fcgbar.","breadcrumb":{"@id":"https:\/\/www.edition-assemblage.de\/en\/buecher\/wo-wir-sprechen\/#breadcrumb"},"inLanguage":"en-US","potentialAction":[{"@type":"ReadAction","target":["https:\/\/www.edition-assemblage.de\/en\/buecher\/wo-wir-sprechen\/"]}]},{"@type":"BreadcrumbList","@id":"https:\/\/www.edition-assemblage.de\/en\/buecher\/wo-wir-sprechen\/#breadcrumb","itemListElement":[{"@type":"ListItem","position":1,"name":"Startseite","item":"https:\/\/www.edition-assemblage.de\/en\/"},{"@type":"ListItem","position":2,"name":"B\u00fccher","item":"https:\/\/www.edition-assemblage.de\/en\/books\/"},{"@type":"ListItem","position":3,"name":"Wo wir sprechen"}]},{"@type":"WebSite","@id":"https:\/\/www.edition-assemblage.de\/en\/#website","url":"https:\/\/www.edition-assemblage.de\/en\/","name":"edition assemblage","description":"Verlagskollektiv und gesellschaftskritisches, linkes, politisches und publizistisches Netzwerk.","publisher":{"@id":"https:\/\/www.edition-assemblage.de\/en\/#organization"},"potentialAction":[{"@type":"SearchAction","target":{"@type":"EntryPoint","urlTemplate":"https:\/\/www.edition-assemblage.de\/en\/?s={search_term_string}"},"query-input":{"@type":"PropertyValueSpecification","valueRequired":true,"valueName":"search_term_string"}}],"inLanguage":"en-US"},{"@type":"Organization","@id":"https:\/\/www.edition-assemblage.de\/en\/#organization","name":"edition assemblage","url":"https:\/\/www.edition-assemblage.de\/en\/","logo":{"@type":"ImageObject","inLanguage":"en-US","@id":"https:\/\/www.edition-assemblage.de\/en\/#\/schema\/logo\/image\/","url":"https:\/\/www.edition-assemblage.de\/wp-content\/uploads\/Logo_2022_3.png","contentUrl":"https:\/\/www.edition-assemblage.de\/wp-content\/uploads\/Logo_2022_3.png","width":1161,"height":618,"caption":"edition assemblage"},"image":{"@id":"https:\/\/www.edition-assemblage.de\/en\/#\/schema\/logo\/image\/"},"sameAs":["https:\/\/www.facebook.com\/editionassemblage","https:\/\/x.com\/assemblage_news","https:\/\/www.instagram.com\/edition_assemblage"]}]}},"_links":{"self":[{"href":"https:\/\/www.edition-assemblage.de\/en\/wp-json\/wp\/v2\/buch\/2669","targetHints":{"allow":["GET"]}}],"collection":[{"href":"https:\/\/www.edition-assemblage.de\/en\/wp-json\/wp\/v2\/buch"}],"about":[{"href":"https:\/\/www.edition-assemblage.de\/en\/wp-json\/wp\/v2\/types\/buch"}],"wp:attachment":[{"href":"https:\/\/www.edition-assemblage.de\/en\/wp-json\/wp\/v2\/media?parent=2669"}],"wp:term":[{"taxonomy":"schlagwort","embeddable":true,"href":"https:\/\/www.edition-assemblage.de\/en\/wp-json\/wp\/v2\/schlagwort?post=2669"}],"curies":[{"name":"wp","href":"https:\/\/api.w.org\/{rel}","templated":true}]}}