{"id":2640,"date":"2022-04-28T15:28:11","date_gmt":"2022-04-28T13:28:11","guid":{"rendered":"https:\/\/www.edition-assemblage.de\/?post_type=buch&#038;p=2640"},"modified":"2024-01-23T13:17:35","modified_gmt":"2024-01-23T12:17:35","slug":"yallah-salon","status":"publish","type":"buch","link":"https:\/\/www.edition-assemblage.de\/en\/buecher\/yallah-salon\/","title":{"rendered":"Yallah Salon"},"template":"","schlagwort":[137,140,141,142,164,195,202],"class_list":["post-2640","buch","type-buch","status-publish","hentry","buchkategorie-sachbuch","buchkategorie-lyrik","schlagwort-feminismus","schlagwort-sprache","schlagwort-rassismus","schlagwort-empowerment","schlagwort-intersektionalitaet","schlagwort-care-arbeit","schlagwort-arbeit","entry"],"yoast_head":"<!-- This site is optimized with the Yoast SEO plugin v26.7 - https:\/\/yoast.com\/wordpress\/plugins\/seo\/ -->\n<title>Yallah Salon &#8211; edition assemblage<\/title>\n<meta name=\"description\" content=\"Salon der Perspektiven (Ed.) - Die Beitragenden verhandeln aus unterschiedlichen Perspektiven Fragen rund um die Thematik von Arbeit und Illusion: Kann Arbeit Widerstand sein? Und ist die Verweigerung von Arbeit auch ein Job? Und kann beruflich alles erreicht werden, weil in der digitalen Blase so viel m\u00f6glich scheint? Arbeit durchdringt alle Lebensbereiche und meint nicht nur die kapitalistische Erwerbsarbeit. Es geht auch um die Arbeit, die wir in unser eigenes Leben und \u00dcberleben stecken. Care-Arbeit und Emotional Labor geh\u00f6ren ebenso dazu wie das Aushandeln von Widerspr\u00fcchen und das Paradox Arbeit selbst: Sich den Freiraum zu nehmen, (Erwerbs)Arbeit zu kritisieren und zeitgleich Arbeit als Privileg (und Menschenrecht) anzuerkennen.&nbsp; Arbeit + Illusion l\u00e4dt mit einer Variation aus Illustrationen, Fotos, akademischen Texten, Prosa und Lyrik zu einer Reflexion \u00fcber Machtdimensionen und Ungleichheitsverh\u00e4ltnisse im Arbeitskontext ein. Mit Beitr\u00e4gen von Whitney Agunyego, Shiv\u0101 Amiri, Esra Canpalat, Meryem Choukri, Tha\u00eds Curvelo, Miriam Dzah, FupaMagic, Mariela Georg, Loubna Khaddaj, Limo und Sam Schulz, Marlo, \u015eehnaz M\u00fcld\u00fcr, Nafas, Nerges, nuri, Xinan Pandan, Josephine Papke, Jill Pastore, K\u00fcbra Sariyar, \u015eeyma Sar\u0131y\u0131ld\u0131z, Diana Soares Cardoso, Tinapu Storyteller, \u00d6zlem Tosun, Le Thu Tran, Thu Ho\u00e0i Tr\u1ea7n, Chiny Udeani, Hanna Veiler, Sindi Zeneli\" \/>\n<meta name=\"robots\" content=\"index, follow, max-snippet:-1, max-image-preview:large, max-video-preview:-1\" \/>\n<link rel=\"canonical\" href=\"https:\/\/www.edition-assemblage.de\/en\/buecher\/yallah-salon\/\" \/>\n<meta property=\"og:locale\" content=\"en_US\" \/>\n<meta property=\"og:type\" content=\"article\" \/>\n<meta property=\"og:title\" content=\"Yallah Salon &#8211; edition assemblage\" \/>\n<meta property=\"og:description\" content=\"Salon der Perspektiven (Ed.) - Die Beitragenden verhandeln aus unterschiedlichen Perspektiven Fragen rund um die Thematik von Arbeit und Illusion: Kann Arbeit Widerstand sein? Und ist die Verweigerung von Arbeit auch ein Job? Und kann beruflich alles erreicht werden, weil in der digitalen Blase so viel m\u00f6glich scheint? Arbeit durchdringt alle Lebensbereiche und meint nicht nur die kapitalistische Erwerbsarbeit. Es geht auch um die Arbeit, die wir in unser eigenes Leben und \u00dcberleben stecken. Care-Arbeit und Emotional Labor geh\u00f6ren ebenso dazu wie das Aushandeln von Widerspr\u00fcchen und das Paradox Arbeit selbst: Sich den Freiraum zu nehmen, (Erwerbs)Arbeit zu kritisieren und zeitgleich Arbeit als Privileg (und Menschenrecht) anzuerkennen.&nbsp; Arbeit + Illusion l\u00e4dt mit einer Variation aus Illustrationen, Fotos, akademischen Texten, Prosa und Lyrik zu einer Reflexion \u00fcber Machtdimensionen und Ungleichheitsverh\u00e4ltnisse im Arbeitskontext ein. Mit Beitr\u00e4gen von Whitney Agunyego, Shiv\u0101 Amiri, Esra Canpalat, Meryem Choukri, Tha\u00eds Curvelo, Miriam Dzah, FupaMagic, Mariela Georg, Loubna Khaddaj, Limo und Sam Schulz, Marlo, \u015eehnaz M\u00fcld\u00fcr, Nafas, Nerges, nuri, Xinan Pandan, Josephine Papke, Jill Pastore, K\u00fcbra Sariyar, \u015eeyma Sar\u0131y\u0131ld\u0131z, Diana Soares Cardoso, Tinapu Storyteller, \u00d6zlem Tosun, Le Thu Tran, Thu Ho\u00e0i Tr\u1ea7n, Chiny Udeani, Hanna Veiler, Sindi Zeneli\" \/>\n<meta property=\"og:url\" content=\"https:\/\/www.edition-assemblage.de\/en\/buecher\/yallah-salon\/\" \/>\n<meta property=\"og:site_name\" content=\"edition assemblage\" \/>\n<meta property=\"article:publisher\" content=\"https:\/\/www.facebook.com\/editionassemblage\" \/>\n<meta property=\"article:modified_time\" content=\"2024-01-23T12:17:35+00:00\" \/>\n<meta name=\"twitter:card\" content=\"summary_large_image\" \/>\n<meta name=\"twitter:site\" content=\"@assemblage_news\" \/>\n<script type=\"application\/ld+json\" class=\"yoast-schema-graph\">{\"@context\":\"https:\/\/schema.org\",\"@graph\":[{\"@type\":\"WebPage\",\"@id\":\"https:\/\/www.edition-assemblage.de\/en\/buecher\/yallah-salon\/\",\"url\":\"https:\/\/www.edition-assemblage.de\/en\/buecher\/yallah-salon\/\",\"name\":\"Yallah Salon &#8211; edition assemblage\",\"isPartOf\":{\"@id\":\"https:\/\/www.edition-assemblage.de\/en\/#website\"},\"datePublished\":\"2022-04-28T13:28:11+00:00\",\"dateModified\":\"2024-01-23T12:17:35+00:00\",\"description\":\"Salon der Perspektiven (Ed.) - Die Beitragenden verhandeln aus unterschiedlichen Perspektiven Fragen rund um die Thematik von Arbeit und Illusion: Kann Arbeit Widerstand sein? Und ist die Verweigerung von Arbeit auch ein Job? Und kann beruflich alles erreicht werden, weil in der digitalen Blase so viel m\u00f6glich scheint? Arbeit durchdringt alle Lebensbereiche und meint nicht nur die kapitalistische Erwerbsarbeit. Es geht auch um die Arbeit, die wir in unser eigenes Leben und \u00dcberleben stecken. Care-Arbeit und Emotional Labor geh\u00f6ren ebenso dazu wie das Aushandeln von Widerspr\u00fcchen und das Paradox Arbeit selbst: Sich den Freiraum zu nehmen, (Erwerbs)Arbeit zu kritisieren und zeitgleich Arbeit als Privileg (und Menschenrecht) anzuerkennen.&nbsp; Arbeit + Illusion l\u00e4dt mit einer Variation aus Illustrationen, Fotos, akademischen Texten, Prosa und Lyrik zu einer Reflexion \u00fcber Machtdimensionen und Ungleichheitsverh\u00e4ltnisse im Arbeitskontext ein. Mit Beitr\u00e4gen von Whitney Agunyego, Shiv\u0101 Amiri, Esra Canpalat, Meryem Choukri, Tha\u00eds Curvelo, Miriam Dzah, FupaMagic, Mariela Georg, Loubna Khaddaj, Limo und Sam Schulz, Marlo, \u015eehnaz M\u00fcld\u00fcr, Nafas, Nerges, nuri, Xinan Pandan, Josephine Papke, Jill Pastore, K\u00fcbra Sariyar, \u015eeyma Sar\u0131y\u0131ld\u0131z, Diana Soares Cardoso, Tinapu Storyteller, \u00d6zlem Tosun, Le Thu Tran, Thu Ho\u00e0i Tr\u1ea7n, Chiny Udeani, Hanna Veiler, Sindi Zeneli\",\"breadcrumb\":{\"@id\":\"https:\/\/www.edition-assemblage.de\/en\/buecher\/yallah-salon\/#breadcrumb\"},\"inLanguage\":\"en-US\",\"potentialAction\":[{\"@type\":\"ReadAction\",\"target\":[\"https:\/\/www.edition-assemblage.de\/en\/buecher\/yallah-salon\/\"]}]},{\"@type\":\"BreadcrumbList\",\"@id\":\"https:\/\/www.edition-assemblage.de\/en\/buecher\/yallah-salon\/#breadcrumb\",\"itemListElement\":[{\"@type\":\"ListItem\",\"position\":1,\"name\":\"Startseite\",\"item\":\"https:\/\/www.edition-assemblage.de\/en\/\"},{\"@type\":\"ListItem\",\"position\":2,\"name\":\"B\u00fccher\",\"item\":\"https:\/\/www.edition-assemblage.de\/en\/books\/\"},{\"@type\":\"ListItem\",\"position\":3,\"name\":\"Yallah Salon\"}]},{\"@type\":\"WebSite\",\"@id\":\"https:\/\/www.edition-assemblage.de\/en\/#website\",\"url\":\"https:\/\/www.edition-assemblage.de\/en\/\",\"name\":\"edition assemblage\",\"description\":\"Verlagskollektiv und gesellschaftskritisches, linkes, politisches und publizistisches Netzwerk.\",\"publisher\":{\"@id\":\"https:\/\/www.edition-assemblage.de\/en\/#organization\"},\"potentialAction\":[{\"@type\":\"SearchAction\",\"target\":{\"@type\":\"EntryPoint\",\"urlTemplate\":\"https:\/\/www.edition-assemblage.de\/en\/?s={search_term_string}\"},\"query-input\":{\"@type\":\"PropertyValueSpecification\",\"valueRequired\":true,\"valueName\":\"search_term_string\"}}],\"inLanguage\":\"en-US\"},{\"@type\":\"Organization\",\"@id\":\"https:\/\/www.edition-assemblage.de\/en\/#organization\",\"name\":\"edition assemblage\",\"url\":\"https:\/\/www.edition-assemblage.de\/en\/\",\"logo\":{\"@type\":\"ImageObject\",\"inLanguage\":\"en-US\",\"@id\":\"https:\/\/www.edition-assemblage.de\/en\/#\/schema\/logo\/image\/\",\"url\":\"https:\/\/www.edition-assemblage.de\/wp-content\/uploads\/Logo_2022_3.png\",\"contentUrl\":\"https:\/\/www.edition-assemblage.de\/wp-content\/uploads\/Logo_2022_3.png\",\"width\":1161,\"height\":618,\"caption\":\"edition assemblage\"},\"image\":{\"@id\":\"https:\/\/www.edition-assemblage.de\/en\/#\/schema\/logo\/image\/\"},\"sameAs\":[\"https:\/\/www.facebook.com\/editionassemblage\",\"https:\/\/x.com\/assemblage_news\",\"https:\/\/www.instagram.com\/edition_assemblage\"]}]}<\/script>\n<!-- \/ Yoast SEO plugin. -->","yoast_head_json":{"title":"Yallah Salon &#8211; edition assemblage","description":"Salon der Perspektiven (Ed.) - Die Beitragenden verhandeln aus unterschiedlichen Perspektiven Fragen rund um die Thematik von Arbeit und Illusion: Kann Arbeit Widerstand sein? Und ist die Verweigerung von Arbeit auch ein Job? Und kann beruflich alles erreicht werden, weil in der digitalen Blase so viel m\u00f6glich scheint? Arbeit durchdringt alle Lebensbereiche und meint nicht nur die kapitalistische Erwerbsarbeit. Es geht auch um die Arbeit, die wir in unser eigenes Leben und \u00dcberleben stecken. Care-Arbeit und Emotional Labor geh\u00f6ren ebenso dazu wie das Aushandeln von Widerspr\u00fcchen und das Paradox Arbeit selbst: Sich den Freiraum zu nehmen, (Erwerbs)Arbeit zu kritisieren und zeitgleich Arbeit als Privileg (und Menschenrecht) anzuerkennen.&nbsp; Arbeit + Illusion l\u00e4dt mit einer Variation aus Illustrationen, Fotos, akademischen Texten, Prosa und Lyrik zu einer Reflexion \u00fcber Machtdimensionen und Ungleichheitsverh\u00e4ltnisse im Arbeitskontext ein. Mit Beitr\u00e4gen von Whitney Agunyego, Shiv\u0101 Amiri, Esra Canpalat, Meryem Choukri, Tha\u00eds Curvelo, Miriam Dzah, FupaMagic, Mariela Georg, Loubna Khaddaj, Limo und Sam Schulz, Marlo, \u015eehnaz M\u00fcld\u00fcr, Nafas, Nerges, nuri, Xinan Pandan, Josephine Papke, Jill Pastore, K\u00fcbra Sariyar, \u015eeyma Sar\u0131y\u0131ld\u0131z, Diana Soares Cardoso, Tinapu Storyteller, \u00d6zlem Tosun, Le Thu Tran, Thu Ho\u00e0i Tr\u1ea7n, Chiny Udeani, Hanna Veiler, Sindi Zeneli","robots":{"index":"index","follow":"follow","max-snippet":"max-snippet:-1","max-image-preview":"max-image-preview:large","max-video-preview":"max-video-preview:-1"},"canonical":"https:\/\/www.edition-assemblage.de\/en\/buecher\/yallah-salon\/","og_locale":"en_US","og_type":"article","og_title":"Yallah Salon &#8211; edition assemblage","og_description":"Salon der Perspektiven (Ed.) - Die Beitragenden verhandeln aus unterschiedlichen Perspektiven Fragen rund um die Thematik von Arbeit und Illusion: Kann Arbeit Widerstand sein? Und ist die Verweigerung von Arbeit auch ein Job? Und kann beruflich alles erreicht werden, weil in der digitalen Blase so viel m\u00f6glich scheint? Arbeit durchdringt alle Lebensbereiche und meint nicht nur die kapitalistische Erwerbsarbeit. Es geht auch um die Arbeit, die wir in unser eigenes Leben und \u00dcberleben stecken. Care-Arbeit und Emotional Labor geh\u00f6ren ebenso dazu wie das Aushandeln von Widerspr\u00fcchen und das Paradox Arbeit selbst: Sich den Freiraum zu nehmen, (Erwerbs)Arbeit zu kritisieren und zeitgleich Arbeit als Privileg (und Menschenrecht) anzuerkennen.&nbsp; Arbeit + Illusion l\u00e4dt mit einer Variation aus Illustrationen, Fotos, akademischen Texten, Prosa und Lyrik zu einer Reflexion \u00fcber Machtdimensionen und Ungleichheitsverh\u00e4ltnisse im Arbeitskontext ein. Mit Beitr\u00e4gen von Whitney Agunyego, Shiv\u0101 Amiri, Esra Canpalat, Meryem Choukri, Tha\u00eds Curvelo, Miriam Dzah, FupaMagic, Mariela Georg, Loubna Khaddaj, Limo und Sam Schulz, Marlo, \u015eehnaz M\u00fcld\u00fcr, Nafas, Nerges, nuri, Xinan Pandan, Josephine Papke, Jill Pastore, K\u00fcbra Sariyar, \u015eeyma Sar\u0131y\u0131ld\u0131z, Diana Soares Cardoso, Tinapu Storyteller, \u00d6zlem Tosun, Le Thu Tran, Thu Ho\u00e0i Tr\u1ea7n, Chiny Udeani, Hanna Veiler, Sindi Zeneli","og_url":"https:\/\/www.edition-assemblage.de\/en\/buecher\/yallah-salon\/","og_site_name":"edition assemblage","article_publisher":"https:\/\/www.facebook.com\/editionassemblage","article_modified_time":"2024-01-23T12:17:35+00:00","twitter_card":"summary_large_image","twitter_site":"@assemblage_news","schema":{"@context":"https:\/\/schema.org","@graph":[{"@type":"WebPage","@id":"https:\/\/www.edition-assemblage.de\/en\/buecher\/yallah-salon\/","url":"https:\/\/www.edition-assemblage.de\/en\/buecher\/yallah-salon\/","name":"Yallah Salon &#8211; edition assemblage","isPartOf":{"@id":"https:\/\/www.edition-assemblage.de\/en\/#website"},"datePublished":"2022-04-28T13:28:11+00:00","dateModified":"2024-01-23T12:17:35+00:00","description":"Salon der Perspektiven (Ed.) - Die Beitragenden verhandeln aus unterschiedlichen Perspektiven Fragen rund um die Thematik von Arbeit und Illusion: Kann Arbeit Widerstand sein? Und ist die Verweigerung von Arbeit auch ein Job? Und kann beruflich alles erreicht werden, weil in der digitalen Blase so viel m\u00f6glich scheint? Arbeit durchdringt alle Lebensbereiche und meint nicht nur die kapitalistische Erwerbsarbeit. Es geht auch um die Arbeit, die wir in unser eigenes Leben und \u00dcberleben stecken. Care-Arbeit und Emotional Labor geh\u00f6ren ebenso dazu wie das Aushandeln von Widerspr\u00fcchen und das Paradox Arbeit selbst: Sich den Freiraum zu nehmen, (Erwerbs)Arbeit zu kritisieren und zeitgleich Arbeit als Privileg (und Menschenrecht) anzuerkennen.&nbsp; Arbeit + Illusion l\u00e4dt mit einer Variation aus Illustrationen, Fotos, akademischen Texten, Prosa und Lyrik zu einer Reflexion \u00fcber Machtdimensionen und Ungleichheitsverh\u00e4ltnisse im Arbeitskontext ein. Mit Beitr\u00e4gen von Whitney Agunyego, Shiv\u0101 Amiri, Esra Canpalat, Meryem Choukri, Tha\u00eds Curvelo, Miriam Dzah, FupaMagic, Mariela Georg, Loubna Khaddaj, Limo und Sam Schulz, Marlo, \u015eehnaz M\u00fcld\u00fcr, Nafas, Nerges, nuri, Xinan Pandan, Josephine Papke, Jill Pastore, K\u00fcbra Sariyar, \u015eeyma Sar\u0131y\u0131ld\u0131z, Diana Soares Cardoso, Tinapu Storyteller, \u00d6zlem Tosun, Le Thu Tran, Thu Ho\u00e0i Tr\u1ea7n, Chiny Udeani, Hanna Veiler, Sindi Zeneli","breadcrumb":{"@id":"https:\/\/www.edition-assemblage.de\/en\/buecher\/yallah-salon\/#breadcrumb"},"inLanguage":"en-US","potentialAction":[{"@type":"ReadAction","target":["https:\/\/www.edition-assemblage.de\/en\/buecher\/yallah-salon\/"]}]},{"@type":"BreadcrumbList","@id":"https:\/\/www.edition-assemblage.de\/en\/buecher\/yallah-salon\/#breadcrumb","itemListElement":[{"@type":"ListItem","position":1,"name":"Startseite","item":"https:\/\/www.edition-assemblage.de\/en\/"},{"@type":"ListItem","position":2,"name":"B\u00fccher","item":"https:\/\/www.edition-assemblage.de\/en\/books\/"},{"@type":"ListItem","position":3,"name":"Yallah Salon"}]},{"@type":"WebSite","@id":"https:\/\/www.edition-assemblage.de\/en\/#website","url":"https:\/\/www.edition-assemblage.de\/en\/","name":"edition assemblage","description":"Verlagskollektiv und gesellschaftskritisches, linkes, politisches und publizistisches Netzwerk.","publisher":{"@id":"https:\/\/www.edition-assemblage.de\/en\/#organization"},"potentialAction":[{"@type":"SearchAction","target":{"@type":"EntryPoint","urlTemplate":"https:\/\/www.edition-assemblage.de\/en\/?s={search_term_string}"},"query-input":{"@type":"PropertyValueSpecification","valueRequired":true,"valueName":"search_term_string"}}],"inLanguage":"en-US"},{"@type":"Organization","@id":"https:\/\/www.edition-assemblage.de\/en\/#organization","name":"edition assemblage","url":"https:\/\/www.edition-assemblage.de\/en\/","logo":{"@type":"ImageObject","inLanguage":"en-US","@id":"https:\/\/www.edition-assemblage.de\/en\/#\/schema\/logo\/image\/","url":"https:\/\/www.edition-assemblage.de\/wp-content\/uploads\/Logo_2022_3.png","contentUrl":"https:\/\/www.edition-assemblage.de\/wp-content\/uploads\/Logo_2022_3.png","width":1161,"height":618,"caption":"edition assemblage"},"image":{"@id":"https:\/\/www.edition-assemblage.de\/en\/#\/schema\/logo\/image\/"},"sameAs":["https:\/\/www.facebook.com\/editionassemblage","https:\/\/x.com\/assemblage_news","https:\/\/www.instagram.com\/edition_assemblage"]}]}},"_links":{"self":[{"href":"https:\/\/www.edition-assemblage.de\/en\/wp-json\/wp\/v2\/buch\/2640","targetHints":{"allow":["GET"]}}],"collection":[{"href":"https:\/\/www.edition-assemblage.de\/en\/wp-json\/wp\/v2\/buch"}],"about":[{"href":"https:\/\/www.edition-assemblage.de\/en\/wp-json\/wp\/v2\/types\/buch"}],"wp:attachment":[{"href":"https:\/\/www.edition-assemblage.de\/en\/wp-json\/wp\/v2\/media?parent=2640"}],"wp:term":[{"taxonomy":"schlagwort","embeddable":true,"href":"https:\/\/www.edition-assemblage.de\/en\/wp-json\/wp\/v2\/schlagwort?post=2640"}],"curies":[{"name":"wp","href":"https:\/\/api.w.org\/{rel}","templated":true}]}}