{"id":1986,"date":"2022-03-25T11:12:27","date_gmt":"2022-03-25T10:12:27","guid":{"rendered":"https:\/\/www.edition-assemblage.de\/?post_type=buch&#038;p=1986"},"modified":"2022-03-28T16:21:09","modified_gmt":"2022-03-28T14:21:09","slug":"kampf-um-rojava-kampf-um-die-tuerkei","status":"publish","type":"buch","link":"https:\/\/www.edition-assemblage.de\/en\/buecher\/kampf-um-rojava-kampf-um-die-tuerkei\/","title":{"rendered":"Kampf um Rojava, Kampf um die T\u00fcrkei"},"template":"","schlagwort":[159,165,172,182],"class_list":["post-1986","buch","type-buch","status-publish","hentry","buchkategorie-sachbuch","schlagwort-transformation","schlagwort-aktivismus","schlagwort-revolution","schlagwort-tuerkei","entry"],"yoast_head":"<!-- This site is optimized with the Yoast SEO plugin v26.7 - https:\/\/yoast.com\/wordpress\/plugins\/seo\/ -->\n<title>Kampf um Rojava, Kampf um die T\u00fcrkei &#8211; edition assemblage<\/title>\n<meta name=\"description\" content=\"Ismail K\u00fcpeli (Ed.) - Der t\u00fcrkische Staat negiert seit seiner Gr\u00fcndung 1923 die Existenz der kurdischen Bev\u00f6lkerung in der T\u00fcrkei und im Nahen Osten. Und selbst heute zielt die t\u00fcrkische Innen- und Au\u00dfenpolitik darauf ab, die Kurd_innen weder in der T\u00fcrkei noch in der Region \u00fcber politische Macht verf\u00fcgen zu lassen. Der Krieg in den kurdischen Gebieten der T\u00fcrkei und die Angriffe der T\u00fcrkei auf die syrisch-kurdische Autonomieregion Rojava sind Facetten der t\u00fcrkischen Politik, die zum Ziel hat, die Kurd_innen in der gesamten Region zur\u00fcckzudr\u00e4ngen. W\u00e4hrend wir einerseits eine gro\u00dfe \u00dcberscheidung in der gegenw\u00e4rtigen Politik der AKP-Regierung und ihren Vorg\u00e4nger_innen erkennen k\u00f6nnen, ist gleichzeitig in der \u00f6ffentlichen Debatte der Eindruck vermittelt worden, dass die Kurd_innenpolitik der T\u00fcrkei in den letzten Jahren sich unvermittelt und unerkl\u00e4rlich mehrfach gewendet h\u00e4tte. Dabei bleibt unbeachtet, dass der Friedensprozess von der AKP so gef\u00fchrt wurde, dass die R\u00fcckkehr des Krieges keine \u00dcberraschung ist. Ebenso wird vergessen, dass das \u201eZuckerbrot\u201c Friedensprozess immer begleitet war von der \u201ePeitsche\u201c, n\u00e4mlich die massive Repression gegen die Kurd_innen und die Androhung eines Krieges. Rosa Bur\u00e7, Meral \u00c7\u0131nar, Axel Gehring, Alp Kayserilio\u011flu, Ismail K\u00fcpeli, Kerem Schamberger und Mahir Tokatl\u0131 richten mit ihren Beitr\u00e4gen den Blick auf Zusammenh\u00e4nge, die in der \u00f6ffentlichen Debatte unterbelichtet bleiben. So werden sowohl die politische und gesellschaftliche Entwicklungen in der T\u00fcrkei analysiert, wozu selbstverst\u00e4ndlich auch eine intensive Debatte um die Frauenbewegung in der T\u00fcrkei geh\u00f6rt. Ausgehend von der zentralen Bedeutung der \u201eKurdenfrage\u201c ger\u00e4t dann die Perspektive auf die andere Seite der nationalstaatlichen Grenzen, nach Rojava. Hier wird einerseits danach gefragt, ob Rojava eine Alternative zum Nationalstaat darstellt. Und andererseits werden die Folgen des Afrin-Krieges sowohl f\u00fcr Rojava als auch f\u00fcr die T\u00fcrkei selbst betrachtet.\" \/>\n<meta name=\"robots\" content=\"index, follow, max-snippet:-1, max-image-preview:large, max-video-preview:-1\" \/>\n<link rel=\"canonical\" href=\"https:\/\/www.edition-assemblage.de\/en\/buecher\/kampf-um-rojava-kampf-um-die-tuerkei\/\" \/>\n<meta property=\"og:locale\" content=\"en_US\" \/>\n<meta property=\"og:type\" content=\"article\" \/>\n<meta property=\"og:title\" content=\"Kampf um Rojava, Kampf um die T\u00fcrkei &#8211; edition assemblage\" \/>\n<meta property=\"og:description\" content=\"Ismail K\u00fcpeli (Ed.) - Der t\u00fcrkische Staat negiert seit seiner Gr\u00fcndung 1923 die Existenz der kurdischen Bev\u00f6lkerung in der T\u00fcrkei und im Nahen Osten. Und selbst heute zielt die t\u00fcrkische Innen- und Au\u00dfenpolitik darauf ab, die Kurd_innen weder in der T\u00fcrkei noch in der Region \u00fcber politische Macht verf\u00fcgen zu lassen. Der Krieg in den kurdischen Gebieten der T\u00fcrkei und die Angriffe der T\u00fcrkei auf die syrisch-kurdische Autonomieregion Rojava sind Facetten der t\u00fcrkischen Politik, die zum Ziel hat, die Kurd_innen in der gesamten Region zur\u00fcckzudr\u00e4ngen. W\u00e4hrend wir einerseits eine gro\u00dfe \u00dcberscheidung in der gegenw\u00e4rtigen Politik der AKP-Regierung und ihren Vorg\u00e4nger_innen erkennen k\u00f6nnen, ist gleichzeitig in der \u00f6ffentlichen Debatte der Eindruck vermittelt worden, dass die Kurd_innenpolitik der T\u00fcrkei in den letzten Jahren sich unvermittelt und unerkl\u00e4rlich mehrfach gewendet h\u00e4tte. Dabei bleibt unbeachtet, dass der Friedensprozess von der AKP so gef\u00fchrt wurde, dass die R\u00fcckkehr des Krieges keine \u00dcberraschung ist. Ebenso wird vergessen, dass das \u201eZuckerbrot\u201c Friedensprozess immer begleitet war von der \u201ePeitsche\u201c, n\u00e4mlich die massive Repression gegen die Kurd_innen und die Androhung eines Krieges. Rosa Bur\u00e7, Meral \u00c7\u0131nar, Axel Gehring, Alp Kayserilio\u011flu, Ismail K\u00fcpeli, Kerem Schamberger und Mahir Tokatl\u0131 richten mit ihren Beitr\u00e4gen den Blick auf Zusammenh\u00e4nge, die in der \u00f6ffentlichen Debatte unterbelichtet bleiben. So werden sowohl die politische und gesellschaftliche Entwicklungen in der T\u00fcrkei analysiert, wozu selbstverst\u00e4ndlich auch eine intensive Debatte um die Frauenbewegung in der T\u00fcrkei geh\u00f6rt. Ausgehend von der zentralen Bedeutung der \u201eKurdenfrage\u201c ger\u00e4t dann die Perspektive auf die andere Seite der nationalstaatlichen Grenzen, nach Rojava. Hier wird einerseits danach gefragt, ob Rojava eine Alternative zum Nationalstaat darstellt. Und andererseits werden die Folgen des Afrin-Krieges sowohl f\u00fcr Rojava als auch f\u00fcr die T\u00fcrkei selbst betrachtet.\" \/>\n<meta property=\"og:url\" content=\"https:\/\/www.edition-assemblage.de\/en\/buecher\/kampf-um-rojava-kampf-um-die-tuerkei\/\" \/>\n<meta property=\"og:site_name\" content=\"edition assemblage\" \/>\n<meta property=\"article:publisher\" content=\"https:\/\/www.facebook.com\/editionassemblage\" \/>\n<meta property=\"article:modified_time\" content=\"2022-03-28T14:21:09+00:00\" \/>\n<meta name=\"twitter:card\" content=\"summary_large_image\" \/>\n<meta name=\"twitter:site\" content=\"@assemblage_news\" \/>\n<script type=\"application\/ld+json\" class=\"yoast-schema-graph\">{\"@context\":\"https:\/\/schema.org\",\"@graph\":[{\"@type\":\"WebPage\",\"@id\":\"https:\/\/www.edition-assemblage.de\/en\/buecher\/kampf-um-rojava-kampf-um-die-tuerkei\/\",\"url\":\"https:\/\/www.edition-assemblage.de\/en\/buecher\/kampf-um-rojava-kampf-um-die-tuerkei\/\",\"name\":\"Kampf um Rojava, Kampf um die T\u00fcrkei &#8211; edition assemblage\",\"isPartOf\":{\"@id\":\"https:\/\/www.edition-assemblage.de\/en\/#website\"},\"datePublished\":\"2022-03-25T10:12:27+00:00\",\"dateModified\":\"2022-03-28T14:21:09+00:00\",\"description\":\"Ismail K\u00fcpeli (Ed.) - Der t\u00fcrkische Staat negiert seit seiner Gr\u00fcndung 1923 die Existenz der kurdischen Bev\u00f6lkerung in der T\u00fcrkei und im Nahen Osten. Und selbst heute zielt die t\u00fcrkische Innen- und Au\u00dfenpolitik darauf ab, die Kurd_innen weder in der T\u00fcrkei noch in der Region \u00fcber politische Macht verf\u00fcgen zu lassen. Der Krieg in den kurdischen Gebieten der T\u00fcrkei und die Angriffe der T\u00fcrkei auf die syrisch-kurdische Autonomieregion Rojava sind Facetten der t\u00fcrkischen Politik, die zum Ziel hat, die Kurd_innen in der gesamten Region zur\u00fcckzudr\u00e4ngen. W\u00e4hrend wir einerseits eine gro\u00dfe \u00dcberscheidung in der gegenw\u00e4rtigen Politik der AKP-Regierung und ihren Vorg\u00e4nger_innen erkennen k\u00f6nnen, ist gleichzeitig in der \u00f6ffentlichen Debatte der Eindruck vermittelt worden, dass die Kurd_innenpolitik der T\u00fcrkei in den letzten Jahren sich unvermittelt und unerkl\u00e4rlich mehrfach gewendet h\u00e4tte. Dabei bleibt unbeachtet, dass der Friedensprozess von der AKP so gef\u00fchrt wurde, dass die R\u00fcckkehr des Krieges keine \u00dcberraschung ist. Ebenso wird vergessen, dass das \u201eZuckerbrot\u201c Friedensprozess immer begleitet war von der \u201ePeitsche\u201c, n\u00e4mlich die massive Repression gegen die Kurd_innen und die Androhung eines Krieges. Rosa Bur\u00e7, Meral \u00c7\u0131nar, Axel Gehring, Alp Kayserilio\u011flu, Ismail K\u00fcpeli, Kerem Schamberger und Mahir Tokatl\u0131 richten mit ihren Beitr\u00e4gen den Blick auf Zusammenh\u00e4nge, die in der \u00f6ffentlichen Debatte unterbelichtet bleiben. So werden sowohl die politische und gesellschaftliche Entwicklungen in der T\u00fcrkei analysiert, wozu selbstverst\u00e4ndlich auch eine intensive Debatte um die Frauenbewegung in der T\u00fcrkei geh\u00f6rt. Ausgehend von der zentralen Bedeutung der \u201eKurdenfrage\u201c ger\u00e4t dann die Perspektive auf die andere Seite der nationalstaatlichen Grenzen, nach Rojava. Hier wird einerseits danach gefragt, ob Rojava eine Alternative zum Nationalstaat darstellt. Und andererseits werden die Folgen des Afrin-Krieges sowohl f\u00fcr Rojava als auch f\u00fcr die T\u00fcrkei selbst betrachtet.\",\"breadcrumb\":{\"@id\":\"https:\/\/www.edition-assemblage.de\/en\/buecher\/kampf-um-rojava-kampf-um-die-tuerkei\/#breadcrumb\"},\"inLanguage\":\"en-US\",\"potentialAction\":[{\"@type\":\"ReadAction\",\"target\":[\"https:\/\/www.edition-assemblage.de\/en\/buecher\/kampf-um-rojava-kampf-um-die-tuerkei\/\"]}]},{\"@type\":\"BreadcrumbList\",\"@id\":\"https:\/\/www.edition-assemblage.de\/en\/buecher\/kampf-um-rojava-kampf-um-die-tuerkei\/#breadcrumb\",\"itemListElement\":[{\"@type\":\"ListItem\",\"position\":1,\"name\":\"Startseite\",\"item\":\"https:\/\/www.edition-assemblage.de\/en\/\"},{\"@type\":\"ListItem\",\"position\":2,\"name\":\"B\u00fccher\",\"item\":\"https:\/\/www.edition-assemblage.de\/en\/books\/\"},{\"@type\":\"ListItem\",\"position\":3,\"name\":\"Kampf um Rojava, Kampf um die T\u00fcrkei\"}]},{\"@type\":\"WebSite\",\"@id\":\"https:\/\/www.edition-assemblage.de\/en\/#website\",\"url\":\"https:\/\/www.edition-assemblage.de\/en\/\",\"name\":\"edition assemblage\",\"description\":\"Verlagskollektiv und gesellschaftskritisches, linkes, politisches und publizistisches Netzwerk.\",\"publisher\":{\"@id\":\"https:\/\/www.edition-assemblage.de\/en\/#organization\"},\"potentialAction\":[{\"@type\":\"SearchAction\",\"target\":{\"@type\":\"EntryPoint\",\"urlTemplate\":\"https:\/\/www.edition-assemblage.de\/en\/?s={search_term_string}\"},\"query-input\":{\"@type\":\"PropertyValueSpecification\",\"valueRequired\":true,\"valueName\":\"search_term_string\"}}],\"inLanguage\":\"en-US\"},{\"@type\":\"Organization\",\"@id\":\"https:\/\/www.edition-assemblage.de\/en\/#organization\",\"name\":\"edition assemblage\",\"url\":\"https:\/\/www.edition-assemblage.de\/en\/\",\"logo\":{\"@type\":\"ImageObject\",\"inLanguage\":\"en-US\",\"@id\":\"https:\/\/www.edition-assemblage.de\/en\/#\/schema\/logo\/image\/\",\"url\":\"https:\/\/www.edition-assemblage.de\/wp-content\/uploads\/Logo_2022_3.png\",\"contentUrl\":\"https:\/\/www.edition-assemblage.de\/wp-content\/uploads\/Logo_2022_3.png\",\"width\":1161,\"height\":618,\"caption\":\"edition assemblage\"},\"image\":{\"@id\":\"https:\/\/www.edition-assemblage.de\/en\/#\/schema\/logo\/image\/\"},\"sameAs\":[\"https:\/\/www.facebook.com\/editionassemblage\",\"https:\/\/x.com\/assemblage_news\",\"https:\/\/www.instagram.com\/edition_assemblage\"]}]}<\/script>\n<!-- \/ Yoast SEO plugin. -->","yoast_head_json":{"title":"Kampf um Rojava, Kampf um die T\u00fcrkei &#8211; edition assemblage","description":"Ismail K\u00fcpeli (Ed.) - Der t\u00fcrkische Staat negiert seit seiner Gr\u00fcndung 1923 die Existenz der kurdischen Bev\u00f6lkerung in der T\u00fcrkei und im Nahen Osten. Und selbst heute zielt die t\u00fcrkische Innen- und Au\u00dfenpolitik darauf ab, die Kurd_innen weder in der T\u00fcrkei noch in der Region \u00fcber politische Macht verf\u00fcgen zu lassen. Der Krieg in den kurdischen Gebieten der T\u00fcrkei und die Angriffe der T\u00fcrkei auf die syrisch-kurdische Autonomieregion Rojava sind Facetten der t\u00fcrkischen Politik, die zum Ziel hat, die Kurd_innen in der gesamten Region zur\u00fcckzudr\u00e4ngen. W\u00e4hrend wir einerseits eine gro\u00dfe \u00dcberscheidung in der gegenw\u00e4rtigen Politik der AKP-Regierung und ihren Vorg\u00e4nger_innen erkennen k\u00f6nnen, ist gleichzeitig in der \u00f6ffentlichen Debatte der Eindruck vermittelt worden, dass die Kurd_innenpolitik der T\u00fcrkei in den letzten Jahren sich unvermittelt und unerkl\u00e4rlich mehrfach gewendet h\u00e4tte. Dabei bleibt unbeachtet, dass der Friedensprozess von der AKP so gef\u00fchrt wurde, dass die R\u00fcckkehr des Krieges keine \u00dcberraschung ist. Ebenso wird vergessen, dass das \u201eZuckerbrot\u201c Friedensprozess immer begleitet war von der \u201ePeitsche\u201c, n\u00e4mlich die massive Repression gegen die Kurd_innen und die Androhung eines Krieges. Rosa Bur\u00e7, Meral \u00c7\u0131nar, Axel Gehring, Alp Kayserilio\u011flu, Ismail K\u00fcpeli, Kerem Schamberger und Mahir Tokatl\u0131 richten mit ihren Beitr\u00e4gen den Blick auf Zusammenh\u00e4nge, die in der \u00f6ffentlichen Debatte unterbelichtet bleiben. So werden sowohl die politische und gesellschaftliche Entwicklungen in der T\u00fcrkei analysiert, wozu selbstverst\u00e4ndlich auch eine intensive Debatte um die Frauenbewegung in der T\u00fcrkei geh\u00f6rt. Ausgehend von der zentralen Bedeutung der \u201eKurdenfrage\u201c ger\u00e4t dann die Perspektive auf die andere Seite der nationalstaatlichen Grenzen, nach Rojava. Hier wird einerseits danach gefragt, ob Rojava eine Alternative zum Nationalstaat darstellt. Und andererseits werden die Folgen des Afrin-Krieges sowohl f\u00fcr Rojava als auch f\u00fcr die T\u00fcrkei selbst betrachtet.","robots":{"index":"index","follow":"follow","max-snippet":"max-snippet:-1","max-image-preview":"max-image-preview:large","max-video-preview":"max-video-preview:-1"},"canonical":"https:\/\/www.edition-assemblage.de\/en\/buecher\/kampf-um-rojava-kampf-um-die-tuerkei\/","og_locale":"en_US","og_type":"article","og_title":"Kampf um Rojava, Kampf um die T\u00fcrkei &#8211; edition assemblage","og_description":"Ismail K\u00fcpeli (Ed.) - Der t\u00fcrkische Staat negiert seit seiner Gr\u00fcndung 1923 die Existenz der kurdischen Bev\u00f6lkerung in der T\u00fcrkei und im Nahen Osten. Und selbst heute zielt die t\u00fcrkische Innen- und Au\u00dfenpolitik darauf ab, die Kurd_innen weder in der T\u00fcrkei noch in der Region \u00fcber politische Macht verf\u00fcgen zu lassen. Der Krieg in den kurdischen Gebieten der T\u00fcrkei und die Angriffe der T\u00fcrkei auf die syrisch-kurdische Autonomieregion Rojava sind Facetten der t\u00fcrkischen Politik, die zum Ziel hat, die Kurd_innen in der gesamten Region zur\u00fcckzudr\u00e4ngen. W\u00e4hrend wir einerseits eine gro\u00dfe \u00dcberscheidung in der gegenw\u00e4rtigen Politik der AKP-Regierung und ihren Vorg\u00e4nger_innen erkennen k\u00f6nnen, ist gleichzeitig in der \u00f6ffentlichen Debatte der Eindruck vermittelt worden, dass die Kurd_innenpolitik der T\u00fcrkei in den letzten Jahren sich unvermittelt und unerkl\u00e4rlich mehrfach gewendet h\u00e4tte. Dabei bleibt unbeachtet, dass der Friedensprozess von der AKP so gef\u00fchrt wurde, dass die R\u00fcckkehr des Krieges keine \u00dcberraschung ist. Ebenso wird vergessen, dass das \u201eZuckerbrot\u201c Friedensprozess immer begleitet war von der \u201ePeitsche\u201c, n\u00e4mlich die massive Repression gegen die Kurd_innen und die Androhung eines Krieges. Rosa Bur\u00e7, Meral \u00c7\u0131nar, Axel Gehring, Alp Kayserilio\u011flu, Ismail K\u00fcpeli, Kerem Schamberger und Mahir Tokatl\u0131 richten mit ihren Beitr\u00e4gen den Blick auf Zusammenh\u00e4nge, die in der \u00f6ffentlichen Debatte unterbelichtet bleiben. So werden sowohl die politische und gesellschaftliche Entwicklungen in der T\u00fcrkei analysiert, wozu selbstverst\u00e4ndlich auch eine intensive Debatte um die Frauenbewegung in der T\u00fcrkei geh\u00f6rt. Ausgehend von der zentralen Bedeutung der \u201eKurdenfrage\u201c ger\u00e4t dann die Perspektive auf die andere Seite der nationalstaatlichen Grenzen, nach Rojava. Hier wird einerseits danach gefragt, ob Rojava eine Alternative zum Nationalstaat darstellt. Und andererseits werden die Folgen des Afrin-Krieges sowohl f\u00fcr Rojava als auch f\u00fcr die T\u00fcrkei selbst betrachtet.","og_url":"https:\/\/www.edition-assemblage.de\/en\/buecher\/kampf-um-rojava-kampf-um-die-tuerkei\/","og_site_name":"edition assemblage","article_publisher":"https:\/\/www.facebook.com\/editionassemblage","article_modified_time":"2022-03-28T14:21:09+00:00","twitter_card":"summary_large_image","twitter_site":"@assemblage_news","schema":{"@context":"https:\/\/schema.org","@graph":[{"@type":"WebPage","@id":"https:\/\/www.edition-assemblage.de\/en\/buecher\/kampf-um-rojava-kampf-um-die-tuerkei\/","url":"https:\/\/www.edition-assemblage.de\/en\/buecher\/kampf-um-rojava-kampf-um-die-tuerkei\/","name":"Kampf um Rojava, Kampf um die T\u00fcrkei &#8211; edition assemblage","isPartOf":{"@id":"https:\/\/www.edition-assemblage.de\/en\/#website"},"datePublished":"2022-03-25T10:12:27+00:00","dateModified":"2022-03-28T14:21:09+00:00","description":"Ismail K\u00fcpeli (Ed.) - Der t\u00fcrkische Staat negiert seit seiner Gr\u00fcndung 1923 die Existenz der kurdischen Bev\u00f6lkerung in der T\u00fcrkei und im Nahen Osten. Und selbst heute zielt die t\u00fcrkische Innen- und Au\u00dfenpolitik darauf ab, die Kurd_innen weder in der T\u00fcrkei noch in der Region \u00fcber politische Macht verf\u00fcgen zu lassen. Der Krieg in den kurdischen Gebieten der T\u00fcrkei und die Angriffe der T\u00fcrkei auf die syrisch-kurdische Autonomieregion Rojava sind Facetten der t\u00fcrkischen Politik, die zum Ziel hat, die Kurd_innen in der gesamten Region zur\u00fcckzudr\u00e4ngen. W\u00e4hrend wir einerseits eine gro\u00dfe \u00dcberscheidung in der gegenw\u00e4rtigen Politik der AKP-Regierung und ihren Vorg\u00e4nger_innen erkennen k\u00f6nnen, ist gleichzeitig in der \u00f6ffentlichen Debatte der Eindruck vermittelt worden, dass die Kurd_innenpolitik der T\u00fcrkei in den letzten Jahren sich unvermittelt und unerkl\u00e4rlich mehrfach gewendet h\u00e4tte. Dabei bleibt unbeachtet, dass der Friedensprozess von der AKP so gef\u00fchrt wurde, dass die R\u00fcckkehr des Krieges keine \u00dcberraschung ist. Ebenso wird vergessen, dass das \u201eZuckerbrot\u201c Friedensprozess immer begleitet war von der \u201ePeitsche\u201c, n\u00e4mlich die massive Repression gegen die Kurd_innen und die Androhung eines Krieges. Rosa Bur\u00e7, Meral \u00c7\u0131nar, Axel Gehring, Alp Kayserilio\u011flu, Ismail K\u00fcpeli, Kerem Schamberger und Mahir Tokatl\u0131 richten mit ihren Beitr\u00e4gen den Blick auf Zusammenh\u00e4nge, die in der \u00f6ffentlichen Debatte unterbelichtet bleiben. So werden sowohl die politische und gesellschaftliche Entwicklungen in der T\u00fcrkei analysiert, wozu selbstverst\u00e4ndlich auch eine intensive Debatte um die Frauenbewegung in der T\u00fcrkei geh\u00f6rt. Ausgehend von der zentralen Bedeutung der \u201eKurdenfrage\u201c ger\u00e4t dann die Perspektive auf die andere Seite der nationalstaatlichen Grenzen, nach Rojava. Hier wird einerseits danach gefragt, ob Rojava eine Alternative zum Nationalstaat darstellt. Und andererseits werden die Folgen des Afrin-Krieges sowohl f\u00fcr Rojava als auch f\u00fcr die T\u00fcrkei selbst betrachtet.","breadcrumb":{"@id":"https:\/\/www.edition-assemblage.de\/en\/buecher\/kampf-um-rojava-kampf-um-die-tuerkei\/#breadcrumb"},"inLanguage":"en-US","potentialAction":[{"@type":"ReadAction","target":["https:\/\/www.edition-assemblage.de\/en\/buecher\/kampf-um-rojava-kampf-um-die-tuerkei\/"]}]},{"@type":"BreadcrumbList","@id":"https:\/\/www.edition-assemblage.de\/en\/buecher\/kampf-um-rojava-kampf-um-die-tuerkei\/#breadcrumb","itemListElement":[{"@type":"ListItem","position":1,"name":"Startseite","item":"https:\/\/www.edition-assemblage.de\/en\/"},{"@type":"ListItem","position":2,"name":"B\u00fccher","item":"https:\/\/www.edition-assemblage.de\/en\/books\/"},{"@type":"ListItem","position":3,"name":"Kampf um Rojava, Kampf um die T\u00fcrkei"}]},{"@type":"WebSite","@id":"https:\/\/www.edition-assemblage.de\/en\/#website","url":"https:\/\/www.edition-assemblage.de\/en\/","name":"edition assemblage","description":"Verlagskollektiv und gesellschaftskritisches, linkes, politisches und publizistisches Netzwerk.","publisher":{"@id":"https:\/\/www.edition-assemblage.de\/en\/#organization"},"potentialAction":[{"@type":"SearchAction","target":{"@type":"EntryPoint","urlTemplate":"https:\/\/www.edition-assemblage.de\/en\/?s={search_term_string}"},"query-input":{"@type":"PropertyValueSpecification","valueRequired":true,"valueName":"search_term_string"}}],"inLanguage":"en-US"},{"@type":"Organization","@id":"https:\/\/www.edition-assemblage.de\/en\/#organization","name":"edition assemblage","url":"https:\/\/www.edition-assemblage.de\/en\/","logo":{"@type":"ImageObject","inLanguage":"en-US","@id":"https:\/\/www.edition-assemblage.de\/en\/#\/schema\/logo\/image\/","url":"https:\/\/www.edition-assemblage.de\/wp-content\/uploads\/Logo_2022_3.png","contentUrl":"https:\/\/www.edition-assemblage.de\/wp-content\/uploads\/Logo_2022_3.png","width":1161,"height":618,"caption":"edition assemblage"},"image":{"@id":"https:\/\/www.edition-assemblage.de\/en\/#\/schema\/logo\/image\/"},"sameAs":["https:\/\/www.facebook.com\/editionassemblage","https:\/\/x.com\/assemblage_news","https:\/\/www.instagram.com\/edition_assemblage"]}]}},"_links":{"self":[{"href":"https:\/\/www.edition-assemblage.de\/en\/wp-json\/wp\/v2\/buch\/1986","targetHints":{"allow":["GET"]}}],"collection":[{"href":"https:\/\/www.edition-assemblage.de\/en\/wp-json\/wp\/v2\/buch"}],"about":[{"href":"https:\/\/www.edition-assemblage.de\/en\/wp-json\/wp\/v2\/types\/buch"}],"wp:attachment":[{"href":"https:\/\/www.edition-assemblage.de\/en\/wp-json\/wp\/v2\/media?parent=1986"}],"wp:term":[{"taxonomy":"schlagwort","embeddable":true,"href":"https:\/\/www.edition-assemblage.de\/en\/wp-json\/wp\/v2\/schlagwort?post=1986"}],"curies":[{"name":"wp","href":"https:\/\/api.w.org\/{rel}","templated":true}]}}