{"id":1621,"date":"2022-03-10T08:41:15","date_gmt":"2022-03-10T07:41:15","guid":{"rendered":"https:\/\/www.edition-assemblage.de\/?post_type=buch&#038;p=1621"},"modified":"2023-03-13T17:53:35","modified_gmt":"2023-03-13T16:53:35","slug":"die-re-imagination-des-nationalen-in-zeiten-der-transformation","status":"publish","type":"buch","link":"https:\/\/www.edition-assemblage.de\/en\/buecher\/die-re-imagination-des-nationalen-in-zeiten-der-transformation\/","title":{"rendered":"Die (Re-)Imagination des Nationalen in Zeiten der Transformation"},"template":"","schlagwort":[141,143,144,151,163,164],"class_list":["post-1621","buch","type-buch","status-publish","hentry","buchkategorie-sachbuch","schlagwort-rassismus","schlagwort-kulturwissenschaften","schlagwort-schwarze-diaspora","schlagwort-migration","schlagwort-repraesentation","schlagwort-intersektionalitaet","entry"],"yoast_head":"<!-- This site is optimized with the Yoast SEO plugin v26.7 - https:\/\/yoast.com\/wordpress\/plugins\/seo\/ -->\n<title>Die (Re-)Imagination des Nationalen in Zeiten der Transformation &#8211; edition assemblage<\/title>\n<meta name=\"description\" content=\"Jeannot Moukouri Ekobe - Dieses Buch ist eine exklusive Studie der Wortergreifung afrop\u00e4ischer Autor*innen in einem Kontext, in dem der Diskurs \u00fcber Nation und Zugeh\u00f6rigkeit in den europ\u00e4ischen Gesellschaften durch das Ph\u00e4nomen des zunehmenden Transnationalismus immer virulenter wird.&nbsp;Es kann als ein Beitrag aus dem deutschsprachigen Raum zur Debatte \u00fcber Afrope\u00e4nit\u00e4t und das Verh\u00e4ltnis von Schwarzen Menschen in Europa zu ihren jeweiligen Nationen gesehen werden. Untersucht wird dabei, wie L\u00e9onora Miano (La Saison de l\u2019ombre), Diran Adebayo (Some Kind of Black) und SchwarzRund (Biskaya), drei AutorInnen von den ethnischen R\u00e4ndern ihrer jeweiligen Nationen (Frankreich, England, Deutschland), den Transformationsprozess durch eine zunehmende Transnationalisierung der Lebenswelt erfassen, erz\u00e4hlen und verhandeln. Preise: Diese Dissertation hat den 2022-VAD-Preis erhalten. Der Preis wird j\u00e4hrlich an der besten wissenschaftlichen Arbeit mit einem Thema zu Afrika vergeben. Mehr Infos finden sie: hier\" \/>\n<meta name=\"robots\" content=\"index, follow, max-snippet:-1, max-image-preview:large, max-video-preview:-1\" \/>\n<link rel=\"canonical\" href=\"https:\/\/www.edition-assemblage.de\/en\/buecher\/die-re-imagination-des-nationalen-in-zeiten-der-transformation\/\" \/>\n<meta property=\"og:locale\" content=\"en_US\" \/>\n<meta property=\"og:type\" content=\"article\" \/>\n<meta property=\"og:title\" content=\"Die (Re-)Imagination des Nationalen in Zeiten der Transformation &#8211; edition assemblage\" \/>\n<meta property=\"og:description\" content=\"Jeannot Moukouri Ekobe - Dieses Buch ist eine exklusive Studie der Wortergreifung afrop\u00e4ischer Autor*innen in einem Kontext, in dem der Diskurs \u00fcber Nation und Zugeh\u00f6rigkeit in den europ\u00e4ischen Gesellschaften durch das Ph\u00e4nomen des zunehmenden Transnationalismus immer virulenter wird.&nbsp;Es kann als ein Beitrag aus dem deutschsprachigen Raum zur Debatte \u00fcber Afrope\u00e4nit\u00e4t und das Verh\u00e4ltnis von Schwarzen Menschen in Europa zu ihren jeweiligen Nationen gesehen werden. Untersucht wird dabei, wie L\u00e9onora Miano (La Saison de l\u2019ombre), Diran Adebayo (Some Kind of Black) und SchwarzRund (Biskaya), drei AutorInnen von den ethnischen R\u00e4ndern ihrer jeweiligen Nationen (Frankreich, England, Deutschland), den Transformationsprozess durch eine zunehmende Transnationalisierung der Lebenswelt erfassen, erz\u00e4hlen und verhandeln. Preise: Diese Dissertation hat den 2022-VAD-Preis erhalten. Der Preis wird j\u00e4hrlich an der besten wissenschaftlichen Arbeit mit einem Thema zu Afrika vergeben. Mehr Infos finden sie: hier\" \/>\n<meta property=\"og:url\" content=\"https:\/\/www.edition-assemblage.de\/en\/buecher\/die-re-imagination-des-nationalen-in-zeiten-der-transformation\/\" \/>\n<meta property=\"og:site_name\" content=\"edition assemblage\" \/>\n<meta property=\"article:publisher\" content=\"https:\/\/www.facebook.com\/editionassemblage\" \/>\n<meta property=\"article:modified_time\" content=\"2023-03-13T16:53:35+00:00\" \/>\n<meta name=\"twitter:card\" content=\"summary_large_image\" \/>\n<meta name=\"twitter:site\" content=\"@assemblage_news\" \/>\n<script type=\"application\/ld+json\" class=\"yoast-schema-graph\">{\"@context\":\"https:\/\/schema.org\",\"@graph\":[{\"@type\":\"WebPage\",\"@id\":\"https:\/\/www.edition-assemblage.de\/en\/buecher\/die-re-imagination-des-nationalen-in-zeiten-der-transformation\/\",\"url\":\"https:\/\/www.edition-assemblage.de\/en\/buecher\/die-re-imagination-des-nationalen-in-zeiten-der-transformation\/\",\"name\":\"Die (Re-)Imagination des Nationalen in Zeiten der Transformation &#8211; edition assemblage\",\"isPartOf\":{\"@id\":\"https:\/\/www.edition-assemblage.de\/en\/#website\"},\"datePublished\":\"2022-03-10T07:41:15+00:00\",\"dateModified\":\"2023-03-13T16:53:35+00:00\",\"description\":\"Jeannot Moukouri Ekobe - Dieses Buch ist eine exklusive Studie der Wortergreifung afrop\u00e4ischer Autor*innen in einem Kontext, in dem der Diskurs \u00fcber Nation und Zugeh\u00f6rigkeit in den europ\u00e4ischen Gesellschaften durch das Ph\u00e4nomen des zunehmenden Transnationalismus immer virulenter wird.&nbsp;Es kann als ein Beitrag aus dem deutschsprachigen Raum zur Debatte \u00fcber Afrope\u00e4nit\u00e4t und das Verh\u00e4ltnis von Schwarzen Menschen in Europa zu ihren jeweiligen Nationen gesehen werden. Untersucht wird dabei, wie L\u00e9onora Miano (La Saison de l\u2019ombre), Diran Adebayo (Some Kind of Black) und SchwarzRund (Biskaya), drei AutorInnen von den ethnischen R\u00e4ndern ihrer jeweiligen Nationen (Frankreich, England, Deutschland), den Transformationsprozess durch eine zunehmende Transnationalisierung der Lebenswelt erfassen, erz\u00e4hlen und verhandeln. Preise: Diese Dissertation hat den 2022-VAD-Preis erhalten. Der Preis wird j\u00e4hrlich an der besten wissenschaftlichen Arbeit mit einem Thema zu Afrika vergeben. Mehr Infos finden sie: hier\",\"breadcrumb\":{\"@id\":\"https:\/\/www.edition-assemblage.de\/en\/buecher\/die-re-imagination-des-nationalen-in-zeiten-der-transformation\/#breadcrumb\"},\"inLanguage\":\"en-US\",\"potentialAction\":[{\"@type\":\"ReadAction\",\"target\":[\"https:\/\/www.edition-assemblage.de\/en\/buecher\/die-re-imagination-des-nationalen-in-zeiten-der-transformation\/\"]}]},{\"@type\":\"BreadcrumbList\",\"@id\":\"https:\/\/www.edition-assemblage.de\/en\/buecher\/die-re-imagination-des-nationalen-in-zeiten-der-transformation\/#breadcrumb\",\"itemListElement\":[{\"@type\":\"ListItem\",\"position\":1,\"name\":\"Startseite\",\"item\":\"https:\/\/www.edition-assemblage.de\/en\/\"},{\"@type\":\"ListItem\",\"position\":2,\"name\":\"B\u00fccher\",\"item\":\"https:\/\/www.edition-assemblage.de\/en\/books\/\"},{\"@type\":\"ListItem\",\"position\":3,\"name\":\"Die (Re-)Imagination des Nationalen in Zeiten der Transformation\"}]},{\"@type\":\"WebSite\",\"@id\":\"https:\/\/www.edition-assemblage.de\/en\/#website\",\"url\":\"https:\/\/www.edition-assemblage.de\/en\/\",\"name\":\"edition assemblage\",\"description\":\"Verlagskollektiv und gesellschaftskritisches, linkes, politisches und publizistisches Netzwerk.\",\"publisher\":{\"@id\":\"https:\/\/www.edition-assemblage.de\/en\/#organization\"},\"potentialAction\":[{\"@type\":\"SearchAction\",\"target\":{\"@type\":\"EntryPoint\",\"urlTemplate\":\"https:\/\/www.edition-assemblage.de\/en\/?s={search_term_string}\"},\"query-input\":{\"@type\":\"PropertyValueSpecification\",\"valueRequired\":true,\"valueName\":\"search_term_string\"}}],\"inLanguage\":\"en-US\"},{\"@type\":\"Organization\",\"@id\":\"https:\/\/www.edition-assemblage.de\/en\/#organization\",\"name\":\"edition assemblage\",\"url\":\"https:\/\/www.edition-assemblage.de\/en\/\",\"logo\":{\"@type\":\"ImageObject\",\"inLanguage\":\"en-US\",\"@id\":\"https:\/\/www.edition-assemblage.de\/en\/#\/schema\/logo\/image\/\",\"url\":\"https:\/\/www.edition-assemblage.de\/wp-content\/uploads\/Logo_2022_3.png\",\"contentUrl\":\"https:\/\/www.edition-assemblage.de\/wp-content\/uploads\/Logo_2022_3.png\",\"width\":1161,\"height\":618,\"caption\":\"edition assemblage\"},\"image\":{\"@id\":\"https:\/\/www.edition-assemblage.de\/en\/#\/schema\/logo\/image\/\"},\"sameAs\":[\"https:\/\/www.facebook.com\/editionassemblage\",\"https:\/\/x.com\/assemblage_news\",\"https:\/\/www.instagram.com\/edition_assemblage\"]}]}<\/script>\n<!-- \/ Yoast SEO plugin. -->","yoast_head_json":{"title":"Die (Re-)Imagination des Nationalen in Zeiten der Transformation &#8211; edition assemblage","description":"Jeannot Moukouri Ekobe - Dieses Buch ist eine exklusive Studie der Wortergreifung afrop\u00e4ischer Autor*innen in einem Kontext, in dem der Diskurs \u00fcber Nation und Zugeh\u00f6rigkeit in den europ\u00e4ischen Gesellschaften durch das Ph\u00e4nomen des zunehmenden Transnationalismus immer virulenter wird.&nbsp;Es kann als ein Beitrag aus dem deutschsprachigen Raum zur Debatte \u00fcber Afrope\u00e4nit\u00e4t und das Verh\u00e4ltnis von Schwarzen Menschen in Europa zu ihren jeweiligen Nationen gesehen werden. Untersucht wird dabei, wie L\u00e9onora Miano (La Saison de l\u2019ombre), Diran Adebayo (Some Kind of Black) und SchwarzRund (Biskaya), drei AutorInnen von den ethnischen R\u00e4ndern ihrer jeweiligen Nationen (Frankreich, England, Deutschland), den Transformationsprozess durch eine zunehmende Transnationalisierung der Lebenswelt erfassen, erz\u00e4hlen und verhandeln. Preise: Diese Dissertation hat den 2022-VAD-Preis erhalten. Der Preis wird j\u00e4hrlich an der besten wissenschaftlichen Arbeit mit einem Thema zu Afrika vergeben. Mehr Infos finden sie: hier","robots":{"index":"index","follow":"follow","max-snippet":"max-snippet:-1","max-image-preview":"max-image-preview:large","max-video-preview":"max-video-preview:-1"},"canonical":"https:\/\/www.edition-assemblage.de\/en\/buecher\/die-re-imagination-des-nationalen-in-zeiten-der-transformation\/","og_locale":"en_US","og_type":"article","og_title":"Die (Re-)Imagination des Nationalen in Zeiten der Transformation &#8211; edition assemblage","og_description":"Jeannot Moukouri Ekobe - Dieses Buch ist eine exklusive Studie der Wortergreifung afrop\u00e4ischer Autor*innen in einem Kontext, in dem der Diskurs \u00fcber Nation und Zugeh\u00f6rigkeit in den europ\u00e4ischen Gesellschaften durch das Ph\u00e4nomen des zunehmenden Transnationalismus immer virulenter wird.&nbsp;Es kann als ein Beitrag aus dem deutschsprachigen Raum zur Debatte \u00fcber Afrope\u00e4nit\u00e4t und das Verh\u00e4ltnis von Schwarzen Menschen in Europa zu ihren jeweiligen Nationen gesehen werden. Untersucht wird dabei, wie L\u00e9onora Miano (La Saison de l\u2019ombre), Diran Adebayo (Some Kind of Black) und SchwarzRund (Biskaya), drei AutorInnen von den ethnischen R\u00e4ndern ihrer jeweiligen Nationen (Frankreich, England, Deutschland), den Transformationsprozess durch eine zunehmende Transnationalisierung der Lebenswelt erfassen, erz\u00e4hlen und verhandeln. Preise: Diese Dissertation hat den 2022-VAD-Preis erhalten. Der Preis wird j\u00e4hrlich an der besten wissenschaftlichen Arbeit mit einem Thema zu Afrika vergeben. Mehr Infos finden sie: hier","og_url":"https:\/\/www.edition-assemblage.de\/en\/buecher\/die-re-imagination-des-nationalen-in-zeiten-der-transformation\/","og_site_name":"edition assemblage","article_publisher":"https:\/\/www.facebook.com\/editionassemblage","article_modified_time":"2023-03-13T16:53:35+00:00","twitter_card":"summary_large_image","twitter_site":"@assemblage_news","schema":{"@context":"https:\/\/schema.org","@graph":[{"@type":"WebPage","@id":"https:\/\/www.edition-assemblage.de\/en\/buecher\/die-re-imagination-des-nationalen-in-zeiten-der-transformation\/","url":"https:\/\/www.edition-assemblage.de\/en\/buecher\/die-re-imagination-des-nationalen-in-zeiten-der-transformation\/","name":"Die (Re-)Imagination des Nationalen in Zeiten der Transformation &#8211; edition assemblage","isPartOf":{"@id":"https:\/\/www.edition-assemblage.de\/en\/#website"},"datePublished":"2022-03-10T07:41:15+00:00","dateModified":"2023-03-13T16:53:35+00:00","description":"Jeannot Moukouri Ekobe - Dieses Buch ist eine exklusive Studie der Wortergreifung afrop\u00e4ischer Autor*innen in einem Kontext, in dem der Diskurs \u00fcber Nation und Zugeh\u00f6rigkeit in den europ\u00e4ischen Gesellschaften durch das Ph\u00e4nomen des zunehmenden Transnationalismus immer virulenter wird.&nbsp;Es kann als ein Beitrag aus dem deutschsprachigen Raum zur Debatte \u00fcber Afrope\u00e4nit\u00e4t und das Verh\u00e4ltnis von Schwarzen Menschen in Europa zu ihren jeweiligen Nationen gesehen werden. Untersucht wird dabei, wie L\u00e9onora Miano (La Saison de l\u2019ombre), Diran Adebayo (Some Kind of Black) und SchwarzRund (Biskaya), drei AutorInnen von den ethnischen R\u00e4ndern ihrer jeweiligen Nationen (Frankreich, England, Deutschland), den Transformationsprozess durch eine zunehmende Transnationalisierung der Lebenswelt erfassen, erz\u00e4hlen und verhandeln. Preise: Diese Dissertation hat den 2022-VAD-Preis erhalten. Der Preis wird j\u00e4hrlich an der besten wissenschaftlichen Arbeit mit einem Thema zu Afrika vergeben. Mehr Infos finden sie: hier","breadcrumb":{"@id":"https:\/\/www.edition-assemblage.de\/en\/buecher\/die-re-imagination-des-nationalen-in-zeiten-der-transformation\/#breadcrumb"},"inLanguage":"en-US","potentialAction":[{"@type":"ReadAction","target":["https:\/\/www.edition-assemblage.de\/en\/buecher\/die-re-imagination-des-nationalen-in-zeiten-der-transformation\/"]}]},{"@type":"BreadcrumbList","@id":"https:\/\/www.edition-assemblage.de\/en\/buecher\/die-re-imagination-des-nationalen-in-zeiten-der-transformation\/#breadcrumb","itemListElement":[{"@type":"ListItem","position":1,"name":"Startseite","item":"https:\/\/www.edition-assemblage.de\/en\/"},{"@type":"ListItem","position":2,"name":"B\u00fccher","item":"https:\/\/www.edition-assemblage.de\/en\/books\/"},{"@type":"ListItem","position":3,"name":"Die (Re-)Imagination des Nationalen in Zeiten der Transformation"}]},{"@type":"WebSite","@id":"https:\/\/www.edition-assemblage.de\/en\/#website","url":"https:\/\/www.edition-assemblage.de\/en\/","name":"edition assemblage","description":"Verlagskollektiv und gesellschaftskritisches, linkes, politisches und publizistisches Netzwerk.","publisher":{"@id":"https:\/\/www.edition-assemblage.de\/en\/#organization"},"potentialAction":[{"@type":"SearchAction","target":{"@type":"EntryPoint","urlTemplate":"https:\/\/www.edition-assemblage.de\/en\/?s={search_term_string}"},"query-input":{"@type":"PropertyValueSpecification","valueRequired":true,"valueName":"search_term_string"}}],"inLanguage":"en-US"},{"@type":"Organization","@id":"https:\/\/www.edition-assemblage.de\/en\/#organization","name":"edition assemblage","url":"https:\/\/www.edition-assemblage.de\/en\/","logo":{"@type":"ImageObject","inLanguage":"en-US","@id":"https:\/\/www.edition-assemblage.de\/en\/#\/schema\/logo\/image\/","url":"https:\/\/www.edition-assemblage.de\/wp-content\/uploads\/Logo_2022_3.png","contentUrl":"https:\/\/www.edition-assemblage.de\/wp-content\/uploads\/Logo_2022_3.png","width":1161,"height":618,"caption":"edition assemblage"},"image":{"@id":"https:\/\/www.edition-assemblage.de\/en\/#\/schema\/logo\/image\/"},"sameAs":["https:\/\/www.facebook.com\/editionassemblage","https:\/\/x.com\/assemblage_news","https:\/\/www.instagram.com\/edition_assemblage"]}]}},"_links":{"self":[{"href":"https:\/\/www.edition-assemblage.de\/en\/wp-json\/wp\/v2\/buch\/1621","targetHints":{"allow":["GET"]}}],"collection":[{"href":"https:\/\/www.edition-assemblage.de\/en\/wp-json\/wp\/v2\/buch"}],"about":[{"href":"https:\/\/www.edition-assemblage.de\/en\/wp-json\/wp\/v2\/types\/buch"}],"wp:attachment":[{"href":"https:\/\/www.edition-assemblage.de\/en\/wp-json\/wp\/v2\/media?parent=1621"}],"wp:term":[{"taxonomy":"schlagwort","embeddable":true,"href":"https:\/\/www.edition-assemblage.de\/en\/wp-json\/wp\/v2\/schlagwort?post=1621"}],"curies":[{"name":"wp","href":"https:\/\/api.w.org\/{rel}","templated":true}]}}