{"id":1593,"date":"2022-03-09T09:15:59","date_gmt":"2022-03-09T08:15:59","guid":{"rendered":"https:\/\/www.edition-assemblage.de\/?post_type=buch&#038;p=1593"},"modified":"2025-03-24T10:49:55","modified_gmt":"2025-03-24T09:49:55","slug":"yuenden-bir-bellek","status":"publish","type":"buch","link":"https:\/\/www.edition-assemblage.de\/en\/buecher\/yuenden-bir-bellek\/","title":{"rendered":"Y\u00fcnden bir bellek"},"template":"","schlagwort":[141,142,147,151,153,159],"class_list":["post-1593","buch","type-buch","status-publish","hentry","buchkategorie-belletristik","schlagwort-rassismus","schlagwort-empowerment","schlagwort-gefaengnis","schlagwort-migration","schlagwort-trauma","schlagwort-transformation","entry"],"yoast_head":"<!-- This site is optimized with the Yoast SEO plugin v26.7 - https:\/\/yoast.com\/wordpress\/plugins\/seo\/ -->\n<title>Y\u00fcnden bir bellek &#8211; edition assemblage<\/title>\n<meta name=\"description\" content=\"Lilly Axster, Dilman Murado\u011flu - \u00c7ocukluk ba\u015fkald\u0131r\u0131s\u0131n\u0131n ve s\u0131n\u0131rs\u0131z ba\u011f\u0131ms\u0131zl\u0131\u011f\u0131n ikonas\u0131 Diny Donnerstein protesto ediliyor: Onun ismini ta\u015f\u0131yan okulun ad\u0131, d\u00fcnyaca \u00fcnl\u00fc Diny kitaplar\u0131n\u0131n s\u00f6m\u00fcrgeci-\u0131rk\u00e7\u0131 \u00e7a\u011fr\u0131\u015f\u0131mlar\u0131 y\u00fcz\u00fcnden de\u011fi\u015ftirilecektir. Mezunlar \u201cokullar\u0131n\u0131n\u201d ad\u0131n\u0131n de\u011fi\u015ftirilmesini engellemek i\u00e7in ellerinden gelen her \u015feyi yapmak \u00fczere Kernhausen\u2019a gelirler. Edebiyat\u0131n sonsuzlu\u011fu i\u00e7in sava\u015f\u0131rlar. Eski toprak, i\u015f bilir, sevimli, \u00e7ekilmez ve umars\u0131z bir demans hastas\u0131: K\u00fc\u00e7\u00fck bir Prens, Zorba ve bizzat Diny Donna Stein. Hi\u00e7birinin kaybedecek bir \u015feyi yoktur. Yeter G\u00fcne\u015f gen\u00e7 bir k\u0131zken girdi\u011fi Mamak \u0130\u015fkence-Cezaevi\u2019nde tutuklu arkada\u015flar\u0131na \u00f6rd\u00fc\u011f\u00fc kazaklar\u0131n i\u00e7ine ilmeklerle askeri rejime kar\u015f\u0131 \u015fifreli mesajlar i\u015fler. Gen\u00e7 \u00f6\u011fretmen Bil \u201cger\u00e7ek kahraman\u0131\u201d s\u0131n\u0131f\u0131na davet eder. \u00c7ocuklar b\u00fcy\u00fclenmi\u015f gibi dinledikleri hik\u00e2yeyi, kendileri de bir \u015feyler ekleyerek sahneye koyarlar. Art\u0131k onlar i\u00e7in okulun yeni ad\u0131 belli olmu\u015ftur. An\u0131lar ve hik\u00e2yeler i\u00e7in verilen ate\u015fli bir m\u00fccadele. Yeter G\u00fcne\u015f hakk\u0131nda bir belgesel film haz\u0131rland\u0131.\" \/>\n<meta name=\"robots\" content=\"index, follow, max-snippet:-1, max-image-preview:large, max-video-preview:-1\" \/>\n<link rel=\"canonical\" href=\"https:\/\/www.edition-assemblage.de\/en\/buecher\/yuenden-bir-bellek\/\" \/>\n<meta property=\"og:locale\" content=\"en_US\" \/>\n<meta property=\"og:type\" content=\"article\" \/>\n<meta property=\"og:title\" content=\"Y\u00fcnden bir bellek &#8211; edition assemblage\" \/>\n<meta property=\"og:description\" content=\"Lilly Axster, Dilman Murado\u011flu - \u00c7ocukluk ba\u015fkald\u0131r\u0131s\u0131n\u0131n ve s\u0131n\u0131rs\u0131z ba\u011f\u0131ms\u0131zl\u0131\u011f\u0131n ikonas\u0131 Diny Donnerstein protesto ediliyor: Onun ismini ta\u015f\u0131yan okulun ad\u0131, d\u00fcnyaca \u00fcnl\u00fc Diny kitaplar\u0131n\u0131n s\u00f6m\u00fcrgeci-\u0131rk\u00e7\u0131 \u00e7a\u011fr\u0131\u015f\u0131mlar\u0131 y\u00fcz\u00fcnden de\u011fi\u015ftirilecektir. Mezunlar \u201cokullar\u0131n\u0131n\u201d ad\u0131n\u0131n de\u011fi\u015ftirilmesini engellemek i\u00e7in ellerinden gelen her \u015feyi yapmak \u00fczere Kernhausen\u2019a gelirler. Edebiyat\u0131n sonsuzlu\u011fu i\u00e7in sava\u015f\u0131rlar. Eski toprak, i\u015f bilir, sevimli, \u00e7ekilmez ve umars\u0131z bir demans hastas\u0131: K\u00fc\u00e7\u00fck bir Prens, Zorba ve bizzat Diny Donna Stein. Hi\u00e7birinin kaybedecek bir \u015feyi yoktur. Yeter G\u00fcne\u015f gen\u00e7 bir k\u0131zken girdi\u011fi Mamak \u0130\u015fkence-Cezaevi\u2019nde tutuklu arkada\u015flar\u0131na \u00f6rd\u00fc\u011f\u00fc kazaklar\u0131n i\u00e7ine ilmeklerle askeri rejime kar\u015f\u0131 \u015fifreli mesajlar i\u015fler. Gen\u00e7 \u00f6\u011fretmen Bil \u201cger\u00e7ek kahraman\u0131\u201d s\u0131n\u0131f\u0131na davet eder. \u00c7ocuklar b\u00fcy\u00fclenmi\u015f gibi dinledikleri hik\u00e2yeyi, kendileri de bir \u015feyler ekleyerek sahneye koyarlar. Art\u0131k onlar i\u00e7in okulun yeni ad\u0131 belli olmu\u015ftur. An\u0131lar ve hik\u00e2yeler i\u00e7in verilen ate\u015fli bir m\u00fccadele. Yeter G\u00fcne\u015f hakk\u0131nda bir belgesel film haz\u0131rland\u0131.\" \/>\n<meta property=\"og:url\" content=\"https:\/\/www.edition-assemblage.de\/en\/buecher\/yuenden-bir-bellek\/\" \/>\n<meta property=\"og:site_name\" content=\"edition assemblage\" \/>\n<meta property=\"article:publisher\" content=\"https:\/\/www.facebook.com\/editionassemblage\" \/>\n<meta property=\"article:modified_time\" content=\"2025-03-24T09:49:55+00:00\" \/>\n<meta name=\"twitter:card\" content=\"summary_large_image\" \/>\n<meta name=\"twitter:site\" content=\"@assemblage_news\" \/>\n<script type=\"application\/ld+json\" class=\"yoast-schema-graph\">{\"@context\":\"https:\/\/schema.org\",\"@graph\":[{\"@type\":\"WebPage\",\"@id\":\"https:\/\/www.edition-assemblage.de\/en\/buecher\/yuenden-bir-bellek\/\",\"url\":\"https:\/\/www.edition-assemblage.de\/en\/buecher\/yuenden-bir-bellek\/\",\"name\":\"Y\u00fcnden bir bellek &#8211; edition assemblage\",\"isPartOf\":{\"@id\":\"https:\/\/www.edition-assemblage.de\/en\/#website\"},\"datePublished\":\"2022-03-09T08:15:59+00:00\",\"dateModified\":\"2025-03-24T09:49:55+00:00\",\"description\":\"Lilly Axster, Dilman Murado\u011flu - \u00c7ocukluk ba\u015fkald\u0131r\u0131s\u0131n\u0131n ve s\u0131n\u0131rs\u0131z ba\u011f\u0131ms\u0131zl\u0131\u011f\u0131n ikonas\u0131 Diny Donnerstein protesto ediliyor: Onun ismini ta\u015f\u0131yan okulun ad\u0131, d\u00fcnyaca \u00fcnl\u00fc Diny kitaplar\u0131n\u0131n s\u00f6m\u00fcrgeci-\u0131rk\u00e7\u0131 \u00e7a\u011fr\u0131\u015f\u0131mlar\u0131 y\u00fcz\u00fcnden de\u011fi\u015ftirilecektir. Mezunlar \u201cokullar\u0131n\u0131n\u201d ad\u0131n\u0131n de\u011fi\u015ftirilmesini engellemek i\u00e7in ellerinden gelen her \u015feyi yapmak \u00fczere Kernhausen\u2019a gelirler. Edebiyat\u0131n sonsuzlu\u011fu i\u00e7in sava\u015f\u0131rlar. Eski toprak, i\u015f bilir, sevimli, \u00e7ekilmez ve umars\u0131z bir demans hastas\u0131: K\u00fc\u00e7\u00fck bir Prens, Zorba ve bizzat Diny Donna Stein. Hi\u00e7birinin kaybedecek bir \u015feyi yoktur. Yeter G\u00fcne\u015f gen\u00e7 bir k\u0131zken girdi\u011fi Mamak \u0130\u015fkence-Cezaevi\u2019nde tutuklu arkada\u015flar\u0131na \u00f6rd\u00fc\u011f\u00fc kazaklar\u0131n i\u00e7ine ilmeklerle askeri rejime kar\u015f\u0131 \u015fifreli mesajlar i\u015fler. Gen\u00e7 \u00f6\u011fretmen Bil \u201cger\u00e7ek kahraman\u0131\u201d s\u0131n\u0131f\u0131na davet eder. \u00c7ocuklar b\u00fcy\u00fclenmi\u015f gibi dinledikleri hik\u00e2yeyi, kendileri de bir \u015feyler ekleyerek sahneye koyarlar. Art\u0131k onlar i\u00e7in okulun yeni ad\u0131 belli olmu\u015ftur. An\u0131lar ve hik\u00e2yeler i\u00e7in verilen ate\u015fli bir m\u00fccadele. Yeter G\u00fcne\u015f hakk\u0131nda bir belgesel film haz\u0131rland\u0131.\",\"breadcrumb\":{\"@id\":\"https:\/\/www.edition-assemblage.de\/en\/buecher\/yuenden-bir-bellek\/#breadcrumb\"},\"inLanguage\":\"en-US\",\"potentialAction\":[{\"@type\":\"ReadAction\",\"target\":[\"https:\/\/www.edition-assemblage.de\/en\/buecher\/yuenden-bir-bellek\/\"]}]},{\"@type\":\"BreadcrumbList\",\"@id\":\"https:\/\/www.edition-assemblage.de\/en\/buecher\/yuenden-bir-bellek\/#breadcrumb\",\"itemListElement\":[{\"@type\":\"ListItem\",\"position\":1,\"name\":\"Startseite\",\"item\":\"https:\/\/www.edition-assemblage.de\/en\/\"},{\"@type\":\"ListItem\",\"position\":2,\"name\":\"B\u00fccher\",\"item\":\"https:\/\/www.edition-assemblage.de\/en\/books\/\"},{\"@type\":\"ListItem\",\"position\":3,\"name\":\"Y\u00fcnden bir bellek\"}]},{\"@type\":\"WebSite\",\"@id\":\"https:\/\/www.edition-assemblage.de\/en\/#website\",\"url\":\"https:\/\/www.edition-assemblage.de\/en\/\",\"name\":\"edition assemblage\",\"description\":\"Verlagskollektiv und gesellschaftskritisches, linkes, politisches und publizistisches Netzwerk.\",\"publisher\":{\"@id\":\"https:\/\/www.edition-assemblage.de\/en\/#organization\"},\"potentialAction\":[{\"@type\":\"SearchAction\",\"target\":{\"@type\":\"EntryPoint\",\"urlTemplate\":\"https:\/\/www.edition-assemblage.de\/en\/?s={search_term_string}\"},\"query-input\":{\"@type\":\"PropertyValueSpecification\",\"valueRequired\":true,\"valueName\":\"search_term_string\"}}],\"inLanguage\":\"en-US\"},{\"@type\":\"Organization\",\"@id\":\"https:\/\/www.edition-assemblage.de\/en\/#organization\",\"name\":\"edition assemblage\",\"url\":\"https:\/\/www.edition-assemblage.de\/en\/\",\"logo\":{\"@type\":\"ImageObject\",\"inLanguage\":\"en-US\",\"@id\":\"https:\/\/www.edition-assemblage.de\/en\/#\/schema\/logo\/image\/\",\"url\":\"https:\/\/www.edition-assemblage.de\/wp-content\/uploads\/Logo_2022_3.png\",\"contentUrl\":\"https:\/\/www.edition-assemblage.de\/wp-content\/uploads\/Logo_2022_3.png\",\"width\":1161,\"height\":618,\"caption\":\"edition assemblage\"},\"image\":{\"@id\":\"https:\/\/www.edition-assemblage.de\/en\/#\/schema\/logo\/image\/\"},\"sameAs\":[\"https:\/\/www.facebook.com\/editionassemblage\",\"https:\/\/x.com\/assemblage_news\",\"https:\/\/www.instagram.com\/edition_assemblage\"]}]}<\/script>\n<!-- \/ Yoast SEO plugin. -->","yoast_head_json":{"title":"Y\u00fcnden bir bellek &#8211; edition assemblage","description":"Lilly Axster, Dilman Murado\u011flu - \u00c7ocukluk ba\u015fkald\u0131r\u0131s\u0131n\u0131n ve s\u0131n\u0131rs\u0131z ba\u011f\u0131ms\u0131zl\u0131\u011f\u0131n ikonas\u0131 Diny Donnerstein protesto ediliyor: Onun ismini ta\u015f\u0131yan okulun ad\u0131, d\u00fcnyaca \u00fcnl\u00fc Diny kitaplar\u0131n\u0131n s\u00f6m\u00fcrgeci-\u0131rk\u00e7\u0131 \u00e7a\u011fr\u0131\u015f\u0131mlar\u0131 y\u00fcz\u00fcnden de\u011fi\u015ftirilecektir. Mezunlar \u201cokullar\u0131n\u0131n\u201d ad\u0131n\u0131n de\u011fi\u015ftirilmesini engellemek i\u00e7in ellerinden gelen her \u015feyi yapmak \u00fczere Kernhausen\u2019a gelirler. Edebiyat\u0131n sonsuzlu\u011fu i\u00e7in sava\u015f\u0131rlar. Eski toprak, i\u015f bilir, sevimli, \u00e7ekilmez ve umars\u0131z bir demans hastas\u0131: K\u00fc\u00e7\u00fck bir Prens, Zorba ve bizzat Diny Donna Stein. Hi\u00e7birinin kaybedecek bir \u015feyi yoktur. Yeter G\u00fcne\u015f gen\u00e7 bir k\u0131zken girdi\u011fi Mamak \u0130\u015fkence-Cezaevi\u2019nde tutuklu arkada\u015flar\u0131na \u00f6rd\u00fc\u011f\u00fc kazaklar\u0131n i\u00e7ine ilmeklerle askeri rejime kar\u015f\u0131 \u015fifreli mesajlar i\u015fler. Gen\u00e7 \u00f6\u011fretmen Bil \u201cger\u00e7ek kahraman\u0131\u201d s\u0131n\u0131f\u0131na davet eder. \u00c7ocuklar b\u00fcy\u00fclenmi\u015f gibi dinledikleri hik\u00e2yeyi, kendileri de bir \u015feyler ekleyerek sahneye koyarlar. Art\u0131k onlar i\u00e7in okulun yeni ad\u0131 belli olmu\u015ftur. An\u0131lar ve hik\u00e2yeler i\u00e7in verilen ate\u015fli bir m\u00fccadele. Yeter G\u00fcne\u015f hakk\u0131nda bir belgesel film haz\u0131rland\u0131.","robots":{"index":"index","follow":"follow","max-snippet":"max-snippet:-1","max-image-preview":"max-image-preview:large","max-video-preview":"max-video-preview:-1"},"canonical":"https:\/\/www.edition-assemblage.de\/en\/buecher\/yuenden-bir-bellek\/","og_locale":"en_US","og_type":"article","og_title":"Y\u00fcnden bir bellek &#8211; edition assemblage","og_description":"Lilly Axster, Dilman Murado\u011flu - \u00c7ocukluk ba\u015fkald\u0131r\u0131s\u0131n\u0131n ve s\u0131n\u0131rs\u0131z ba\u011f\u0131ms\u0131zl\u0131\u011f\u0131n ikonas\u0131 Diny Donnerstein protesto ediliyor: Onun ismini ta\u015f\u0131yan okulun ad\u0131, d\u00fcnyaca \u00fcnl\u00fc Diny kitaplar\u0131n\u0131n s\u00f6m\u00fcrgeci-\u0131rk\u00e7\u0131 \u00e7a\u011fr\u0131\u015f\u0131mlar\u0131 y\u00fcz\u00fcnden de\u011fi\u015ftirilecektir. Mezunlar \u201cokullar\u0131n\u0131n\u201d ad\u0131n\u0131n de\u011fi\u015ftirilmesini engellemek i\u00e7in ellerinden gelen her \u015feyi yapmak \u00fczere Kernhausen\u2019a gelirler. Edebiyat\u0131n sonsuzlu\u011fu i\u00e7in sava\u015f\u0131rlar. Eski toprak, i\u015f bilir, sevimli, \u00e7ekilmez ve umars\u0131z bir demans hastas\u0131: K\u00fc\u00e7\u00fck bir Prens, Zorba ve bizzat Diny Donna Stein. Hi\u00e7birinin kaybedecek bir \u015feyi yoktur. Yeter G\u00fcne\u015f gen\u00e7 bir k\u0131zken girdi\u011fi Mamak \u0130\u015fkence-Cezaevi\u2019nde tutuklu arkada\u015flar\u0131na \u00f6rd\u00fc\u011f\u00fc kazaklar\u0131n i\u00e7ine ilmeklerle askeri rejime kar\u015f\u0131 \u015fifreli mesajlar i\u015fler. Gen\u00e7 \u00f6\u011fretmen Bil \u201cger\u00e7ek kahraman\u0131\u201d s\u0131n\u0131f\u0131na davet eder. \u00c7ocuklar b\u00fcy\u00fclenmi\u015f gibi dinledikleri hik\u00e2yeyi, kendileri de bir \u015feyler ekleyerek sahneye koyarlar. Art\u0131k onlar i\u00e7in okulun yeni ad\u0131 belli olmu\u015ftur. An\u0131lar ve hik\u00e2yeler i\u00e7in verilen ate\u015fli bir m\u00fccadele. Yeter G\u00fcne\u015f hakk\u0131nda bir belgesel film haz\u0131rland\u0131.","og_url":"https:\/\/www.edition-assemblage.de\/en\/buecher\/yuenden-bir-bellek\/","og_site_name":"edition assemblage","article_publisher":"https:\/\/www.facebook.com\/editionassemblage","article_modified_time":"2025-03-24T09:49:55+00:00","twitter_card":"summary_large_image","twitter_site":"@assemblage_news","schema":{"@context":"https:\/\/schema.org","@graph":[{"@type":"WebPage","@id":"https:\/\/www.edition-assemblage.de\/en\/buecher\/yuenden-bir-bellek\/","url":"https:\/\/www.edition-assemblage.de\/en\/buecher\/yuenden-bir-bellek\/","name":"Y\u00fcnden bir bellek &#8211; edition assemblage","isPartOf":{"@id":"https:\/\/www.edition-assemblage.de\/en\/#website"},"datePublished":"2022-03-09T08:15:59+00:00","dateModified":"2025-03-24T09:49:55+00:00","description":"Lilly Axster, Dilman Murado\u011flu - \u00c7ocukluk ba\u015fkald\u0131r\u0131s\u0131n\u0131n ve s\u0131n\u0131rs\u0131z ba\u011f\u0131ms\u0131zl\u0131\u011f\u0131n ikonas\u0131 Diny Donnerstein protesto ediliyor: Onun ismini ta\u015f\u0131yan okulun ad\u0131, d\u00fcnyaca \u00fcnl\u00fc Diny kitaplar\u0131n\u0131n s\u00f6m\u00fcrgeci-\u0131rk\u00e7\u0131 \u00e7a\u011fr\u0131\u015f\u0131mlar\u0131 y\u00fcz\u00fcnden de\u011fi\u015ftirilecektir. Mezunlar \u201cokullar\u0131n\u0131n\u201d ad\u0131n\u0131n de\u011fi\u015ftirilmesini engellemek i\u00e7in ellerinden gelen her \u015feyi yapmak \u00fczere Kernhausen\u2019a gelirler. Edebiyat\u0131n sonsuzlu\u011fu i\u00e7in sava\u015f\u0131rlar. Eski toprak, i\u015f bilir, sevimli, \u00e7ekilmez ve umars\u0131z bir demans hastas\u0131: K\u00fc\u00e7\u00fck bir Prens, Zorba ve bizzat Diny Donna Stein. Hi\u00e7birinin kaybedecek bir \u015feyi yoktur. Yeter G\u00fcne\u015f gen\u00e7 bir k\u0131zken girdi\u011fi Mamak \u0130\u015fkence-Cezaevi\u2019nde tutuklu arkada\u015flar\u0131na \u00f6rd\u00fc\u011f\u00fc kazaklar\u0131n i\u00e7ine ilmeklerle askeri rejime kar\u015f\u0131 \u015fifreli mesajlar i\u015fler. Gen\u00e7 \u00f6\u011fretmen Bil \u201cger\u00e7ek kahraman\u0131\u201d s\u0131n\u0131f\u0131na davet eder. \u00c7ocuklar b\u00fcy\u00fclenmi\u015f gibi dinledikleri hik\u00e2yeyi, kendileri de bir \u015feyler ekleyerek sahneye koyarlar. Art\u0131k onlar i\u00e7in okulun yeni ad\u0131 belli olmu\u015ftur. An\u0131lar ve hik\u00e2yeler i\u00e7in verilen ate\u015fli bir m\u00fccadele. Yeter G\u00fcne\u015f hakk\u0131nda bir belgesel film haz\u0131rland\u0131.","breadcrumb":{"@id":"https:\/\/www.edition-assemblage.de\/en\/buecher\/yuenden-bir-bellek\/#breadcrumb"},"inLanguage":"en-US","potentialAction":[{"@type":"ReadAction","target":["https:\/\/www.edition-assemblage.de\/en\/buecher\/yuenden-bir-bellek\/"]}]},{"@type":"BreadcrumbList","@id":"https:\/\/www.edition-assemblage.de\/en\/buecher\/yuenden-bir-bellek\/#breadcrumb","itemListElement":[{"@type":"ListItem","position":1,"name":"Startseite","item":"https:\/\/www.edition-assemblage.de\/en\/"},{"@type":"ListItem","position":2,"name":"B\u00fccher","item":"https:\/\/www.edition-assemblage.de\/en\/books\/"},{"@type":"ListItem","position":3,"name":"Y\u00fcnden bir bellek"}]},{"@type":"WebSite","@id":"https:\/\/www.edition-assemblage.de\/en\/#website","url":"https:\/\/www.edition-assemblage.de\/en\/","name":"edition assemblage","description":"Verlagskollektiv und gesellschaftskritisches, linkes, politisches und publizistisches Netzwerk.","publisher":{"@id":"https:\/\/www.edition-assemblage.de\/en\/#organization"},"potentialAction":[{"@type":"SearchAction","target":{"@type":"EntryPoint","urlTemplate":"https:\/\/www.edition-assemblage.de\/en\/?s={search_term_string}"},"query-input":{"@type":"PropertyValueSpecification","valueRequired":true,"valueName":"search_term_string"}}],"inLanguage":"en-US"},{"@type":"Organization","@id":"https:\/\/www.edition-assemblage.de\/en\/#organization","name":"edition assemblage","url":"https:\/\/www.edition-assemblage.de\/en\/","logo":{"@type":"ImageObject","inLanguage":"en-US","@id":"https:\/\/www.edition-assemblage.de\/en\/#\/schema\/logo\/image\/","url":"https:\/\/www.edition-assemblage.de\/wp-content\/uploads\/Logo_2022_3.png","contentUrl":"https:\/\/www.edition-assemblage.de\/wp-content\/uploads\/Logo_2022_3.png","width":1161,"height":618,"caption":"edition assemblage"},"image":{"@id":"https:\/\/www.edition-assemblage.de\/en\/#\/schema\/logo\/image\/"},"sameAs":["https:\/\/www.facebook.com\/editionassemblage","https:\/\/x.com\/assemblage_news","https:\/\/www.instagram.com\/edition_assemblage"]}]}},"_links":{"self":[{"href":"https:\/\/www.edition-assemblage.de\/en\/wp-json\/wp\/v2\/buch\/1593","targetHints":{"allow":["GET"]}}],"collection":[{"href":"https:\/\/www.edition-assemblage.de\/en\/wp-json\/wp\/v2\/buch"}],"about":[{"href":"https:\/\/www.edition-assemblage.de\/en\/wp-json\/wp\/v2\/types\/buch"}],"wp:attachment":[{"href":"https:\/\/www.edition-assemblage.de\/en\/wp-json\/wp\/v2\/media?parent=1593"}],"wp:term":[{"taxonomy":"schlagwort","embeddable":true,"href":"https:\/\/www.edition-assemblage.de\/en\/wp-json\/wp\/v2\/schlagwort?post=1593"}],"curies":[{"name":"wp","href":"https:\/\/api.w.org\/{rel}","templated":true}]}}